{"id":1027,"date":"2019-05-20T10:45:58","date_gmt":"2019-05-20T08:45:58","guid":{"rendered":"https:\/\/puycapel.fr\/?page_id=1027"},"modified":"2019-12-02T14:59:28","modified_gmt":"2019-12-02T13:59:28","slug":"comite-des-fetes-de-mourjou","status":"publish","type":"page","link":"https:\/\/puycapel.fr\/index.php\/comite-des-fetes-de-mourjou\/","title":{"rendered":"Comit\u00e9 des f\u00eates de Mourjou"},"content":{"rendered":"\n<p>Le bureau du comit\u00e9 des f\u00eates se compose de:<\/p>\n\n\n\n<p>Christian Charmes\/ Pr\u00e9sident et Julien Mol\u00e9nat\/ Vice-pr\u00e9sident<\/p>\n\n\n\n<p>Maud Fosset\/ Tr\u00e9sori\u00e8re et Fabien Puech\/ Tr\u00e9sorier adjoint<\/p>\n\n\n\n<p>Claire Causse\/ Secr\u00e9taire et Laetitia Gleyal\/ Secr\u00e9taire adjointe<\/p>\n\n\n\n<div class=\"wp-block-image\"><figure class=\"aligncenter is-resized\"><img loading=\"lazy\" decoding=\"async\" data-attachment-id=\"1028\" data-permalink=\"https:\/\/puycapel.fr\/index.php\/comite-des-fetes-de-mourjou\/comite\/\" data-orig-file=\"https:\/\/i0.wp.com\/puycapel.fr\/wp-content\/uploads\/2019\/05\/comite.jpg?fit=3264%2C2448&amp;ssl=1\" data-orig-size=\"3264,2448\" data-comments-opened=\"0\" data-image-meta=\"{&quot;aperture&quot;:&quot;2.2&quot;,&quot;credit&quot;:&quot;&quot;,&quot;camera&quot;:&quot;iPhone 6&quot;,&quot;caption&quot;:&quot;&quot;,&quot;created_timestamp&quot;:&quot;1544217311&quot;,&quot;copyright&quot;:&quot;&quot;,&quot;focal_length&quot;:&quot;4.15&quot;,&quot;iso&quot;:&quot;250&quot;,&quot;shutter_speed&quot;:&quot;0.05&quot;,&quot;title&quot;:&quot;&quot;,&quot;orientation&quot;:&quot;0&quot;}\" data-image-title=\"comite\" data-image-description=\"\" data-image-caption=\"\" data-large-file=\"https:\/\/i0.wp.com\/puycapel.fr\/wp-content\/uploads\/2019\/05\/comite.jpg?fit=1024%2C768&amp;ssl=1\" src=\"https:\/\/i2.wp.com\/puycapel.fr\/wp-content\/uploads\/2019\/05\/comite.jpg?fit=1024%2C768&amp;ssl=1\" alt=\"\" class=\"wp-image-1028\" width=\"396\" height=\"298\" srcset=\"https:\/\/i0.wp.com\/puycapel.fr\/wp-content\/uploads\/2019\/05\/comite.jpg?w=3264&amp;ssl=1 3264w, https:\/\/i0.wp.com\/puycapel.fr\/wp-content\/uploads\/2019\/05\/comite.jpg?resize=300%2C225&amp;ssl=1 300w, https:\/\/i0.wp.com\/puycapel.fr\/wp-content\/uploads\/2019\/05\/comite.jpg?resize=768%2C576&amp;ssl=1 768w, https:\/\/i0.wp.com\/puycapel.fr\/wp-content\/uploads\/2019\/05\/comite.jpg?resize=1024%2C768&amp;ssl=1 1024w, https:\/\/i0.wp.com\/puycapel.fr\/wp-content\/uploads\/2019\/05\/comite.jpg?resize=1320%2C990&amp;ssl=1 1320w, https:\/\/i0.wp.com\/puycapel.fr\/wp-content\/uploads\/2019\/05\/comite.jpg?w=2000&amp;ssl=1 2000w, https:\/\/i0.wp.com\/puycapel.fr\/wp-content\/uploads\/2019\/05\/comite.jpg?w=3000&amp;ssl=1 3000w\" sizes=\"auto, (max-width: 396px) 100vw, 396px\" \/><\/figure><\/div>\n\n\n\n<p class=\"has-text-align-center\">Le bureau et quelques membres -photo 2019-<\/p>\n\n\n\n<p>Son objectif est d&rsquo;animer le village. <\/p>\n\n\n\n<p>Le comit\u00e9 a propos\u00e9 une soir\u00e9e cabaret, en f\u00e9vrier avec plus de 200 personnes r\u00e9unies, organise la f\u00eate patronale de Mourjou, du moto-cross, un concours de belote.<\/p>\n\n\n\n<p>Les manifestations \u00e0 venir sont \u00e0 retrouver dans l&rsquo;agenda.<\/p>\n","protected":false},"excerpt":{"rendered":"<p>Le bureau du comit\u00e9 des f\u00eates se compose de: Christian Charmes\/ Pr\u00e9sident et Julien Mol\u00e9nat\/ Vice-pr\u00e9sident Maud Fosset\/ Tr\u00e9sori\u00e8re et Fabien Puech\/ Tr\u00e9sorier adjoint Claire Causse\/ Secr\u00e9taire et Laetitia Gleyal\/ Secr\u00e9taire adjointe Le bureau et quelques membres -photo 2019- Son objectif est d&rsquo;animer le village. Le comit\u00e9 a propos\u00e9 une soir\u00e9e cabaret, en f\u00e9vrier avec [&hellip;]<\/p>\n","protected":false},"author":2,"featured_media":0,"parent":0,"menu_order":0,"comment_status":"closed","ping_status":"closed","template":"","meta":{"_exactmetrics_skip_tracking":false,"_exactmetrics_sitenote_active":false,"_exactmetrics_sitenote_note":"","_exactmetrics_sitenote_category":0,"jetpack_post_was_ever_published":false,"footnotes":""},"class_list":["post-1027","page","type-page","status-publish","hentry"],"jetpack_sharing_enabled":true,"jetpack_shortlink":"https:\/\/wp.me\/PaADkW-gz","jetpack-related-posts":[{"id":235,"url":"https:\/\/puycapel.fr\/index.php\/accueil\/les-associations-de-puycapel\/comite-des-fetes-de-calvinet\/","url_meta":{"origin":1027,"position":0},"title":"Comit\u00e9 des f\u00eates de Calvinet","author":"Antoine Puech","date":"26 janvier 2019","format":false,"excerpt":"Le Comit\u00e9 des F\u00eates a tenu en octobre 2020, son assembl\u00e9e g\u00e9n\u00e9rale annuelle. \u00c0 cette occasion, le bureau a connu des modifications\u00a0: Pr\u00e9sidente\u00a0: Gonzales Lisa Vice Pr\u00e9sidente\u00a0: Felgines Alexandra Tr\u00e9sorier\u00a0: Albiol Louis Vice Tr\u00e9sorier\u00a0: Chabut Simon Secr\u00e9taire\u00a0: Gonzales Jade Vice Secr\u00e9taire\u00a0: Martory Ambre Pour cette ann\u00e9e 2021, le comit\u00e9 des\u2026","rel":"","context":"Article similaire","block_context":{"text":"Article similaire","link":""},"img":{"alt_text":"","src":"","width":0,"height":0},"classes":[]},{"id":231,"url":"https:\/\/puycapel.fr\/index.php\/accueil\/les-associations-de-puycapel\/comite-danimation-de-calvinet\/","url_meta":{"origin":1027,"position":1},"title":"Comit\u00e9 d&rsquo;animation de Calvinet","author":"Antoine Puech","date":"26 janvier 2019","format":false,"excerpt":"D\u00e9clar\u00e9e le\u00a0 28\/10\/2002 en Pr\u00e9fecture n\u00b0\u00a0:W151000836 Siege social\u00a0 mairie de CALVINET\u00a0 association r\u00e9gie par la loi de 1901 OBJET\u00a0 \/ Animations touristiques, organisation de f\u00eates et spectacles Principales activit\u00e9s\u00a0: *repas\u00a0\/vente choux farcis\u00a0 le 13 juillet \u00a0\u00a0\u00a0\u00a0\u00a0\u00a0\u00a0\u00a0\u00a0\u00a0\u00a0 \u00a0\u00a0\u00a0\u00a0\u00a0\u00a0\u00a0\u00a0\u00a0\u00a0\u00a0\u00a0\u00a0\u00a0\u00a0\u00a0\u00a0\u00a0\u00a0\u00a0\u00a0\u00a0\u00a0\u00a0\u00a0\u00a0\u00a0\u00a0\u00a0\u00a0\u00a0\u00a0\u00a0\u00a0 *pique nique g\u00e9ant le 14 \u00a0 Juillet\u00a0 terrain de foot \u00a0\u00a0\u00a0\u00a0\u00a0\u00a0\u00a0\u00a0\u00a0\u00a0\u00a0\u00a0\u00a0\u00a0\u00a0\u00a0\u00a0\u00a0\u00a0\u00a0\u00a0\u00a0\u00a0\u00a0\u00a0\u00a0\u00a0\u00a0\u00a0\u00a0\u00a0\u00a0\u00a0\u00a0\u00a0\u00a0\u00a0\u00a0\u00a0\u00a0\u00a0\u00a0\u00a0\u00a0\u00a0\u00a0 *d\u00e9cembre organisation\u2026","rel":"","context":"Article similaire","block_context":{"text":"Article similaire","link":""},"img":{"alt_text":"","src":"","width":0,"height":0},"classes":[]},{"id":250,"url":"https:\/\/puycapel.fr\/index.php\/accueil\/les-associations-de-puycapel\/le-tennis-club-de-la-chataigneraie\/","url_meta":{"origin":1027,"position":2},"title":"Le Tennis Club de la Ch\u00e2taigneraie","author":"Antoine Puech","date":"26 janvier 2019","format":false,"excerpt":"dispose en ext\u00e9rieur d'un court de tennis en quick. Il est situ\u00e9 dans un cadre agr\u00e9able de verdure pr\u00e8s du terrain de foot et du terrain de camping. Composition du bureau : Pr\u00e9sidente\u00a0: Danielle Lissac\u00a0; Vice-pr\u00e9sident : Edouard de Bonnafos Secr\u00e9taire\u00a0: Odile de Bonnafos\u00a0; Secr\u00e9taire adjoint\u00a0: Raymond Martory\u00a0; Tr\u00e9sori\u00e8re\u00a0: Aude\u2026","rel":"","context":"Article similaire","block_context":{"text":"Article similaire","link":""},"img":{"alt_text":"","src":"https:\/\/i0.wp.com\/puycapel.fr\/wp-content\/uploads\/2026\/03\/1000057755-1.jpg?resize=350%2C200&ssl=1","width":350,"height":200,"srcset":"https:\/\/i0.wp.com\/puycapel.fr\/wp-content\/uploads\/2026\/03\/1000057755-1.jpg?resize=350%2C200&ssl=1 1x, https:\/\/i0.wp.com\/puycapel.fr\/wp-content\/uploads\/2026\/03\/1000057755-1.jpg?resize=525%2C300&ssl=1 1.5x, https:\/\/i0.wp.com\/puycapel.fr\/wp-content\/uploads\/2026\/03\/1000057755-1.jpg?resize=700%2C400&ssl=1 2x, https:\/\/i0.wp.com\/puycapel.fr\/wp-content\/uploads\/2026\/03\/1000057755-1.jpg?resize=1050%2C600&ssl=1 3x, https:\/\/i0.wp.com\/puycapel.fr\/wp-content\/uploads\/2026\/03\/1000057755-1.jpg?resize=1400%2C800&ssl=1 4x"},"classes":[]},{"id":264,"url":"https:\/\/puycapel.fr\/index.php\/accueil\/les-associations-de-puycapel\/club-de-petanque\/","url_meta":{"origin":1027,"position":3},"title":"Club de p\u00e9tanque","author":"Antoine Puech","date":"26 janvier 2019","format":false,"excerpt":"Cr\u00e9\u00e9 le 12 mars 1960 au sein de l\u2019association CALVINET SPORTIF, le club de p\u00e9tanque s\u2019en est retir\u00e9 en 2011.\u00a0Il constitue d\u00e9sormais une association. La composition est la suivante\u00a0: Pr\u00e9sident\u00a0:\u00a0Louis GASTON Vice-Pr\u00e9sidents\u00a0:\u00a0Ren\u00e9 MAS et Gaston BOUQUIER Tr\u00e9sorier\u00a0:\u00a0Fran\u00e7ois GAILHAC Vice-Tr\u00e9sorier\u00a0:\u00a0 Donald VERBRUGGE Secr\u00e9taire\u00a0:\u00a0Lionel LACOSTE Secr\u00e9taire adjoint : Jean-Marc CELLIER Les membres\u2026","rel":"","context":"Article similaire","block_context":{"text":"Article similaire","link":""},"img":{"alt_text":"","src":"https:\/\/i0.wp.com\/puycapel.fr\/wp-content\/uploads\/2019\/03\/inauguration-p%C3%A9tanque-calvinet-puycapel-plaque.png?resize=350%2C200&ssl=1","width":350,"height":200},"classes":[]},{"id":206,"url":"https:\/\/puycapel.fr\/index.php\/accueil\/les-associations-de-puycapel\/association-des-parents-deleves\/","url_meta":{"origin":1027,"position":4},"title":"Association des parents d&rsquo;\u00e9l\u00e8ves","author":"Antoine Puech","date":"26 janvier 2019","format":false,"excerpt":"L\u2019association des parents d\u2019\u00e9l\u00e8ves concerne le R.P.I. Calvinet \/Mourjou\u00a0(qui\u00a0compte cinquante et un enfants scolaris\u00e9s). Notre principale action est d\u2019encourager et de soutenir financi\u00e8rement les projets de l\u2019\u00e9cole (sortie p\u00e9dagogique, regroupement sportif, mat\u00e9riel\u2026) mais aussi de permettre \u00e0 tous les enfants du regroupement de b\u00e9n\u00e9ficier d\u2019activit\u00e9s ludiques et de pouvoir\u00a0 r\u00e9aliser\u2026","rel":"","context":"Article similaire","block_context":{"text":"Article similaire","link":""},"img":{"alt_text":"","src":"","width":0,"height":0},"classes":[]},{"id":183,"url":"https:\/\/puycapel.fr\/index.php\/accueil\/les-associations-de-puycapel\/","url_meta":{"origin":1027,"position":5},"title":"Les Associations","author":"Antoine Puech","date":"26 janvier 2019","format":false,"excerpt":"Vivre en Ch\u00e2taigneraieAssociation du P\u00e9louClub des A\u00een\u00e9sUnion sportive du Haut-C\u00e9l\u00e9 (USHC)Association des parents d\u2019\u00e9l\u00e8vesChasse \/ ACCAADMR du Haut C\u00e9l\u00e9Les cailloux Br\u00fblantsLe Tennis Club de la Ch\u00e2taigneraieSerfouetteL\u2019Atelier de Marguelz\u00e9\u2019ARTSComit\u00e9 des f\u00eates de CalvinetLes Seniors de CalvinetComit\u00e9 d\u2019animation de CalvinetCalvinet PatrimoineClub de p\u00e9tanque","rel":"","context":"Article similaire","block_context":{"text":"Article similaire","link":""},"img":{"alt_text":"","src":"","width":0,"height":0},"classes":[]}],"_links":{"self":[{"href":"https:\/\/puycapel.fr\/index.php\/wp-json\/wp\/v2\/pages\/1027","targetHints":{"allow":["GET"]}}],"collection":[{"href":"https:\/\/puycapel.fr\/index.php\/wp-json\/wp\/v2\/pages"}],"about":[{"href":"https:\/\/puycapel.fr\/index.php\/wp-json\/wp\/v2\/types\/page"}],"author":[{"embeddable":true,"href":"https:\/\/puycapel.fr\/index.php\/wp-json\/wp\/v2\/users\/2"}],"replies":[{"embeddable":true,"href":"https:\/\/puycapel.fr\/index.php\/wp-json\/wp\/v2\/comments?post=1027"}],"version-history":[{"count":2,"href":"https:\/\/puycapel.fr\/index.php\/wp-json\/wp\/v2\/pages\/1027\/revisions"}],"predecessor-version":[{"id":1831,"href":"https:\/\/puycapel.fr\/index.php\/wp-json\/wp\/v2\/pages\/1027\/revisions\/1831"}],"wp:attachment":[{"href":"https:\/\/puycapel.fr\/index.php\/wp-json\/wp\/v2\/media?parent=1027"}],"curies":[{"name":"wp","href":"https:\/\/api.w.org\/{rel}","templated":true}]}}