{"id":1748,"date":"2019-11-24T09:42:27","date_gmt":"2019-11-24T08:42:27","guid":{"rendered":"https:\/\/puycapel.fr\/?page_id=1748"},"modified":"2019-11-24T09:42:28","modified_gmt":"2019-11-24T08:42:28","slug":"le-chateau-de-lamothe","status":"publish","type":"page","link":"https:\/\/puycapel.fr\/index.php\/le-chateau-de-lamothe\/","title":{"rendered":"Le ch\u00e2teau de Lamothe"},"content":{"rendered":"\n<div class=\"wp-block-image\"><figure class=\"aligncenter\"><a href=\"https:\/\/i0.wp.com\/www.calvinet.fr\/wp-content\/uploads\/2015\/04\/Lamothe-1.jpg\"><img data-recalc-dims=\"1\" height=\"205\" width=\"300\" decoding=\"async\" src=\"https:\/\/i0.wp.com\/www.calvinet.fr\/wp-content\/uploads\/2015\/04\/Lamothe-1-300x205.jpg?resize=300%2C205\" alt=\"Lamothe 1\" class=\"wp-image-194\"\/><\/a><\/figure><\/div>\n\n\n\n<p>Le ch\u00e2teau de Lamothe est situ\u00e9 sur la route d\u00e9partementale D66 qui relie Calvinet \u00e0 Cassaniouze, \u00e0 environ 2 km de Calvinet.<\/p>\n\n\n\n<p><strong>Description du ch\u00e2teau<\/strong><\/p>\n\n\n\n<p>Le ch\u00e2teau de Lamothe, inscrit \u00e0 l\u2019Inventaire Suppl\u00e9mentaire des Monuments Historiques pr\u00e9sente un ensemble particuli\u00e8rement remarquable par l\u2019utilisation des b\u00e2timents d\u2019exploitation pour en valeur un plan d\u2019ensemble caract\u00e9ristique du XVIII<sup>\u00e8me<\/sup>&nbsp;si\u00e8cle construit autour de l\u2019arriv\u00e9e vers l\u2019habitation principale.<\/p>\n\n\n\n<div class=\"wp-block-image\"><figure class=\"alignleft\"><a href=\"https:\/\/i0.wp.com\/www.calvinet.fr\/wp-content\/uploads\/2015\/04\/P1000995.jpg\"><img data-recalc-dims=\"1\" height=\"225\" width=\"300\" decoding=\"async\" src=\"https:\/\/i0.wp.com\/www.calvinet.fr\/wp-content\/uploads\/2015\/04\/P1000995-300x225.jpg?resize=300%2C225\" alt=\"P1000995\" class=\"wp-image-197\"\/><\/a><\/figure><\/div>\n\n\n\n<p>Le ch\u00e2teau est pr\u00e9c\u00e9d\u00e9 d\u2019une cour d\u00e9limit\u00e9e, \u00e0 gauche par la chapelle et l\u2019\u00e9curie des chevaux, et \u00e0 droite par un petit b\u00e2timent surmont\u00e9 d\u2019une horloge et l\u2019\u00e9table des vaches. La cour comporte, en son milieu, une \u00e9l\u00e9gante fontaine en pierre de Volvic qui servait autrefois d\u2019abreuvoir pour les chevaux et les vaches&nbsp;; la fontaine est aliment\u00e9e par trois cygnes en plomb qui crachent l\u2019eau dans une grande vasque circulaire.<\/p>\n\n\n\n<p>La perspective de l\u2019all\u00e9e qui monte de la cour vers la route est ferm\u00e9e par un beau grenier \u00e0 grains du XVII<sup>\u00e8me<\/sup>&nbsp;si\u00e8cle en arc de cercle&nbsp;;l\u2019all\u00e9e, en son sommet, est bord\u00e9e, d\u2019un c\u00f4t\u00e9, d\u2019un s\u00e9choir \u00e0 ch\u00e2taignes, et, de l\u2019autre c\u00f4t\u00e9, par l\u2019ancienne forge. Les granges dites des b\u0153ufs et des porcs compl\u00e8tent l\u2019ensemble en d\u00e9limitant deux grandes pelouses longeant&nbsp; l\u2019all\u00e9e.<\/p>\n\n\n\n<p>La maison de ferme, contigu\u00eb \u00e0 cet ensemble, est un charmant b\u00e2timent du XVIII<sup>\u00e8me<\/sup>&nbsp;si\u00e8cle.<\/p>\n\n\n\n<p>Les toits de tous ces b\u00e2timents, recouverts de lauzes et perc\u00e9s \u00e7\u00e0 et l\u00e0 de \u00ab&nbsp;fenestrous&nbsp;\u00bb, ajoutent une note rustique au hameau de Lamothe qui est pr\u00e9sent\u00e9 comme caract\u00e9ristique de l\u2019architecture de la Ch\u00e2taigneraie.<\/p>\n\n\n\n<div class=\"wp-block-image\"><figure class=\"alignright\"><a href=\"https:\/\/i0.wp.com\/www.calvinet.fr\/wp-content\/uploads\/2015\/04\/P1080064.jpg\"><img data-recalc-dims=\"1\" height=\"225\" width=\"300\" decoding=\"async\" src=\"https:\/\/i0.wp.com\/www.calvinet.fr\/wp-content\/uploads\/2015\/04\/P1080064-300x225.jpg?resize=300%2C225\" alt=\"P1080064\" class=\"wp-image-198\"\/><\/a><\/figure><\/div>\n\n\n\n<p>L\u2019Ouest du ch\u00e2teau, remani\u00e9 \u00e0 la fin du XIX<sup>\u00e8me<\/sup>&nbsp;si\u00e8cle, est beaucoup plus romantique: une tour et un cul de lampe ont \u00e9t\u00e9 ajout\u00e9s au b\u00e2timent originel et de nombreuses ouvertures n\u00e9ogothiques agr\u00e9mentent cette fa\u00e7ade ouverte sur une terrasse et des escaliers monumentaux qui permettent d\u2019atteindre deux pi\u00e8ces d\u2019eau bord\u00e9es de verdure.<\/p>\n\n\n\n<p>Les armes des Bonnafos (trois colonnes d\u2019or d\u2019ordre toscan sur fond d\u2019azur \u00e0 bordure de m\u00eame) encadr\u00e9es de deux lions ornent la fa\u00e7ade de l\u2019entr\u00e9e et accompagnent celles des Bellefond du c\u00f4t\u00e9 du couchant.<\/p>\n\n\n\n<div class=\"wp-block-image\"><figure class=\"aligncenter\"><a href=\"https:\/\/i0.wp.com\/www.calvinet.fr\/wp-content\/uploads\/2015\/04\/Lamothe-2005-026.jpg\"><img data-recalc-dims=\"1\" height=\"300\" width=\"225\" decoding=\"async\" src=\"https:\/\/i0.wp.com\/www.calvinet.fr\/wp-content\/uploads\/2015\/04\/Lamothe-2005-026-225x300.jpg?resize=225%2C300\" alt=\"Lamothe 2005 026\" class=\"wp-image-195\"\/><\/a><\/figure><\/div>\n\n\n\n<p><strong>L\u2019histoire du ch\u00e2teau de Lamothe<\/strong>.<\/p>\n\n\n\n<p>L\u2019origine du ch\u00e2teau de Lamothe n\u2019est pas aujourd\u2019hui connue. Les premiers documents o\u00f9 apparaissent Lamothe datent du XIV<sup>\u00e8me<\/sup>&nbsp;si\u00e8cle, p\u00e9riode de construction de certaines parties du ch\u00e2teau comme la tour du milieu coiff\u00e9e d\u2019un toit \u00e0 l\u2019imp\u00e9rial. Lamothe devait \u00eatre \u00e0 cette \u00e9poque une grosse maison qui n\u2019avait rien d\u2019un \u00e9difice militaire, r\u00f4le que Lamothe n\u2019a jamais eu \u00e0 jouer, le ch\u00e2teau de Calvinet, tout proche, remplissant cette fonction.<\/p>\n\n\n\n<p>Il a appartenu&nbsp; \u00e0 la famille de Roquefort qui l\u2019a transmis au XV<sup>\u00e8me<\/sup>&nbsp;si\u00e8cle, par mariage \u00e0 la famille de Gausserand. Enfin, la famille de Bonnafos arrive \u00e0 Lamothe, toujours par mariage, en 1713. Cette famille en est toujours propri\u00e9taire aujourd\u2019hui.<\/p>\n\n\n\n<p>Le ch\u00e2teau de Lamothe poss\u00e8de donc cette caract\u00e9ristique de n\u2019avoir jamais \u00e9t\u00e9 vendu et de toujours appartenir \u00e0 la m\u00eame famille, m\u00eame si le nom du propri\u00e9taire a chang\u00e9 trois fois, la transmission s\u2019\u00e9tant toujours r\u00e9alis\u00e9e \u00e0 la suite de mariage.<\/p>\n\n\n\n<p>N\u2019ayant pas eu de r\u00f4le militaire et la famille propri\u00e9taire n\u2019ayant jamais \u00e9t\u00e9 proche de la Cour Royale, le ch\u00e2teau de Lamothe n\u2019a pas \u00e9t\u00e9 le t\u00e9moin de grands faits de l\u2019histoire de France. Cependant, tous ces si\u00e8cles ne se sont pas pass\u00e9 sans risques et difficult\u00e9s que chaque g\u00e9n\u00e9ration s\u2019est employ\u00e9e \u00e0 surmonter pour faire vivre Lamothe et le transmettre \u00e0 ses successeurs.<\/p>\n\n\n\n<p>En particulier, en 1793, pendant la r\u00e9volution fran\u00e7aise, les Arpajonnais, c\u00e9l\u00e8bres par leurs pillages et leurs exc\u00e8s, se pr\u00e9sent\u00e8rent \u00e0 Lamothe apr\u00e8s avoir incendi\u00e9 les ch\u00e2teaux de S\u00e8nezergues et Labesserette. Joseph Timoth\u00e9e de Bonnafos, propri\u00e9taire \u00e0 cette \u00e9poque de Lamothe, revenait depuis peu de la guerre d\u2019ind\u00e9pendance d\u2019Am\u00e9rique o\u00f9 il avait combattu avec Lafayette&nbsp;; il avait m\u00eame perdu une jambe au cours d\u2019un combat. Il s\u2019avan\u00e7a vers les r\u00e9volutionnaires et leur proposa de boire \u00e0 la sant\u00e9 de la R\u00e9publique qu\u2019il venait de cr\u00e9er et de la R\u00e9publique qu\u2019ils \u00e9taient en train de cr\u00e9er. Les r\u00e9volutionnaires \u00e9pargn\u00e8rent ainsi Lamothe, m\u00eame si la tradition orale nous apprend que le contenu de la cave du ch\u00e2teau fut sacrifi\u00e9 \u00e0 cette occasion.<\/p>\n\n\n\n<p>Le ch\u00e2teau de Lamothe et ses d\u00e9pendances ont \u00e9t\u00e9 construits en plusieurs si\u00e8cles, chaque g\u00e9n\u00e9ration apportant son \u00e9volution. Il n\u2019y a donc pas de v\u00e9ritable unit\u00e9 dans la r\u00e9alisation mais, de cette diversit\u00e9 \u00ab&nbsp;ordonn\u00e9e&nbsp;\u00bb, se d\u00e9gage un charme et une int\u00e9gration dans le paysage de la Ch\u00e2taigneraie dont nous ne pouvons que remercier les artisans.<\/p>\n","protected":false},"excerpt":{"rendered":"<p>Le ch\u00e2teau de Lamothe est situ\u00e9 sur la route d\u00e9partementale D66 qui relie Calvinet \u00e0 Cassaniouze, \u00e0 environ 2 km de Calvinet. Description du ch\u00e2teau Le ch\u00e2teau de Lamothe, inscrit \u00e0 l\u2019Inventaire Suppl\u00e9mentaire des Monuments Historiques pr\u00e9sente un ensemble particuli\u00e8rement remarquable par l\u2019utilisation des b\u00e2timents d\u2019exploitation pour en valeur un plan d\u2019ensemble caract\u00e9ristique du XVIII\u00e8me&nbsp;si\u00e8cle [&hellip;]<\/p>\n","protected":false},"author":3,"featured_media":0,"parent":0,"menu_order":0,"comment_status":"closed","ping_status":"closed","template":"","meta":{"_exactmetrics_skip_tracking":false,"_exactmetrics_sitenote_active":false,"_exactmetrics_sitenote_note":"","_exactmetrics_sitenote_category":0,"jetpack_post_was_ever_published":false,"footnotes":""},"class_list":["post-1748","page","type-page","status-publish","hentry"],"jetpack_sharing_enabled":true,"jetpack_shortlink":"https:\/\/wp.me\/PaADkW-sc","jetpack-related-posts":[{"id":1754,"url":"https:\/\/puycapel.fr\/index.php\/calvinet-et-eustache-de-beaumarchais\/","url_meta":{"origin":1748,"position":0},"title":"Calvinet et Eustache de Beaumarchais","author":"Antoine Puech","date":"24 novembre 2019","format":false,"excerpt":"Extrait de la notice historique sur le canton de Montsalvy, r\u00e9dig\u00e9e par Gabriel ESQUER (1876-1961), archiviste du d\u00e9partement du Cantal entre 1903 et 1909, publi\u00e9e dans les \u00e9ditions successives de l\u2019annuaire de l\u2019Association amicale des originaires du canton de Montsalvy. Le pr\u00e9sent extrait est tir\u00e9 de l\u2019\u00e9dition de cet annuaire\u2026","rel":"","context":"Article similaire","block_context":{"text":"Article similaire","link":""},"img":{"alt_text":"","src":"","width":0,"height":0},"classes":[]},{"id":572,"url":"https:\/\/puycapel.fr\/index.php\/un-peu-dhistoire\/anviennes-photo\/","url_meta":{"origin":1748,"position":1},"title":"Anciennes photos","author":"Antoine Puech","date":"17 mars 2019","format":false,"excerpt":"Si vous souhaitez partager des photos anciennes de Calvinet et Mourjou, merci de nous les transmettre par email. Nous sommes \u00e9galement en mesure de les num\u00e9riser, dans ce cas, nous le ferons ensemble. MOURJOU","rel":"","context":"Article similaire","block_context":{"text":"Article similaire","link":""},"img":{"alt_text":"","src":"https:\/\/i0.wp.com\/puycapel.fr\/wp-content\/uploads\/2019\/03\/puycapel-calvinet-photo-ancienne-1.jpg?resize=350%2C200","width":350,"height":200,"srcset":"https:\/\/i0.wp.com\/puycapel.fr\/wp-content\/uploads\/2019\/03\/puycapel-calvinet-photo-ancienne-1.jpg?resize=350%2C200 1x, https:\/\/i0.wp.com\/puycapel.fr\/wp-content\/uploads\/2019\/03\/puycapel-calvinet-photo-ancienne-1.jpg?resize=525%2C300 1.5x, https:\/\/i0.wp.com\/puycapel.fr\/wp-content\/uploads\/2019\/03\/puycapel-calvinet-photo-ancienne-1.jpg?resize=700%2C400 2x, https:\/\/i0.wp.com\/puycapel.fr\/wp-content\/uploads\/2019\/03\/puycapel-calvinet-photo-ancienne-1.jpg?resize=1050%2C600 3x"},"classes":[]},{"id":1761,"url":"https:\/\/puycapel.fr\/index.php\/calvinet-au-moyen-age\/","url_meta":{"origin":1748,"position":2},"title":"Calvinet au moyen Age","author":"Antoine Puech","date":"24 novembre 2019","format":false,"excerpt":"La charte des habitants de Calvinet au Moyen Age Ci dessous, disponible en t\u00e9l\u00e9chargement, un expos\u00e9 de la \u00ab\u00a0Charte des habitants de calvinet\u00a0\u00bb qui a \u00e9t\u00e9 pr\u00e9sent\u00e9e\u00a0par Guy Ouillade le 7 Juillet 2017 \u00e0 la salle des f\u00eates de Calvinet. Calvinet-au-XIII-pr\u00e9sentation-imprimableT\u00e9l\u00e9charger Conf\u00e9rence sur Calvinet au Moyen Age Le support de\u2026","rel":"","context":"Article similaire","block_context":{"text":"Article similaire","link":""},"img":{"alt_text":"","src":"https:\/\/i0.wp.com\/www.calvinet.fr\/wp-content\/uploads\/2016\/10\/mail-Antoine-2-1-300x178.jpg?resize=350%2C200","width":350,"height":200},"classes":[]},{"id":235,"url":"https:\/\/puycapel.fr\/index.php\/accueil\/les-associations-de-puycapel\/comite-des-fetes-de-calvinet\/","url_meta":{"origin":1748,"position":3},"title":"Comit\u00e9 des f\u00eates de Calvinet","author":"Antoine Puech","date":"26 janvier 2019","format":false,"excerpt":"Le Comit\u00e9 des F\u00eates a tenu en octobre 2020, son assembl\u00e9e g\u00e9n\u00e9rale annuelle. \u00c0 cette occasion, le bureau a connu des modifications\u00a0: Pr\u00e9sidente\u00a0: Gonzales Lisa Vice Pr\u00e9sidente\u00a0: Felgines Alexandra Tr\u00e9sorier\u00a0: Albiol Louis Vice Tr\u00e9sorier\u00a0: Chabut Simon Secr\u00e9taire\u00a0: Gonzales Jade Vice Secr\u00e9taire\u00a0: Martory Ambre Pour cette ann\u00e9e 2021, le comit\u00e9 des\u2026","rel":"","context":"Article similaire","block_context":{"text":"Article similaire","link":""},"img":{"alt_text":"","src":"","width":0,"height":0},"classes":[]},{"id":1757,"url":"https:\/\/puycapel.fr\/index.php\/liens-avec-la-principaute-de-monaco\/","url_meta":{"origin":1748,"position":4},"title":"Liens avec la Principaut\u00e9 de Monaco","author":"Antoine Puech","date":"24 novembre 2019","format":false,"excerpt":"Les liens entre la Principaut\u00e9 de Monaco et la commune de Calvinet datent du XVII\u00e8me si\u00e8cle.Par le Trait\u00e9 de P\u00e9ronne du 14 septembre 1641, Honor\u00e9 II Grimaldi, Prince de Monaco, abandonne le protectorat de l\u2019Espagne pour se mettre sous la protection du roi de France Louis XIII, qui lui avait\u2026","rel":"","context":"Article similaire","block_context":{"text":"Article similaire","link":""},"img":{"alt_text":"","src":"","width":0,"height":0},"classes":[]},{"id":2370,"url":"https:\/\/puycapel.fr\/index.php\/location-de-vacances-a-puycapel\/","url_meta":{"origin":1748,"position":5},"title":"Locations de vacances \u00e0 Puycapel","author":"Antoine Puech","date":"7 avril 2020","format":false,"excerpt":"Chambres d'h\u00e9bergement: Auberge communale - Mourjou: 4 chambres d\u2019h\u00f4tes -dont 1 pour personnes \u00e0 mobilit\u00e9 r\u00e9duite et 1 familiale. Renseignements au 04 71 48 25 47 (https:\/\/www.facebook.com\/aubergedemourjou) G\u00eetes et meubl\u00e9s par ordre alphab\u00e9tique: trouvez dans ce tableau les liens email , sites web et t\u00e9l\u00e9phone lorsque disponibles Propri\u00e9taires - emailLocalisationSite\u2026","rel":"","context":"Article similaire","block_context":{"text":"Article similaire","link":""},"img":{"alt_text":"","src":"","width":0,"height":0},"classes":[]}],"_links":{"self":[{"href":"https:\/\/puycapel.fr\/index.php\/wp-json\/wp\/v2\/pages\/1748","targetHints":{"allow":["GET"]}}],"collection":[{"href":"https:\/\/puycapel.fr\/index.php\/wp-json\/wp\/v2\/pages"}],"about":[{"href":"https:\/\/puycapel.fr\/index.php\/wp-json\/wp\/v2\/types\/page"}],"author":[{"embeddable":true,"href":"https:\/\/puycapel.fr\/index.php\/wp-json\/wp\/v2\/users\/3"}],"replies":[{"embeddable":true,"href":"https:\/\/puycapel.fr\/index.php\/wp-json\/wp\/v2\/comments?post=1748"}],"version-history":[{"count":1,"href":"https:\/\/puycapel.fr\/index.php\/wp-json\/wp\/v2\/pages\/1748\/revisions"}],"predecessor-version":[{"id":1750,"href":"https:\/\/puycapel.fr\/index.php\/wp-json\/wp\/v2\/pages\/1748\/revisions\/1750"}],"wp:attachment":[{"href":"https:\/\/puycapel.fr\/index.php\/wp-json\/wp\/v2\/media?parent=1748"}],"curies":[{"name":"wp","href":"https:\/\/api.w.org\/{rel}","templated":true}]}}