{"id":1916,"date":"2020-01-13T14:23:13","date_gmt":"2020-01-13T13:23:13","guid":{"rendered":"https:\/\/puycapel.fr\/?page_id=1916"},"modified":"2025-11-12T10:08:55","modified_gmt":"2025-11-12T09:08:55","slug":"envie-dune-petite-balade","status":"publish","type":"page","link":"https:\/\/puycapel.fr\/index.php\/envie-dune-petite-balade\/","title":{"rendered":"Envie d&#39;une petite balade?"},"content":{"rendered":"\n<p>Plusieurs parcours sont possibles au d\u00e9part de Mourjou et de Calvinet.<\/p>\n\n\n\n<p>Le Conseil d\u00e9partemental a class\u00e9 en 2021 au Plan D\u00e9partemental des Itin\u00e9raires de Promenade et de Randonn\u00e9e (PDIPR), l&rsquo;itin\u00e9raire d\u00e9nomm\u00e9 \u00ab\u00a0Au coeur des ch\u00e2taigniers\u00a0\u00bb.<\/p>\n\n\n\n<p>Il traverse les communes de Puycapel, Cassaniouze et S\u00e9nezergues, et est long de trente-cinq kilom\u00e8tres (cat\u00e9gorie 1-VTT\/VTTAE). Le parcours est consultable sur le site internet de la commune. <a href=\"https:\/\/www.cirkwi.com\/fr\/circuit\/294276-circuit-vtt-au-coeur-des-chataigniers\" data-type=\"URL\" data-id=\"https:\/\/www.cirkwi.com\/fr\/circuit\/294276-circuit-vtt-au-coeur-des-chataigniers\">https:\/\/www.cirkwi.com\/fr\/circuit\/294276-circuit-vtt-au-coeur-des-chataigniers<\/a>.<\/p>\n\n\n\n<p>A pied ou en VTT, partez explorer Puycapel.<\/p>\n\n\n<div class=\"wp-block-image is-style-circle-mask\">\n<figure class=\"alignleft size-large is-resized\"><a href=\"https:\/\/i0.wp.com\/puycapel.fr\/wp-content\/uploads\/2020\/01\/sentier-mdcp1.jpg?ssl=1\"><img loading=\"lazy\" decoding=\"async\" width=\"1223\" height=\"866\" data-attachment-id=\"1928\" data-permalink=\"https:\/\/puycapel.fr\/index.php\/envie-dune-petite-balade\/sentier-mdcp1\/\" data-orig-file=\"https:\/\/i0.wp.com\/puycapel.fr\/wp-content\/uploads\/2020\/01\/sentier-mdcp1.jpg?fit=1223%2C866&amp;ssl=1\" data-orig-size=\"1223,866\" data-comments-opened=\"0\" data-image-meta=\"{&quot;aperture&quot;:&quot;0&quot;,&quot;credit&quot;:&quot;&quot;,&quot;camera&quot;:&quot;&quot;,&quot;caption&quot;:&quot;&quot;,&quot;created_timestamp&quot;:&quot;0&quot;,&quot;copyright&quot;:&quot;&quot;,&quot;focal_length&quot;:&quot;0&quot;,&quot;iso&quot;:&quot;0&quot;,&quot;shutter_speed&quot;:&quot;0&quot;,&quot;title&quot;:&quot;&quot;,&quot;orientation&quot;:&quot;0&quot;}\" data-image-title=\"sentier-mdcp1\" data-image-description=\"\" data-image-caption=\"\" data-large-file=\"https:\/\/i0.wp.com\/puycapel.fr\/wp-content\/uploads\/2020\/01\/sentier-mdcp1.jpg?fit=1024%2C725&amp;ssl=1\" src=\"https:\/\/i1.wp.com\/puycapel.fr\/wp-content\/uploads\/2020\/01\/sentier-mdcp1.jpg?fit=1024%2C725&amp;ssl=1\" alt=\"\" class=\"wp-image-1928\" style=\"width:250px;height:175px\" srcset=\"https:\/\/i0.wp.com\/puycapel.fr\/wp-content\/uploads\/2020\/01\/sentier-mdcp1.jpg?w=1223&amp;ssl=1 1223w, https:\/\/i0.wp.com\/puycapel.fr\/wp-content\/uploads\/2020\/01\/sentier-mdcp1.jpg?resize=300%2C212&amp;ssl=1 300w, https:\/\/i0.wp.com\/puycapel.fr\/wp-content\/uploads\/2020\/01\/sentier-mdcp1.jpg?resize=1024%2C725&amp;ssl=1 1024w, https:\/\/i0.wp.com\/puycapel.fr\/wp-content\/uploads\/2020\/01\/sentier-mdcp1.jpg?resize=768%2C544&amp;ssl=1 768w\" sizes=\"auto, (max-width: 1000px) 100vw, 1000px\" \/><\/a><figcaption class=\"wp-element-caption\"><em>Pr\u00e9sentation du sentier<\/em><\/figcaption><\/figure>\n<\/div>\n\n\n<p><strong>*Au d\u00e9part de Mourjou: <\/strong><\/p>\n\n\n\n<ul class=\"wp-block-list\">\n<li><em>Sentier \u00ab\u00a0les tr\u00e9sors du Haut-C\u00e9l\u00e9\u00a0\u00bb <\/em><\/li>\n<\/ul>\n\n\n\n<p>Partez \u00e0 la d\u00e9couverte des <strong>Tr\u00e9sors du Haut-C\u00e9l\u00e9<\/strong> au cours d\u2019une balade familiale ombrag\u00e9e, d\u2019une dur\u00e9e d\u20191h30 environ. D\u00e9part de la Maison de la Ch\u00e2taigne (parking place de la mairie). <strong><a href=\"https:\/\/puycapel.fr\/wp-content\/uploads\/2020\/01\/sentier-mdc.jpg\">T\u00e9l\u00e9charger le descriptif ici<\/a>.<\/strong><\/p>\n\n\n\n<ul class=\"wp-block-list\">\n<li> <em>Sentier \u00ab\u00a0Les ch\u00e2taigniers\u00a0\u00bb <\/em> <\/li>\n<\/ul>\n\n\n\n<p>Circuit p\u00e9destre de&nbsp;4.8 km.<br>Dur\u00e9e : 1h20.<br>D\u00e9nivel\u00e9 +: 90 m.<br>Balisage : bleu. (difficult\u00e9 facile)<\/p>\n\n\n\n<p><strong><a href=\"https:\/\/static.apidae-tourisme.com\/filestore\/objets-touristiques\/documents\/3\/87\/17389315\/PUYCAPEL+-+Les+chtaigniers+1.pdf\" data-type=\"link\" data-id=\"https:\/\/chataigneraie-cantal.com\/que-faire\/rando-pedestre-les-tresors-du-haut-cele\/\">T\u00e9l\u00e9charger le descriptif<\/a><\/strong><\/p>\n\n\n\n<p> <strong>*Au d\u00e9part de Calvinet:<\/strong>  <\/p>\n\n\n<div class=\"wp-block-image is-style-circle-mask\">\n<figure class=\"alignright is-resized\"><img loading=\"lazy\" decoding=\"async\" width=\"1920\" height=\"2560\" data-attachment-id=\"1944\" data-permalink=\"https:\/\/puycapel.fr\/index.php\/envie-dune-petite-balade\/p1250133\/\" data-orig-file=\"https:\/\/i0.wp.com\/puycapel.fr\/wp-content\/uploads\/2020\/01\/P1250133-scaled.jpg?fit=1920%2C2560&amp;ssl=1\" data-orig-size=\"1920,2560\" data-comments-opened=\"0\" data-image-meta=\"{&quot;aperture&quot;:&quot;5&quot;,&quot;credit&quot;:&quot;&quot;,&quot;camera&quot;:&quot;DMC-TZ60&quot;,&quot;caption&quot;:&quot;&quot;,&quot;created_timestamp&quot;:&quot;1540115568&quot;,&quot;copyright&quot;:&quot;&quot;,&quot;focal_length&quot;:&quot;17.5&quot;,&quot;iso&quot;:&quot;100&quot;,&quot;shutter_speed&quot;:&quot;0.0025&quot;,&quot;title&quot;:&quot;&quot;,&quot;orientation&quot;:&quot;0&quot;}\" data-image-title=\"P1250133\" data-image-description=\"\" data-image-caption=\"\" data-large-file=\"https:\/\/i0.wp.com\/puycapel.fr\/wp-content\/uploads\/2020\/01\/P1250133-scaled.jpg?fit=768%2C1024&amp;ssl=1\" src=\"https:\/\/i0.wp.com\/puycapel.fr\/wp-content\/uploads\/2020\/01\/P1250133-scaled.jpg?fit=768%2C1024&amp;ssl=1\" alt=\"\" class=\"wp-image-1944\" style=\"width:223px;height:297px\" srcset=\"https:\/\/i0.wp.com\/puycapel.fr\/wp-content\/uploads\/2020\/01\/P1250133-scaled.jpg?w=1920&amp;ssl=1 1920w, https:\/\/i0.wp.com\/puycapel.fr\/wp-content\/uploads\/2020\/01\/P1250133-scaled.jpg?resize=225%2C300&amp;ssl=1 225w, https:\/\/i0.wp.com\/puycapel.fr\/wp-content\/uploads\/2020\/01\/P1250133-scaled.jpg?resize=768%2C1024&amp;ssl=1 768w, https:\/\/i0.wp.com\/puycapel.fr\/wp-content\/uploads\/2020\/01\/P1250133-scaled.jpg?resize=1152%2C1536&amp;ssl=1 1152w, https:\/\/i0.wp.com\/puycapel.fr\/wp-content\/uploads\/2020\/01\/P1250133-scaled.jpg?resize=1536%2C2048&amp;ssl=1 1536w, https:\/\/i0.wp.com\/puycapel.fr\/wp-content\/uploads\/2020\/01\/P1250133-scaled.jpg?resize=1320%2C1760&amp;ssl=1 1320w\" sizes=\"auto, (max-width: 1000px) 100vw, 1000px\" \/><figcaption class=\"wp-element-caption\"><em>Point de vue depuis Puy Capel<\/em><\/figcaption><\/figure>\n<\/div>\n\n\n<ul class=\"wp-block-list\">\n<li> <em>Sentier des Puy<\/em>s<\/li>\n<\/ul>\n\n\n\n<p>Circuit p\u00e9destre de 12.1 km.<br>Dur\u00e9e : 3h15.<br>D\u00e9nivel\u00e9 + : 280 m.<br>Balisage : jaune. (difficult\u00e9 moyenne)<\/p>\n\n\n\n<p><a href=\"https:\/\/chataigneraie-cantal.com\/que-faire\/rando-pedestre-sentier-des-puys\/\"><strong>T\u00e9l\u00e9charger le descriptif<\/strong><\/a><\/p>\n\n\n\n<ul class=\"wp-block-list\">\n<li>  <em>Parcours VTT<\/em> &#8211; Calvinet-Cassaniouze &#8211; Mourjou<\/li>\n<\/ul>\n\n\n\n<p> Circuit VTT de 35 km<br>Dur\u00e9e : 3h30.<br>D\u00e9nivel\u00e9 + : 628 m.<br>Balisage : jaune. (difficult\u00e9 moyenne) <\/p>\n\n\n\n<p><strong><a href=\"https:\/\/static.apidae-tourisme.com\/filestore\/objets-touristiques\/documents\/255\/91\/17390591\/NEW+Au+coeur+des+Chtaigniers+1.pdf\">T\u00e9l\u00e9charger le descriptif<\/a><\/strong><\/p>\n\n\n\n<p>**************<\/p>\n\n\n\n<p>Site nature: <a rel=\"noreferrer noopener\" href=\"https:\/\/pierrecalvinet.wixsite.com\/nature\" target=\"_blank\">https:\/\/pierrecalvinet.wixsite.com\/nature<\/a><\/p>\n\n\n\n<p>*************<\/p>\n\n\n\n<p><strong>*Balade avec les \u00e2nes \u00ab\u00a0Aux bergers d&rsquo;Espradel\u00a0\u00bb (ouvert du mois d&rsquo;avril \u00e0 la fin novembre):<\/strong><\/p>\n\n\n\n<p>D\u00e9couvrez les sentiers cantaliens en escargoline. Ici ou ailleurs en altitude, nombreux itin\u00e9raires propos\u00e9s sur la journ\u00e9e ou 1\/2 journ\u00e9e. Renseignements : 06 59 87 00 28, courriel <a href=\"mailto:auxbergersdespradel@gmail.com\">auxbergersdespradel@gmail.com<\/a>, site internet <a href=\"http:\/\/auxbergersdespradel.wixsite.com\">auxbergersdespradel.wixsite.com<\/a><\/p>\n\n\n\n<p><\/p>\n\n\n\n<p><br><\/p>\n\n\n\n<p><\/p>\n\n\n\n<p><\/p>\n","protected":false},"excerpt":{"rendered":"<p>Plusieurs parcours sont possibles au d\u00e9part de Mourjou et de Calvinet. Le Conseil d\u00e9partemental a class\u00e9 en 2021 au Plan D\u00e9partemental des Itin\u00e9raires de Promenade et de Randonn\u00e9e (PDIPR), l&rsquo;itin\u00e9raire d\u00e9nomm\u00e9 \u00ab\u00a0Au coeur des ch\u00e2taigniers\u00a0\u00bb. Il traverse les communes de Puycapel, Cassaniouze et S\u00e9nezergues, et est long de trente-cinq kilom\u00e8tres (cat\u00e9gorie 1-VTT\/VTTAE). Le parcours est [&hellip;]<\/p>\n","protected":false},"author":2,"featured_media":0,"parent":0,"menu_order":0,"comment_status":"closed","ping_status":"closed","template":"","meta":{"_exactmetrics_skip_tracking":false,"_exactmetrics_sitenote_active":false,"_exactmetrics_sitenote_note":"","_exactmetrics_sitenote_category":0,"jetpack_post_was_ever_published":false,"footnotes":""},"class_list":["post-1916","page","type-page","status-publish","hentry"],"jetpack_sharing_enabled":true,"jetpack_shortlink":"https:\/\/wp.me\/PaADkW-uU","jetpack-related-posts":[{"id":541,"url":"https:\/\/puycapel.fr\/index.php\/un-peu-dhistoire\/lhistoire-de-la-croix\/","url_meta":{"origin":1916,"position":0},"title":"L\u2019Histoire de la croix","author":"Antoine Puech","date":"17 mars 2019","format":false,"excerpt":"LE REMPLACEMENT DE LA CROIX SURPLOMBANT LA FONTAINE DU FOIRAIL, PAR UNE STATUE DE LA LIBERTE ECLAIRANT LE MONDE Ce fait de l\u2019histoire du village s\u2019explique en partie par le contexte politique de la France du d\u00e9but du vingti\u00e8me si\u00e8cle. En 1908, le Pr\u00e9sident de la R\u00e9publique est Armand Falli\u00e8res,\u2026","rel":"","context":"Article similaire","block_context":{"text":"Article similaire","link":""},"img":{"alt_text":"","src":"","width":0,"height":0},"classes":[]},{"id":1073,"url":"https:\/\/puycapel.fr\/index.php\/site-remarquable-du-gout-mourjou-chataigneraie-cantalienne\/","url_meta":{"origin":1916,"position":1},"title":"Site remarquable du go\u00fbt  Mourjou, Ch\u00e2taigneraie cantalienne","author":"Mairie Puycapel","date":"23 mai 2019","format":false,"excerpt":"La Ch\u00e2taigneraie cantalienne a rejoint fin 2018 les 70 sites fran\u00e7ais qui b\u00e9n\u00e9ficient du label \u00ab\u00a0Site remarquable du go\u00fbt\u00a0\u00bb, cr\u00e9\u00e9 en 1995 par les minist\u00e8res de la Culture, du Tourisme, de l\u2019Environnement et de l\u2019agriculture. C\u2019est \u00e9videmment pour son produit embl\u00e9matique qu\u2019est la ch\u00e2taigne que notre pays castanhaire a \u00e9t\u00e9\u2026","rel":"","context":"Article similaire","block_context":{"text":"Article similaire","link":""},"img":{"alt_text":"","src":"https:\/\/i0.wp.com\/puycapel.fr\/wp-content\/uploads\/2019\/05\/LABELOCTOBRE-1.jpg?resize=350%2C200&ssl=1","width":350,"height":200,"srcset":"https:\/\/i0.wp.com\/puycapel.fr\/wp-content\/uploads\/2019\/05\/LABELOCTOBRE-1.jpg?resize=350%2C200&ssl=1 1x, https:\/\/i0.wp.com\/puycapel.fr\/wp-content\/uploads\/2019\/05\/LABELOCTOBRE-1.jpg?resize=525%2C300&ssl=1 1.5x, https:\/\/i0.wp.com\/puycapel.fr\/wp-content\/uploads\/2019\/05\/LABELOCTOBRE-1.jpg?resize=700%2C400&ssl=1 2x, https:\/\/i0.wp.com\/puycapel.fr\/wp-content\/uploads\/2019\/05\/LABELOCTOBRE-1.jpg?resize=1050%2C600&ssl=1 3x, https:\/\/i0.wp.com\/puycapel.fr\/wp-content\/uploads\/2019\/05\/LABELOCTOBRE-1.jpg?resize=1400%2C800&ssl=1 4x"},"classes":[]},{"id":806,"url":"https:\/\/puycapel.fr\/index.php\/infos-pour-la-feuille-de-chataigner\/","url_meta":{"origin":1916,"position":2},"title":"Infos pour la feuille de Ch\u00e2taignier","author":"Antoine Puech","date":"9 avril 2019","format":false,"excerpt":"","rel":"","context":"Article similaire","block_context":{"text":"Article similaire","link":""},"img":{"alt_text":"","src":"","width":0,"height":0},"classes":[]},{"id":178,"url":"https:\/\/puycapel.fr\/index.php\/accueil\/les-associations-de-puycapel\/union-sportive-du-haut-cele-ushc\/","url_meta":{"origin":1916,"position":3},"title":"Union sportive du Haut-C\u00e9l\u00e9 (USHC)","author":"Antoine Puech","date":"26 janvier 2019","format":false,"excerpt":"CALENDRIER (octobre\/novembre 25) --------------------------- Ce club a vu le jour lors de la saison 2013\/2014. Il est n\u00e9 de la fusion de l\u2019entente Mourjou\/ Cassaniouze et de Calvinet sportif. L\u2019\u00e9quipe 1\u00e8re entrain\u00e9e par Jean MAFFRE, \u00e9volue toujours cette ann\u00e9e en promotion d\u00e9partemental (poule A)\u00a0 et l\u2019\u00e9quipe r\u00e9serve en division 2\u2026","rel":"","context":"Article similaire","block_context":{"text":"Article similaire","link":""},"img":{"alt_text":"","src":"https:\/\/i0.wp.com\/puycapel.fr\/wp-content\/uploads\/2019\/01\/photo-equipe-2018-2019.jpg?resize=350%2C200&ssl=1","width":350,"height":200,"srcset":"https:\/\/i0.wp.com\/puycapel.fr\/wp-content\/uploads\/2019\/01\/photo-equipe-2018-2019.jpg?resize=350%2C200&ssl=1 1x, https:\/\/i0.wp.com\/puycapel.fr\/wp-content\/uploads\/2019\/01\/photo-equipe-2018-2019.jpg?resize=525%2C300&ssl=1 1.5x"},"classes":[]},{"id":696,"url":"https:\/\/puycapel.fr\/index.php\/la-maison-de-la-chataigne\/","url_meta":{"origin":1916,"position":4},"title":"La Maison de la ch\u00e2taigne","author":"Mairie Puycapel","date":"18 mars 2019","format":false,"excerpt":"La Maison de la\u00a0Ch\u00e2taigne MOURJOU T\u00e9l\u00e9phone: 04.71.49.98.00 email: maisondelachataigne@gmail.com www.maisondelachataigne.com Facebook.com\/maisondela.chataigne Pr\u00e9sentation de la maison de la ch\u00e2taigne D\u00e9couvrez dans cet espace de d\u00e9couverte ludique l\u2019histoire du ch\u00e2taignier et de la r\u00e9gion qui porte son nom : la Ch\u00e2taigneraie. Entrez dans un monde couleur ch\u00e2taigne, bourr\u00e9 d\u2019images et de sons,\u2026","rel":"","context":"Article similaire","block_context":{"text":"Article similaire","link":""},"img":{"alt_text":"","src":"https:\/\/i0.wp.com\/puycapel.fr\/wp-content\/uploads\/2019\/03\/2017-08-03-20.17.30.jpg?resize=350%2C200","width":350,"height":200,"srcset":"https:\/\/i0.wp.com\/puycapel.fr\/wp-content\/uploads\/2019\/03\/2017-08-03-20.17.30.jpg?resize=350%2C200 1x, https:\/\/i0.wp.com\/puycapel.fr\/wp-content\/uploads\/2019\/03\/2017-08-03-20.17.30.jpg?resize=525%2C300 1.5x, https:\/\/i0.wp.com\/puycapel.fr\/wp-content\/uploads\/2019\/03\/2017-08-03-20.17.30.jpg?resize=700%2C400 2x, https:\/\/i0.wp.com\/puycapel.fr\/wp-content\/uploads\/2019\/03\/2017-08-03-20.17.30.jpg?resize=1050%2C600 3x, https:\/\/i0.wp.com\/puycapel.fr\/wp-content\/uploads\/2019\/03\/2017-08-03-20.17.30.jpg?resize=1400%2C800 4x"},"classes":[]},{"id":185,"url":"https:\/\/puycapel.fr\/index.php\/accueil\/les-associations-de-puycapel\/association-du-pelou\/","url_meta":{"origin":1916,"position":5},"title":"Association du P\u00e9lou","author":"Antoine Puech","date":"26 janvier 2019","format":false,"excerpt":"L\u2019association du P\u00e9lou a vu le jour en 1995 pour prendre en charge l\u2019organisation de la Foire de la ch\u00e2taigne de Mourjou, cr\u00e9\u00e9e en 1989 et organis\u00e9e jusque l\u00e0 par le comit\u00e9 des f\u00eates de Mourjou. Elle mobilise chaque ann\u00e9e plus de 200 b\u00e9n\u00e9voles pour l\u2019organisation, l\u2019avant dernier week-end d\u2019octobre,\u2026","rel":"","context":"Article similaire","block_context":{"text":"Article similaire","link":""},"img":{"alt_text":"","src":"https:\/\/i0.wp.com\/puycapel.fr\/wp-content\/uploads\/2019\/01\/pelou3.jpg?resize=350%2C200","width":350,"height":200,"srcset":"https:\/\/i0.wp.com\/puycapel.fr\/wp-content\/uploads\/2019\/01\/pelou3.jpg?resize=350%2C200 1x, https:\/\/i0.wp.com\/puycapel.fr\/wp-content\/uploads\/2019\/01\/pelou3.jpg?resize=525%2C300 1.5x, https:\/\/i0.wp.com\/puycapel.fr\/wp-content\/uploads\/2019\/01\/pelou3.jpg?resize=700%2C400 2x, https:\/\/i0.wp.com\/puycapel.fr\/wp-content\/uploads\/2019\/01\/pelou3.jpg?resize=1050%2C600 3x"},"classes":[]}],"_links":{"self":[{"href":"https:\/\/puycapel.fr\/index.php\/wp-json\/wp\/v2\/pages\/1916","targetHints":{"allow":["GET"]}}],"collection":[{"href":"https:\/\/puycapel.fr\/index.php\/wp-json\/wp\/v2\/pages"}],"about":[{"href":"https:\/\/puycapel.fr\/index.php\/wp-json\/wp\/v2\/types\/page"}],"author":[{"embeddable":true,"href":"https:\/\/puycapel.fr\/index.php\/wp-json\/wp\/v2\/users\/2"}],"replies":[{"embeddable":true,"href":"https:\/\/puycapel.fr\/index.php\/wp-json\/wp\/v2\/comments?post=1916"}],"version-history":[{"count":33,"href":"https:\/\/puycapel.fr\/index.php\/wp-json\/wp\/v2\/pages\/1916\/revisions"}],"predecessor-version":[{"id":10534,"href":"https:\/\/puycapel.fr\/index.php\/wp-json\/wp\/v2\/pages\/1916\/revisions\/10534"}],"wp:attachment":[{"href":"https:\/\/puycapel.fr\/index.php\/wp-json\/wp\/v2\/media?parent=1916"}],"curies":[{"name":"wp","href":"https:\/\/api.w.org\/{rel}","templated":true}]}}