{"id":572,"date":"2019-03-17T15:46:52","date_gmt":"2019-03-17T14:46:52","guid":{"rendered":"https:\/\/puycapel.fr\/?page_id=572"},"modified":"2020-09-04T11:18:57","modified_gmt":"2020-09-04T09:18:57","slug":"anviennes-photo","status":"publish","type":"page","link":"https:\/\/puycapel.fr\/index.php\/un-peu-dhistoire\/anviennes-photo\/","title":{"rendered":"Anciennes photos"},"content":{"rendered":"\n<p class=\"has-text-align-center\"> Si vous souhaitez partager des photos anciennes de Calvinet et Mourjou, merci de nous les transmettre par email. Nous sommes \u00e9galement en mesure de les num\u00e9riser, dans ce cas, nous le ferons ensemble. <\/p>\n\n\n\n<figure class=\"wp-block-gallery columns-3 is-cropped wp-block-gallery-2 is-layout-flex wp-block-gallery-is-layout-flex\"><ul class=\"blocks-gallery-grid\"><li class=\"blocks-gallery-item\"><figure><img loading=\"lazy\" decoding=\"async\" width=\"1328\" height=\"2048\" data-attachment-id=\"573\" data-permalink=\"https:\/\/puycapel.fr\/index.php\/un-peu-dhistoire\/anviennes-photo\/puycapel-calvinet-photo-ancienne-1\/\" data-orig-file=\"https:\/\/i0.wp.com\/puycapel.fr\/wp-content\/uploads\/2019\/03\/puycapel-calvinet-photo-ancienne-1.jpg?fit=1328%2C2048&amp;ssl=1\" data-orig-size=\"1328,2048\" data-comments-opened=\"0\" data-image-meta=\"{&quot;aperture&quot;:&quot;0&quot;,&quot;credit&quot;:&quot;&quot;,&quot;camera&quot;:&quot;&quot;,&quot;caption&quot;:&quot;&quot;,&quot;created_timestamp&quot;:&quot;0&quot;,&quot;copyright&quot;:&quot;&quot;,&quot;focal_length&quot;:&quot;0&quot;,&quot;iso&quot;:&quot;0&quot;,&quot;shutter_speed&quot;:&quot;0&quot;,&quot;title&quot;:&quot;&quot;,&quot;orientation&quot;:&quot;0&quot;}\" data-image-title=\"puycapel-calvinet-photo-ancienne-1\" data-image-description=\"\" data-image-caption=\"\" data-large-file=\"https:\/\/i0.wp.com\/puycapel.fr\/wp-content\/uploads\/2019\/03\/puycapel-calvinet-photo-ancienne-1.jpg?fit=664%2C1024&amp;ssl=1\" src=\"https:\/\/i2.wp.com\/puycapel.fr\/wp-content\/uploads\/2019\/03\/puycapel-calvinet-photo-ancienne-1.jpg?fit=664%2C1024&amp;ssl=1\" alt=\"\" data-id=\"573\" data-link=\"https:\/\/puycapel.fr\/?attachment_id=573\" class=\"wp-image-573\" srcset=\"https:\/\/i0.wp.com\/puycapel.fr\/wp-content\/uploads\/2019\/03\/puycapel-calvinet-photo-ancienne-1.jpg?w=1328&amp;ssl=1 1328w, https:\/\/i0.wp.com\/puycapel.fr\/wp-content\/uploads\/2019\/03\/puycapel-calvinet-photo-ancienne-1.jpg?resize=195%2C300&amp;ssl=1 195w, https:\/\/i0.wp.com\/puycapel.fr\/wp-content\/uploads\/2019\/03\/puycapel-calvinet-photo-ancienne-1.jpg?resize=768%2C1184&amp;ssl=1 768w, https:\/\/i0.wp.com\/puycapel.fr\/wp-content\/uploads\/2019\/03\/puycapel-calvinet-photo-ancienne-1.jpg?resize=664%2C1024&amp;ssl=1 664w, https:\/\/i0.wp.com\/puycapel.fr\/wp-content\/uploads\/2019\/03\/puycapel-calvinet-photo-ancienne-1.jpg?resize=1320%2C2036&amp;ssl=1 1320w\" sizes=\"auto, (max-width: 1000px) 100vw, 1000px\" \/><\/figure><\/li><li class=\"blocks-gallery-item\"><figure><img loading=\"lazy\" decoding=\"async\" width=\"1024\" height=\"647\" data-attachment-id=\"574\" data-permalink=\"https:\/\/puycapel.fr\/index.php\/un-peu-dhistoire\/anviennes-photo\/puycapel-calvinet-photo-ancienne-2\/\" data-orig-file=\"https:\/\/i0.wp.com\/puycapel.fr\/wp-content\/uploads\/2019\/03\/puycapel-calvinet-photo-ancienne-2.jpg?fit=1024%2C647&amp;ssl=1\" data-orig-size=\"1024,647\" data-comments-opened=\"0\" data-image-meta=\"{&quot;aperture&quot;:&quot;0&quot;,&quot;credit&quot;:&quot;&quot;,&quot;camera&quot;:&quot;&quot;,&quot;caption&quot;:&quot;&quot;,&quot;created_timestamp&quot;:&quot;0&quot;,&quot;copyright&quot;:&quot;&quot;,&quot;focal_length&quot;:&quot;0&quot;,&quot;iso&quot;:&quot;0&quot;,&quot;shutter_speed&quot;:&quot;0&quot;,&quot;title&quot;:&quot;&quot;,&quot;orientation&quot;:&quot;1&quot;}\" data-image-title=\"puycapel-calvinet-photo-ancienne-2\" data-image-description=\"\" data-image-caption=\"\" data-large-file=\"https:\/\/i0.wp.com\/puycapel.fr\/wp-content\/uploads\/2019\/03\/puycapel-calvinet-photo-ancienne-2.jpg?fit=1024%2C647&amp;ssl=1\" src=\"https:\/\/i1.wp.com\/puycapel.fr\/wp-content\/uploads\/2019\/03\/puycapel-calvinet-photo-ancienne-2.jpg?fit=700%2C442&amp;ssl=1\" alt=\"\" data-id=\"574\" data-link=\"https:\/\/puycapel.fr\/?attachment_id=574\" class=\"wp-image-574\" srcset=\"https:\/\/i0.wp.com\/puycapel.fr\/wp-content\/uploads\/2019\/03\/puycapel-calvinet-photo-ancienne-2.jpg?w=1024&amp;ssl=1 1024w, https:\/\/i0.wp.com\/puycapel.fr\/wp-content\/uploads\/2019\/03\/puycapel-calvinet-photo-ancienne-2.jpg?resize=300%2C190&amp;ssl=1 300w, https:\/\/i0.wp.com\/puycapel.fr\/wp-content\/uploads\/2019\/03\/puycapel-calvinet-photo-ancienne-2.jpg?resize=768%2C485&amp;ssl=1 768w\" sizes=\"auto, (max-width: 1000px) 100vw, 1000px\" \/><\/figure><\/li><li class=\"blocks-gallery-item\"><figure><img loading=\"lazy\" decoding=\"async\" width=\"1024\" height=\"666\" data-attachment-id=\"575\" data-permalink=\"https:\/\/puycapel.fr\/index.php\/un-peu-dhistoire\/anviennes-photo\/puycapel-calvinet-photo-ancienne-3\/\" data-orig-file=\"https:\/\/i0.wp.com\/puycapel.fr\/wp-content\/uploads\/2019\/03\/puycapel-calvinet-photo-ancienne-3.jpg?fit=1024%2C666&amp;ssl=1\" data-orig-size=\"1024,666\" data-comments-opened=\"0\" data-image-meta=\"{&quot;aperture&quot;:&quot;0&quot;,&quot;credit&quot;:&quot;&quot;,&quot;camera&quot;:&quot;&quot;,&quot;caption&quot;:&quot;&quot;,&quot;created_timestamp&quot;:&quot;0&quot;,&quot;copyright&quot;:&quot;&quot;,&quot;focal_length&quot;:&quot;0&quot;,&quot;iso&quot;:&quot;0&quot;,&quot;shutter_speed&quot;:&quot;0&quot;,&quot;title&quot;:&quot;&quot;,&quot;orientation&quot;:&quot;1&quot;}\" data-image-title=\"puycapel-calvinet-photo-ancienne-3\" data-image-description=\"\" data-image-caption=\"\" data-large-file=\"https:\/\/i0.wp.com\/puycapel.fr\/wp-content\/uploads\/2019\/03\/puycapel-calvinet-photo-ancienne-3.jpg?fit=1024%2C666&amp;ssl=1\" src=\"https:\/\/i2.wp.com\/puycapel.fr\/wp-content\/uploads\/2019\/03\/puycapel-calvinet-photo-ancienne-3.jpg?fit=700%2C455&amp;ssl=1\" alt=\"\" data-id=\"575\" data-link=\"https:\/\/puycapel.fr\/?attachment_id=575\" class=\"wp-image-575\" srcset=\"https:\/\/i0.wp.com\/puycapel.fr\/wp-content\/uploads\/2019\/03\/puycapel-calvinet-photo-ancienne-3.jpg?w=1024&amp;ssl=1 1024w, https:\/\/i0.wp.com\/puycapel.fr\/wp-content\/uploads\/2019\/03\/puycapel-calvinet-photo-ancienne-3.jpg?resize=300%2C195&amp;ssl=1 300w, https:\/\/i0.wp.com\/puycapel.fr\/wp-content\/uploads\/2019\/03\/puycapel-calvinet-photo-ancienne-3.jpg?resize=768%2C500&amp;ssl=1 768w\" sizes=\"auto, (max-width: 1000px) 100vw, 1000px\" \/><\/figure><\/li><li class=\"blocks-gallery-item\"><figure><img data-recalc-dims=\"1\" loading=\"lazy\" decoding=\"async\" width=\"702\" height=\"486\" data-attachment-id=\"576\" data-permalink=\"https:\/\/puycapel.fr\/index.php\/un-peu-dhistoire\/anviennes-photo\/puycapel-calvinet-photo-ancienne-4\/\" data-orig-file=\"https:\/\/i0.wp.com\/puycapel.fr\/wp-content\/uploads\/2019\/03\/puycapel-calvinet-photo-ancienne-4.jpg?fit=702%2C486&amp;ssl=1\" data-orig-size=\"702,486\" data-comments-opened=\"0\" data-image-meta=\"{&quot;aperture&quot;:&quot;0&quot;,&quot;credit&quot;:&quot;&quot;,&quot;camera&quot;:&quot;&quot;,&quot;caption&quot;:&quot;&quot;,&quot;created_timestamp&quot;:&quot;0&quot;,&quot;copyright&quot;:&quot;&quot;,&quot;focal_length&quot;:&quot;0&quot;,&quot;iso&quot;:&quot;0&quot;,&quot;shutter_speed&quot;:&quot;0&quot;,&quot;title&quot;:&quot;&quot;,&quot;orientation&quot;:&quot;0&quot;}\" data-image-title=\"puycapel-calvinet-photo-ancienne-4\" data-image-description=\"\" data-image-caption=\"\" data-large-file=\"https:\/\/i0.wp.com\/puycapel.fr\/wp-content\/uploads\/2019\/03\/puycapel-calvinet-photo-ancienne-4.jpg?fit=702%2C486&amp;ssl=1\" src=\"https:\/\/i0.wp.com\/puycapel.fr\/wp-content\/uploads\/2019\/03\/puycapel-calvinet-photo-ancienne-4.jpg?resize=702%2C486&#038;ssl=1\" alt=\"\" data-id=\"576\" data-link=\"https:\/\/puycapel.fr\/?attachment_id=576\" class=\"wp-image-576\" srcset=\"https:\/\/i0.wp.com\/puycapel.fr\/wp-content\/uploads\/2019\/03\/puycapel-calvinet-photo-ancienne-4.jpg?w=702&amp;ssl=1 702w, https:\/\/i0.wp.com\/puycapel.fr\/wp-content\/uploads\/2019\/03\/puycapel-calvinet-photo-ancienne-4.jpg?resize=300%2C208&amp;ssl=1 300w\" sizes=\"auto, (max-width: 702px) 100vw, 702px\" \/><\/figure><\/li><li class=\"blocks-gallery-item\"><figure><img loading=\"lazy\" decoding=\"async\" width=\"2048\" height=\"1323\" data-attachment-id=\"577\" data-permalink=\"https:\/\/puycapel.fr\/index.php\/un-peu-dhistoire\/anviennes-photo\/puycapel-calvinet-photo-ancienne-5\/\" data-orig-file=\"https:\/\/i0.wp.com\/puycapel.fr\/wp-content\/uploads\/2019\/03\/puycapel-calvinet-photo-ancienne-5.jpg?fit=2048%2C1323&amp;ssl=1\" data-orig-size=\"2048,1323\" data-comments-opened=\"0\" data-image-meta=\"{&quot;aperture&quot;:&quot;0&quot;,&quot;credit&quot;:&quot;&quot;,&quot;camera&quot;:&quot;&quot;,&quot;caption&quot;:&quot;&quot;,&quot;created_timestamp&quot;:&quot;0&quot;,&quot;copyright&quot;:&quot;&quot;,&quot;focal_length&quot;:&quot;0&quot;,&quot;iso&quot;:&quot;0&quot;,&quot;shutter_speed&quot;:&quot;0&quot;,&quot;title&quot;:&quot;&quot;,&quot;orientation&quot;:&quot;1&quot;}\" data-image-title=\"puycapel-calvinet-photo-ancienne-5\" data-image-description=\"\" data-image-caption=\"\" data-large-file=\"https:\/\/i0.wp.com\/puycapel.fr\/wp-content\/uploads\/2019\/03\/puycapel-calvinet-photo-ancienne-5.jpg?fit=1024%2C662&amp;ssl=1\" src=\"https:\/\/i1.wp.com\/puycapel.fr\/wp-content\/uploads\/2019\/03\/puycapel-calvinet-photo-ancienne-5.jpg?fit=700%2C453&amp;ssl=1\" alt=\"\" data-id=\"577\" data-link=\"https:\/\/puycapel.fr\/?attachment_id=577\" class=\"wp-image-577\" srcset=\"https:\/\/i0.wp.com\/puycapel.fr\/wp-content\/uploads\/2019\/03\/puycapel-calvinet-photo-ancienne-5.jpg?w=2048&amp;ssl=1 2048w, https:\/\/i0.wp.com\/puycapel.fr\/wp-content\/uploads\/2019\/03\/puycapel-calvinet-photo-ancienne-5.jpg?resize=300%2C194&amp;ssl=1 300w, https:\/\/i0.wp.com\/puycapel.fr\/wp-content\/uploads\/2019\/03\/puycapel-calvinet-photo-ancienne-5.jpg?resize=768%2C496&amp;ssl=1 768w, https:\/\/i0.wp.com\/puycapel.fr\/wp-content\/uploads\/2019\/03\/puycapel-calvinet-photo-ancienne-5.jpg?resize=1024%2C662&amp;ssl=1 1024w, https:\/\/i0.wp.com\/puycapel.fr\/wp-content\/uploads\/2019\/03\/puycapel-calvinet-photo-ancienne-5.jpg?resize=1320%2C853&amp;ssl=1 1320w\" sizes=\"auto, (max-width: 1000px) 100vw, 1000px\" \/><\/figure><\/li><li class=\"blocks-gallery-item\"><figure><img loading=\"lazy\" decoding=\"async\" width=\"2048\" height=\"1302\" data-attachment-id=\"578\" data-permalink=\"https:\/\/puycapel.fr\/index.php\/un-peu-dhistoire\/anviennes-photo\/puycapel-calvinet-photo-ancienne-6\/\" data-orig-file=\"https:\/\/i0.wp.com\/puycapel.fr\/wp-content\/uploads\/2019\/03\/puycapel-calvinet-photo-ancienne-6.jpg?fit=2048%2C1302&amp;ssl=1\" data-orig-size=\"2048,1302\" data-comments-opened=\"0\" data-image-meta=\"{&quot;aperture&quot;:&quot;0&quot;,&quot;credit&quot;:&quot;&quot;,&quot;camera&quot;:&quot;&quot;,&quot;caption&quot;:&quot;&quot;,&quot;created_timestamp&quot;:&quot;0&quot;,&quot;copyright&quot;:&quot;&quot;,&quot;focal_length&quot;:&quot;0&quot;,&quot;iso&quot;:&quot;0&quot;,&quot;shutter_speed&quot;:&quot;0&quot;,&quot;title&quot;:&quot;&quot;,&quot;orientation&quot;:&quot;1&quot;}\" data-image-title=\"puycapel-calvinet-photo-ancienne-6\" data-image-description=\"\" data-image-caption=\"\" data-large-file=\"https:\/\/i0.wp.com\/puycapel.fr\/wp-content\/uploads\/2019\/03\/puycapel-calvinet-photo-ancienne-6.jpg?fit=1024%2C651&amp;ssl=1\" src=\"https:\/\/i2.wp.com\/puycapel.fr\/wp-content\/uploads\/2019\/03\/puycapel-calvinet-photo-ancienne-6.jpg?fit=700%2C445&amp;ssl=1\" alt=\"\" data-id=\"578\" data-link=\"https:\/\/puycapel.fr\/?attachment_id=578\" class=\"wp-image-578\" srcset=\"https:\/\/i0.wp.com\/puycapel.fr\/wp-content\/uploads\/2019\/03\/puycapel-calvinet-photo-ancienne-6.jpg?w=2048&amp;ssl=1 2048w, https:\/\/i0.wp.com\/puycapel.fr\/wp-content\/uploads\/2019\/03\/puycapel-calvinet-photo-ancienne-6.jpg?resize=300%2C191&amp;ssl=1 300w, https:\/\/i0.wp.com\/puycapel.fr\/wp-content\/uploads\/2019\/03\/puycapel-calvinet-photo-ancienne-6.jpg?resize=768%2C488&amp;ssl=1 768w, https:\/\/i0.wp.com\/puycapel.fr\/wp-content\/uploads\/2019\/03\/puycapel-calvinet-photo-ancienne-6.jpg?resize=1024%2C651&amp;ssl=1 1024w, https:\/\/i0.wp.com\/puycapel.fr\/wp-content\/uploads\/2019\/03\/puycapel-calvinet-photo-ancienne-6.jpg?resize=1320%2C839&amp;ssl=1 1320w\" sizes=\"auto, (max-width: 1000px) 100vw, 1000px\" \/><\/figure><\/li><li class=\"blocks-gallery-item\"><figure><img loading=\"lazy\" decoding=\"async\" width=\"2048\" height=\"1549\" data-attachment-id=\"579\" data-permalink=\"https:\/\/puycapel.fr\/index.php\/un-peu-dhistoire\/anviennes-photo\/puycapel-calvinet-photo-ancienne-7\/\" data-orig-file=\"https:\/\/i0.wp.com\/puycapel.fr\/wp-content\/uploads\/2019\/03\/puycapel-calvinet-photo-ancienne-7.jpg?fit=2048%2C1549&amp;ssl=1\" data-orig-size=\"2048,1549\" data-comments-opened=\"0\" data-image-meta=\"{&quot;aperture&quot;:&quot;0&quot;,&quot;credit&quot;:&quot;&quot;,&quot;camera&quot;:&quot;&quot;,&quot;caption&quot;:&quot;&quot;,&quot;created_timestamp&quot;:&quot;0&quot;,&quot;copyright&quot;:&quot;&quot;,&quot;focal_length&quot;:&quot;0&quot;,&quot;iso&quot;:&quot;0&quot;,&quot;shutter_speed&quot;:&quot;0&quot;,&quot;title&quot;:&quot;&quot;,&quot;orientation&quot;:&quot;1&quot;}\" data-image-title=\"puycapel-calvinet-photo-ancienne-7\" data-image-description=\"\" data-image-caption=\"\" data-large-file=\"https:\/\/i0.wp.com\/puycapel.fr\/wp-content\/uploads\/2019\/03\/puycapel-calvinet-photo-ancienne-7.jpg?fit=1024%2C775&amp;ssl=1\" src=\"https:\/\/i0.wp.com\/puycapel.fr\/wp-content\/uploads\/2019\/03\/puycapel-calvinet-photo-ancienne-7.jpg?fit=700%2C530&amp;ssl=1\" alt=\"\" data-id=\"579\" data-link=\"https:\/\/puycapel.fr\/?attachment_id=579\" class=\"wp-image-579\" srcset=\"https:\/\/i0.wp.com\/puycapel.fr\/wp-content\/uploads\/2019\/03\/puycapel-calvinet-photo-ancienne-7.jpg?w=2048&amp;ssl=1 2048w, https:\/\/i0.wp.com\/puycapel.fr\/wp-content\/uploads\/2019\/03\/puycapel-calvinet-photo-ancienne-7.jpg?resize=300%2C227&amp;ssl=1 300w, https:\/\/i0.wp.com\/puycapel.fr\/wp-content\/uploads\/2019\/03\/puycapel-calvinet-photo-ancienne-7.jpg?resize=768%2C581&amp;ssl=1 768w, https:\/\/i0.wp.com\/puycapel.fr\/wp-content\/uploads\/2019\/03\/puycapel-calvinet-photo-ancienne-7.jpg?resize=1024%2C775&amp;ssl=1 1024w, https:\/\/i0.wp.com\/puycapel.fr\/wp-content\/uploads\/2019\/03\/puycapel-calvinet-photo-ancienne-7.jpg?resize=1320%2C998&amp;ssl=1 1320w\" sizes=\"auto, (max-width: 1000px) 100vw, 1000px\" \/><\/figure><\/li><li class=\"blocks-gallery-item\"><figure><img loading=\"lazy\" decoding=\"async\" width=\"1024\" height=\"654\" data-attachment-id=\"580\" data-permalink=\"https:\/\/puycapel.fr\/index.php\/un-peu-dhistoire\/anviennes-photo\/puycapel-calvinet-photo-ancienne-8\/\" data-orig-file=\"https:\/\/i0.wp.com\/puycapel.fr\/wp-content\/uploads\/2019\/03\/puycapel-calvinet-photo-ancienne-8.jpg?fit=1024%2C654&amp;ssl=1\" data-orig-size=\"1024,654\" data-comments-opened=\"0\" data-image-meta=\"{&quot;aperture&quot;:&quot;0&quot;,&quot;credit&quot;:&quot;&quot;,&quot;camera&quot;:&quot;&quot;,&quot;caption&quot;:&quot;&quot;,&quot;created_timestamp&quot;:&quot;0&quot;,&quot;copyright&quot;:&quot;&quot;,&quot;focal_length&quot;:&quot;0&quot;,&quot;iso&quot;:&quot;0&quot;,&quot;shutter_speed&quot;:&quot;0&quot;,&quot;title&quot;:&quot;&quot;,&quot;orientation&quot;:&quot;1&quot;}\" data-image-title=\"puycapel-calvinet-photo-ancienne-8\" data-image-description=\"\" data-image-caption=\"\" data-large-file=\"https:\/\/i0.wp.com\/puycapel.fr\/wp-content\/uploads\/2019\/03\/puycapel-calvinet-photo-ancienne-8.jpg?fit=1024%2C654&amp;ssl=1\" src=\"https:\/\/i1.wp.com\/puycapel.fr\/wp-content\/uploads\/2019\/03\/puycapel-calvinet-photo-ancienne-8.jpg?fit=700%2C447&amp;ssl=1\" alt=\"\" data-id=\"580\" data-link=\"https:\/\/puycapel.fr\/?attachment_id=580\" class=\"wp-image-580\" srcset=\"https:\/\/i0.wp.com\/puycapel.fr\/wp-content\/uploads\/2019\/03\/puycapel-calvinet-photo-ancienne-8.jpg?w=1024&amp;ssl=1 1024w, https:\/\/i0.wp.com\/puycapel.fr\/wp-content\/uploads\/2019\/03\/puycapel-calvinet-photo-ancienne-8.jpg?resize=300%2C192&amp;ssl=1 300w, https:\/\/i0.wp.com\/puycapel.fr\/wp-content\/uploads\/2019\/03\/puycapel-calvinet-photo-ancienne-8.jpg?resize=768%2C491&amp;ssl=1 768w\" sizes=\"auto, (max-width: 1000px) 100vw, 1000px\" \/><\/figure><\/li><li class=\"blocks-gallery-item\"><figure><img loading=\"lazy\" decoding=\"async\" width=\"1024\" height=\"667\" data-attachment-id=\"581\" data-permalink=\"https:\/\/puycapel.fr\/index.php\/un-peu-dhistoire\/anviennes-photo\/puycapel-calvinet-photo-ancienne-9\/\" data-orig-file=\"https:\/\/i0.wp.com\/puycapel.fr\/wp-content\/uploads\/2019\/03\/puycapel-calvinet-photo-ancienne-9.jpg?fit=1024%2C667&amp;ssl=1\" data-orig-size=\"1024,667\" data-comments-opened=\"0\" data-image-meta=\"{&quot;aperture&quot;:&quot;0&quot;,&quot;credit&quot;:&quot;&quot;,&quot;camera&quot;:&quot;&quot;,&quot;caption&quot;:&quot;&quot;,&quot;created_timestamp&quot;:&quot;0&quot;,&quot;copyright&quot;:&quot;&quot;,&quot;focal_length&quot;:&quot;0&quot;,&quot;iso&quot;:&quot;0&quot;,&quot;shutter_speed&quot;:&quot;0&quot;,&quot;title&quot;:&quot;&quot;,&quot;orientation&quot;:&quot;1&quot;}\" data-image-title=\"puycapel-calvinet-photo-ancienne-9\" data-image-description=\"\" data-image-caption=\"\" data-large-file=\"https:\/\/i0.wp.com\/puycapel.fr\/wp-content\/uploads\/2019\/03\/puycapel-calvinet-photo-ancienne-9.jpg?fit=1024%2C667&amp;ssl=1\" src=\"https:\/\/i1.wp.com\/puycapel.fr\/wp-content\/uploads\/2019\/03\/puycapel-calvinet-photo-ancienne-9.jpg?fit=700%2C456&amp;ssl=1\" alt=\"\" data-id=\"581\" data-link=\"https:\/\/puycapel.fr\/?attachment_id=581\" class=\"wp-image-581\" srcset=\"https:\/\/i0.wp.com\/puycapel.fr\/wp-content\/uploads\/2019\/03\/puycapel-calvinet-photo-ancienne-9.jpg?w=1024&amp;ssl=1 1024w, https:\/\/i0.wp.com\/puycapel.fr\/wp-content\/uploads\/2019\/03\/puycapel-calvinet-photo-ancienne-9.jpg?resize=300%2C195&amp;ssl=1 300w, https:\/\/i0.wp.com\/puycapel.fr\/wp-content\/uploads\/2019\/03\/puycapel-calvinet-photo-ancienne-9.jpg?resize=768%2C500&amp;ssl=1 768w\" sizes=\"auto, (max-width: 1000px) 100vw, 1000px\" \/><\/figure><\/li><li class=\"blocks-gallery-item\"><figure><img loading=\"lazy\" decoding=\"async\" width=\"1932\" height=\"1417\" data-attachment-id=\"582\" data-permalink=\"https:\/\/puycapel.fr\/index.php\/un-peu-dhistoire\/anviennes-photo\/puycapel-calvinet-photo-ancienne-10\/\" data-orig-file=\"https:\/\/i0.wp.com\/puycapel.fr\/wp-content\/uploads\/2019\/03\/puycapel-calvinet-photo-ancienne-10.jpg?fit=1932%2C1417&amp;ssl=1\" data-orig-size=\"1932,1417\" data-comments-opened=\"0\" data-image-meta=\"{&quot;aperture&quot;:&quot;0&quot;,&quot;credit&quot;:&quot;&quot;,&quot;camera&quot;:&quot;&quot;,&quot;caption&quot;:&quot;&quot;,&quot;created_timestamp&quot;:&quot;0&quot;,&quot;copyright&quot;:&quot;&quot;,&quot;focal_length&quot;:&quot;0&quot;,&quot;iso&quot;:&quot;0&quot;,&quot;shutter_speed&quot;:&quot;0&quot;,&quot;title&quot;:&quot;&quot;,&quot;orientation&quot;:&quot;1&quot;}\" data-image-title=\"puycapel-calvinet-photo-ancienne-10\" data-image-description=\"\" data-image-caption=\"\" data-large-file=\"https:\/\/i0.wp.com\/puycapel.fr\/wp-content\/uploads\/2019\/03\/puycapel-calvinet-photo-ancienne-10.jpg?fit=1024%2C751&amp;ssl=1\" src=\"https:\/\/i1.wp.com\/puycapel.fr\/wp-content\/uploads\/2019\/03\/puycapel-calvinet-photo-ancienne-10.jpg?fit=700%2C513&amp;ssl=1\" alt=\"\" data-id=\"582\" data-link=\"https:\/\/puycapel.fr\/?attachment_id=582\" class=\"wp-image-582\" srcset=\"https:\/\/i0.wp.com\/puycapel.fr\/wp-content\/uploads\/2019\/03\/puycapel-calvinet-photo-ancienne-10.jpg?w=1932&amp;ssl=1 1932w, https:\/\/i0.wp.com\/puycapel.fr\/wp-content\/uploads\/2019\/03\/puycapel-calvinet-photo-ancienne-10.jpg?resize=300%2C220&amp;ssl=1 300w, https:\/\/i0.wp.com\/puycapel.fr\/wp-content\/uploads\/2019\/03\/puycapel-calvinet-photo-ancienne-10.jpg?resize=768%2C563&amp;ssl=1 768w, https:\/\/i0.wp.com\/puycapel.fr\/wp-content\/uploads\/2019\/03\/puycapel-calvinet-photo-ancienne-10.jpg?resize=1024%2C751&amp;ssl=1 1024w, https:\/\/i0.wp.com\/puycapel.fr\/wp-content\/uploads\/2019\/03\/puycapel-calvinet-photo-ancienne-10.jpg?resize=1320%2C968&amp;ssl=1 1320w\" sizes=\"auto, (max-width: 1000px) 100vw, 1000px\" \/><\/figure><\/li><li class=\"blocks-gallery-item\"><figure><img loading=\"lazy\" decoding=\"async\" width=\"1024\" height=\"715\" data-attachment-id=\"583\" data-permalink=\"https:\/\/puycapel.fr\/index.php\/un-peu-dhistoire\/anviennes-photo\/puycapel-calvinet-photo-ancienne-11\/\" data-orig-file=\"https:\/\/i0.wp.com\/puycapel.fr\/wp-content\/uploads\/2019\/03\/puycapel-calvinet-photo-ancienne-11.jpg?fit=1024%2C715&amp;ssl=1\" data-orig-size=\"1024,715\" data-comments-opened=\"0\" data-image-meta=\"{&quot;aperture&quot;:&quot;0&quot;,&quot;credit&quot;:&quot;&quot;,&quot;camera&quot;:&quot;&quot;,&quot;caption&quot;:&quot;&quot;,&quot;created_timestamp&quot;:&quot;0&quot;,&quot;copyright&quot;:&quot;&quot;,&quot;focal_length&quot;:&quot;0&quot;,&quot;iso&quot;:&quot;0&quot;,&quot;shutter_speed&quot;:&quot;0&quot;,&quot;title&quot;:&quot;&quot;,&quot;orientation&quot;:&quot;1&quot;}\" data-image-title=\"puycapel-calvinet-photo-ancienne-11\" data-image-description=\"\" data-image-caption=\"\" data-large-file=\"https:\/\/i0.wp.com\/puycapel.fr\/wp-content\/uploads\/2019\/03\/puycapel-calvinet-photo-ancienne-11.jpg?fit=1024%2C715&amp;ssl=1\" src=\"https:\/\/i2.wp.com\/puycapel.fr\/wp-content\/uploads\/2019\/03\/puycapel-calvinet-photo-ancienne-11.jpg?fit=700%2C489&amp;ssl=1\" alt=\"\" data-id=\"583\" data-link=\"https:\/\/puycapel.fr\/?attachment_id=583\" class=\"wp-image-583\" srcset=\"https:\/\/i0.wp.com\/puycapel.fr\/wp-content\/uploads\/2019\/03\/puycapel-calvinet-photo-ancienne-11.jpg?w=1024&amp;ssl=1 1024w, https:\/\/i0.wp.com\/puycapel.fr\/wp-content\/uploads\/2019\/03\/puycapel-calvinet-photo-ancienne-11.jpg?resize=300%2C209&amp;ssl=1 300w, https:\/\/i0.wp.com\/puycapel.fr\/wp-content\/uploads\/2019\/03\/puycapel-calvinet-photo-ancienne-11.jpg?resize=768%2C536&amp;ssl=1 768w\" sizes=\"auto, (max-width: 1000px) 100vw, 1000px\" \/><\/figure><\/li><li class=\"blocks-gallery-item\"><figure><img loading=\"lazy\" decoding=\"async\" width=\"1024\" height=\"735\" data-attachment-id=\"584\" data-permalink=\"https:\/\/puycapel.fr\/index.php\/un-peu-dhistoire\/anviennes-photo\/puycapel-calvinet-photo-ancienne-12\/\" data-orig-file=\"https:\/\/i0.wp.com\/puycapel.fr\/wp-content\/uploads\/2019\/03\/puycapel-calvinet-photo-ancienne-12.jpg?fit=1024%2C735&amp;ssl=1\" data-orig-size=\"1024,735\" data-comments-opened=\"0\" data-image-meta=\"{&quot;aperture&quot;:&quot;0&quot;,&quot;credit&quot;:&quot;&quot;,&quot;camera&quot;:&quot;&quot;,&quot;caption&quot;:&quot;&quot;,&quot;created_timestamp&quot;:&quot;0&quot;,&quot;copyright&quot;:&quot;&quot;,&quot;focal_length&quot;:&quot;0&quot;,&quot;iso&quot;:&quot;0&quot;,&quot;shutter_speed&quot;:&quot;0&quot;,&quot;title&quot;:&quot;&quot;,&quot;orientation&quot;:&quot;1&quot;}\" data-image-title=\"puycapel-calvinet-photo-ancienne-12\" data-image-description=\"\" data-image-caption=\"\" data-large-file=\"https:\/\/i0.wp.com\/puycapel.fr\/wp-content\/uploads\/2019\/03\/puycapel-calvinet-photo-ancienne-12.jpg?fit=1024%2C735&amp;ssl=1\" src=\"https:\/\/i0.wp.com\/puycapel.fr\/wp-content\/uploads\/2019\/03\/puycapel-calvinet-photo-ancienne-12.jpg?fit=700%2C502&amp;ssl=1\" alt=\"\" data-id=\"584\" data-link=\"https:\/\/puycapel.fr\/?attachment_id=584\" class=\"wp-image-584\" srcset=\"https:\/\/i0.wp.com\/puycapel.fr\/wp-content\/uploads\/2019\/03\/puycapel-calvinet-photo-ancienne-12.jpg?w=1024&amp;ssl=1 1024w, https:\/\/i0.wp.com\/puycapel.fr\/wp-content\/uploads\/2019\/03\/puycapel-calvinet-photo-ancienne-12.jpg?resize=300%2C215&amp;ssl=1 300w, https:\/\/i0.wp.com\/puycapel.fr\/wp-content\/uploads\/2019\/03\/puycapel-calvinet-photo-ancienne-12.jpg?resize=768%2C551&amp;ssl=1 768w\" sizes=\"auto, (max-width: 1000px) 100vw, 1000px\" \/><\/figure><\/li><li class=\"blocks-gallery-item\"><figure><img loading=\"lazy\" decoding=\"async\" width=\"2048\" height=\"1393\" data-attachment-id=\"585\" data-permalink=\"https:\/\/puycapel.fr\/index.php\/un-peu-dhistoire\/anviennes-photo\/puycapel-calvinet-photo-ancienne-13\/\" data-orig-file=\"https:\/\/i0.wp.com\/puycapel.fr\/wp-content\/uploads\/2019\/03\/puycapel-calvinet-photo-ancienne-13.jpg?fit=2048%2C1393&amp;ssl=1\" data-orig-size=\"2048,1393\" data-comments-opened=\"0\" data-image-meta=\"{&quot;aperture&quot;:&quot;0&quot;,&quot;credit&quot;:&quot;&quot;,&quot;camera&quot;:&quot;&quot;,&quot;caption&quot;:&quot;&quot;,&quot;created_timestamp&quot;:&quot;0&quot;,&quot;copyright&quot;:&quot;&quot;,&quot;focal_length&quot;:&quot;0&quot;,&quot;iso&quot;:&quot;0&quot;,&quot;shutter_speed&quot;:&quot;0&quot;,&quot;title&quot;:&quot;&quot;,&quot;orientation&quot;:&quot;0&quot;}\" data-image-title=\"puycapel-calvinet-photo-ancienne-13\" data-image-description=\"\" data-image-caption=\"\" data-large-file=\"https:\/\/i0.wp.com\/puycapel.fr\/wp-content\/uploads\/2019\/03\/puycapel-calvinet-photo-ancienne-13.jpg?fit=1024%2C697&amp;ssl=1\" src=\"https:\/\/i0.wp.com\/puycapel.fr\/wp-content\/uploads\/2019\/03\/puycapel-calvinet-photo-ancienne-13.jpg?fit=700%2C476&amp;ssl=1\" alt=\"\" data-id=\"585\" data-link=\"https:\/\/puycapel.fr\/?attachment_id=585\" class=\"wp-image-585\" srcset=\"https:\/\/i0.wp.com\/puycapel.fr\/wp-content\/uploads\/2019\/03\/puycapel-calvinet-photo-ancienne-13.jpg?w=2048&amp;ssl=1 2048w, https:\/\/i0.wp.com\/puycapel.fr\/wp-content\/uploads\/2019\/03\/puycapel-calvinet-photo-ancienne-13.jpg?resize=300%2C204&amp;ssl=1 300w, https:\/\/i0.wp.com\/puycapel.fr\/wp-content\/uploads\/2019\/03\/puycapel-calvinet-photo-ancienne-13.jpg?resize=768%2C522&amp;ssl=1 768w, https:\/\/i0.wp.com\/puycapel.fr\/wp-content\/uploads\/2019\/03\/puycapel-calvinet-photo-ancienne-13.jpg?resize=1024%2C697&amp;ssl=1 1024w, https:\/\/i0.wp.com\/puycapel.fr\/wp-content\/uploads\/2019\/03\/puycapel-calvinet-photo-ancienne-13.jpg?resize=1320%2C898&amp;ssl=1 1320w\" sizes=\"auto, (max-width: 1000px) 100vw, 1000px\" \/><\/figure><\/li><li class=\"blocks-gallery-item\"><figure><img loading=\"lazy\" decoding=\"async\" width=\"2048\" height=\"1416\" data-attachment-id=\"586\" data-permalink=\"https:\/\/puycapel.fr\/index.php\/un-peu-dhistoire\/anviennes-photo\/puycapel-calvinet-photo-ancienne-14\/\" data-orig-file=\"https:\/\/i0.wp.com\/puycapel.fr\/wp-content\/uploads\/2019\/03\/puycapel-calvinet-photo-ancienne-14.jpg?fit=2048%2C1416&amp;ssl=1\" data-orig-size=\"2048,1416\" data-comments-opened=\"0\" data-image-meta=\"{&quot;aperture&quot;:&quot;0&quot;,&quot;credit&quot;:&quot;&quot;,&quot;camera&quot;:&quot;&quot;,&quot;caption&quot;:&quot;&quot;,&quot;created_timestamp&quot;:&quot;0&quot;,&quot;copyright&quot;:&quot;&quot;,&quot;focal_length&quot;:&quot;0&quot;,&quot;iso&quot;:&quot;0&quot;,&quot;shutter_speed&quot;:&quot;0&quot;,&quot;title&quot;:&quot;&quot;,&quot;orientation&quot;:&quot;0&quot;}\" data-image-title=\"puycapel-calvinet-photo-ancienne-14\" data-image-description=\"\" data-image-caption=\"\" data-large-file=\"https:\/\/i0.wp.com\/puycapel.fr\/wp-content\/uploads\/2019\/03\/puycapel-calvinet-photo-ancienne-14.jpg?fit=1024%2C708&amp;ssl=1\" src=\"https:\/\/i2.wp.com\/puycapel.fr\/wp-content\/uploads\/2019\/03\/puycapel-calvinet-photo-ancienne-14.jpg?fit=700%2C484&amp;ssl=1\" alt=\"\" data-id=\"586\" data-link=\"https:\/\/puycapel.fr\/?attachment_id=586\" class=\"wp-image-586\" srcset=\"https:\/\/i0.wp.com\/puycapel.fr\/wp-content\/uploads\/2019\/03\/puycapel-calvinet-photo-ancienne-14.jpg?w=2048&amp;ssl=1 2048w, https:\/\/i0.wp.com\/puycapel.fr\/wp-content\/uploads\/2019\/03\/puycapel-calvinet-photo-ancienne-14.jpg?resize=300%2C207&amp;ssl=1 300w, https:\/\/i0.wp.com\/puycapel.fr\/wp-content\/uploads\/2019\/03\/puycapel-calvinet-photo-ancienne-14.jpg?resize=768%2C531&amp;ssl=1 768w, https:\/\/i0.wp.com\/puycapel.fr\/wp-content\/uploads\/2019\/03\/puycapel-calvinet-photo-ancienne-14.jpg?resize=1024%2C708&amp;ssl=1 1024w, https:\/\/i0.wp.com\/puycapel.fr\/wp-content\/uploads\/2019\/03\/puycapel-calvinet-photo-ancienne-14.jpg?resize=1320%2C913&amp;ssl=1 1320w\" sizes=\"auto, (max-width: 1000px) 100vw, 1000px\" \/><\/figure><\/li><li class=\"blocks-gallery-item\"><figure><img loading=\"lazy\" decoding=\"async\" width=\"2048\" height=\"1316\" data-attachment-id=\"587\" data-permalink=\"https:\/\/puycapel.fr\/index.php\/un-peu-dhistoire\/anviennes-photo\/puycapel-calvinet-photo-ancienne-15\/\" data-orig-file=\"https:\/\/i0.wp.com\/puycapel.fr\/wp-content\/uploads\/2019\/03\/puycapel-calvinet-photo-ancienne-15.jpg?fit=2048%2C1316&amp;ssl=1\" data-orig-size=\"2048,1316\" data-comments-opened=\"0\" data-image-meta=\"{&quot;aperture&quot;:&quot;0&quot;,&quot;credit&quot;:&quot;&quot;,&quot;camera&quot;:&quot;&quot;,&quot;caption&quot;:&quot;&quot;,&quot;created_timestamp&quot;:&quot;0&quot;,&quot;copyright&quot;:&quot;&quot;,&quot;focal_length&quot;:&quot;0&quot;,&quot;iso&quot;:&quot;0&quot;,&quot;shutter_speed&quot;:&quot;0&quot;,&quot;title&quot;:&quot;&quot;,&quot;orientation&quot;:&quot;0&quot;}\" data-image-title=\"puycapel-calvinet-photo-ancienne-15\" data-image-description=\"\" data-image-caption=\"\" data-large-file=\"https:\/\/i0.wp.com\/puycapel.fr\/wp-content\/uploads\/2019\/03\/puycapel-calvinet-photo-ancienne-15.jpg?fit=1024%2C658&amp;ssl=1\" src=\"https:\/\/i0.wp.com\/puycapel.fr\/wp-content\/uploads\/2019\/03\/puycapel-calvinet-photo-ancienne-15.jpg?fit=700%2C450&amp;ssl=1\" alt=\"\" data-id=\"587\" data-link=\"https:\/\/puycapel.fr\/?attachment_id=587\" class=\"wp-image-587\" srcset=\"https:\/\/i0.wp.com\/puycapel.fr\/wp-content\/uploads\/2019\/03\/puycapel-calvinet-photo-ancienne-15.jpg?w=2048&amp;ssl=1 2048w, https:\/\/i0.wp.com\/puycapel.fr\/wp-content\/uploads\/2019\/03\/puycapel-calvinet-photo-ancienne-15.jpg?resize=300%2C193&amp;ssl=1 300w, https:\/\/i0.wp.com\/puycapel.fr\/wp-content\/uploads\/2019\/03\/puycapel-calvinet-photo-ancienne-15.jpg?resize=768%2C494&amp;ssl=1 768w, https:\/\/i0.wp.com\/puycapel.fr\/wp-content\/uploads\/2019\/03\/puycapel-calvinet-photo-ancienne-15.jpg?resize=1024%2C658&amp;ssl=1 1024w, https:\/\/i0.wp.com\/puycapel.fr\/wp-content\/uploads\/2019\/03\/puycapel-calvinet-photo-ancienne-15.jpg?resize=1320%2C848&amp;ssl=1 1320w\" sizes=\"auto, (max-width: 1000px) 100vw, 1000px\" \/><\/figure><\/li><li class=\"blocks-gallery-item\"><figure><img loading=\"lazy\" decoding=\"async\" width=\"2048\" height=\"1248\" data-attachment-id=\"588\" data-permalink=\"https:\/\/puycapel.fr\/index.php\/un-peu-dhistoire\/anviennes-photo\/puycapel-calvinet-photo-ancienne-16\/\" data-orig-file=\"https:\/\/i0.wp.com\/puycapel.fr\/wp-content\/uploads\/2019\/03\/puycapel-calvinet-photo-ancienne-16.jpg?fit=2048%2C1248&amp;ssl=1\" data-orig-size=\"2048,1248\" data-comments-opened=\"0\" data-image-meta=\"{&quot;aperture&quot;:&quot;0&quot;,&quot;credit&quot;:&quot;&quot;,&quot;camera&quot;:&quot;&quot;,&quot;caption&quot;:&quot;&quot;,&quot;created_timestamp&quot;:&quot;0&quot;,&quot;copyright&quot;:&quot;&quot;,&quot;focal_length&quot;:&quot;0&quot;,&quot;iso&quot;:&quot;0&quot;,&quot;shutter_speed&quot;:&quot;0&quot;,&quot;title&quot;:&quot;&quot;,&quot;orientation&quot;:&quot;0&quot;}\" data-image-title=\"puycapel-calvinet-photo-ancienne-16\" data-image-description=\"\" data-image-caption=\"\" data-large-file=\"https:\/\/i0.wp.com\/puycapel.fr\/wp-content\/uploads\/2019\/03\/puycapel-calvinet-photo-ancienne-16.jpg?fit=1024%2C624&amp;ssl=1\" src=\"https:\/\/i1.wp.com\/puycapel.fr\/wp-content\/uploads\/2019\/03\/puycapel-calvinet-photo-ancienne-16.jpg?fit=700%2C427&amp;ssl=1\" alt=\"\" data-id=\"588\" data-link=\"https:\/\/puycapel.fr\/?attachment_id=588\" class=\"wp-image-588\" srcset=\"https:\/\/i0.wp.com\/puycapel.fr\/wp-content\/uploads\/2019\/03\/puycapel-calvinet-photo-ancienne-16.jpg?w=2048&amp;ssl=1 2048w, https:\/\/i0.wp.com\/puycapel.fr\/wp-content\/uploads\/2019\/03\/puycapel-calvinet-photo-ancienne-16.jpg?resize=300%2C183&amp;ssl=1 300w, https:\/\/i0.wp.com\/puycapel.fr\/wp-content\/uploads\/2019\/03\/puycapel-calvinet-photo-ancienne-16.jpg?resize=768%2C468&amp;ssl=1 768w, https:\/\/i0.wp.com\/puycapel.fr\/wp-content\/uploads\/2019\/03\/puycapel-calvinet-photo-ancienne-16.jpg?resize=1024%2C624&amp;ssl=1 1024w, https:\/\/i0.wp.com\/puycapel.fr\/wp-content\/uploads\/2019\/03\/puycapel-calvinet-photo-ancienne-16.jpg?resize=1320%2C804&amp;ssl=1 1320w\" sizes=\"auto, (max-width: 1000px) 100vw, 1000px\" \/><\/figure><\/li><li class=\"blocks-gallery-item\"><figure><img loading=\"lazy\" decoding=\"async\" width=\"2048\" height=\"1415\" data-attachment-id=\"589\" data-permalink=\"https:\/\/puycapel.fr\/index.php\/un-peu-dhistoire\/anviennes-photo\/puycapel-calvinet-photo-ancienne-17\/\" data-orig-file=\"https:\/\/i0.wp.com\/puycapel.fr\/wp-content\/uploads\/2019\/03\/puycapel-calvinet-photo-ancienne-17.jpg?fit=2048%2C1415&amp;ssl=1\" data-orig-size=\"2048,1415\" data-comments-opened=\"0\" data-image-meta=\"{&quot;aperture&quot;:&quot;0&quot;,&quot;credit&quot;:&quot;&quot;,&quot;camera&quot;:&quot;&quot;,&quot;caption&quot;:&quot;&quot;,&quot;created_timestamp&quot;:&quot;0&quot;,&quot;copyright&quot;:&quot;&quot;,&quot;focal_length&quot;:&quot;0&quot;,&quot;iso&quot;:&quot;0&quot;,&quot;shutter_speed&quot;:&quot;0&quot;,&quot;title&quot;:&quot;&quot;,&quot;orientation&quot;:&quot;0&quot;}\" data-image-title=\"puycapel-calvinet-photo-ancienne-17\" data-image-description=\"\" data-image-caption=\"\" data-large-file=\"https:\/\/i0.wp.com\/puycapel.fr\/wp-content\/uploads\/2019\/03\/puycapel-calvinet-photo-ancienne-17.jpg?fit=1024%2C708&amp;ssl=1\" src=\"https:\/\/i1.wp.com\/puycapel.fr\/wp-content\/uploads\/2019\/03\/puycapel-calvinet-photo-ancienne-17.jpg?fit=700%2C484&amp;ssl=1\" alt=\"\" data-id=\"589\" data-link=\"https:\/\/puycapel.fr\/?attachment_id=589\" class=\"wp-image-589\" srcset=\"https:\/\/i0.wp.com\/puycapel.fr\/wp-content\/uploads\/2019\/03\/puycapel-calvinet-photo-ancienne-17.jpg?w=2048&amp;ssl=1 2048w, https:\/\/i0.wp.com\/puycapel.fr\/wp-content\/uploads\/2019\/03\/puycapel-calvinet-photo-ancienne-17.jpg?resize=300%2C207&amp;ssl=1 300w, https:\/\/i0.wp.com\/puycapel.fr\/wp-content\/uploads\/2019\/03\/puycapel-calvinet-photo-ancienne-17.jpg?resize=768%2C531&amp;ssl=1 768w, https:\/\/i0.wp.com\/puycapel.fr\/wp-content\/uploads\/2019\/03\/puycapel-calvinet-photo-ancienne-17.jpg?resize=1024%2C708&amp;ssl=1 1024w, https:\/\/i0.wp.com\/puycapel.fr\/wp-content\/uploads\/2019\/03\/puycapel-calvinet-photo-ancienne-17.jpg?resize=1320%2C912&amp;ssl=1 1320w\" sizes=\"auto, (max-width: 1000px) 100vw, 1000px\" \/><\/figure><\/li><li class=\"blocks-gallery-item\"><figure><img loading=\"lazy\" decoding=\"async\" width=\"2048\" height=\"1440\" data-attachment-id=\"590\" data-permalink=\"https:\/\/puycapel.fr\/index.php\/un-peu-dhistoire\/anviennes-photo\/puycapel-calvinet-photo-ancienne-18\/\" data-orig-file=\"https:\/\/i0.wp.com\/puycapel.fr\/wp-content\/uploads\/2019\/03\/puycapel-calvinet-photo-ancienne-18.jpg?fit=2048%2C1440&amp;ssl=1\" data-orig-size=\"2048,1440\" data-comments-opened=\"0\" data-image-meta=\"{&quot;aperture&quot;:&quot;0&quot;,&quot;credit&quot;:&quot;&quot;,&quot;camera&quot;:&quot;&quot;,&quot;caption&quot;:&quot;&quot;,&quot;created_timestamp&quot;:&quot;0&quot;,&quot;copyright&quot;:&quot;&quot;,&quot;focal_length&quot;:&quot;0&quot;,&quot;iso&quot;:&quot;0&quot;,&quot;shutter_speed&quot;:&quot;0&quot;,&quot;title&quot;:&quot;&quot;,&quot;orientation&quot;:&quot;0&quot;}\" data-image-title=\"puycapel-calvinet-photo-ancienne-18\" data-image-description=\"\" data-image-caption=\"\" data-large-file=\"https:\/\/i0.wp.com\/puycapel.fr\/wp-content\/uploads\/2019\/03\/puycapel-calvinet-photo-ancienne-18.jpg?fit=1024%2C720&amp;ssl=1\" src=\"https:\/\/i2.wp.com\/puycapel.fr\/wp-content\/uploads\/2019\/03\/puycapel-calvinet-photo-ancienne-18.jpg?fit=700%2C492&amp;ssl=1\" alt=\"\" data-id=\"590\" data-link=\"https:\/\/puycapel.fr\/?attachment_id=590\" class=\"wp-image-590\" srcset=\"https:\/\/i0.wp.com\/puycapel.fr\/wp-content\/uploads\/2019\/03\/puycapel-calvinet-photo-ancienne-18.jpg?w=2048&amp;ssl=1 2048w, https:\/\/i0.wp.com\/puycapel.fr\/wp-content\/uploads\/2019\/03\/puycapel-calvinet-photo-ancienne-18.jpg?resize=300%2C211&amp;ssl=1 300w, https:\/\/i0.wp.com\/puycapel.fr\/wp-content\/uploads\/2019\/03\/puycapel-calvinet-photo-ancienne-18.jpg?resize=768%2C540&amp;ssl=1 768w, https:\/\/i0.wp.com\/puycapel.fr\/wp-content\/uploads\/2019\/03\/puycapel-calvinet-photo-ancienne-18.jpg?resize=1024%2C720&amp;ssl=1 1024w, https:\/\/i0.wp.com\/puycapel.fr\/wp-content\/uploads\/2019\/03\/puycapel-calvinet-photo-ancienne-18.jpg?resize=1320%2C928&amp;ssl=1 1320w\" sizes=\"auto, (max-width: 1000px) 100vw, 1000px\" \/><\/figure><\/li><li class=\"blocks-gallery-item\"><figure><img loading=\"lazy\" decoding=\"async\" width=\"2048\" height=\"1295\" data-attachment-id=\"591\" data-permalink=\"https:\/\/puycapel.fr\/index.php\/un-peu-dhistoire\/anviennes-photo\/puycapel-calvinet-photo-ancienne-19\/\" data-orig-file=\"https:\/\/i0.wp.com\/puycapel.fr\/wp-content\/uploads\/2019\/03\/puycapel-calvinet-photo-ancienne-19.jpg?fit=2048%2C1295&amp;ssl=1\" data-orig-size=\"2048,1295\" data-comments-opened=\"0\" data-image-meta=\"{&quot;aperture&quot;:&quot;0&quot;,&quot;credit&quot;:&quot;&quot;,&quot;camera&quot;:&quot;&quot;,&quot;caption&quot;:&quot;&quot;,&quot;created_timestamp&quot;:&quot;0&quot;,&quot;copyright&quot;:&quot;&quot;,&quot;focal_length&quot;:&quot;0&quot;,&quot;iso&quot;:&quot;0&quot;,&quot;shutter_speed&quot;:&quot;0&quot;,&quot;title&quot;:&quot;&quot;,&quot;orientation&quot;:&quot;0&quot;}\" data-image-title=\"puycapel-calvinet-photo-ancienne-19\" data-image-description=\"\" data-image-caption=\"\" data-large-file=\"https:\/\/i0.wp.com\/puycapel.fr\/wp-content\/uploads\/2019\/03\/puycapel-calvinet-photo-ancienne-19.jpg?fit=1024%2C648&amp;ssl=1\" src=\"https:\/\/i2.wp.com\/puycapel.fr\/wp-content\/uploads\/2019\/03\/puycapel-calvinet-photo-ancienne-19.jpg?fit=700%2C443&amp;ssl=1\" alt=\"\" data-id=\"591\" data-link=\"https:\/\/puycapel.fr\/?attachment_id=591\" class=\"wp-image-591\" srcset=\"https:\/\/i0.wp.com\/puycapel.fr\/wp-content\/uploads\/2019\/03\/puycapel-calvinet-photo-ancienne-19.jpg?w=2048&amp;ssl=1 2048w, https:\/\/i0.wp.com\/puycapel.fr\/wp-content\/uploads\/2019\/03\/puycapel-calvinet-photo-ancienne-19.jpg?resize=300%2C190&amp;ssl=1 300w, https:\/\/i0.wp.com\/puycapel.fr\/wp-content\/uploads\/2019\/03\/puycapel-calvinet-photo-ancienne-19.jpg?resize=768%2C486&amp;ssl=1 768w, https:\/\/i0.wp.com\/puycapel.fr\/wp-content\/uploads\/2019\/03\/puycapel-calvinet-photo-ancienne-19.jpg?resize=1024%2C648&amp;ssl=1 1024w, https:\/\/i0.wp.com\/puycapel.fr\/wp-content\/uploads\/2019\/03\/puycapel-calvinet-photo-ancienne-19.jpg?resize=1320%2C835&amp;ssl=1 1320w\" sizes=\"auto, (max-width: 1000px) 100vw, 1000px\" \/><\/figure><\/li><li class=\"blocks-gallery-item\"><figure><img loading=\"lazy\" decoding=\"async\" width=\"2048\" height=\"1259\" data-attachment-id=\"592\" data-permalink=\"https:\/\/puycapel.fr\/index.php\/un-peu-dhistoire\/anviennes-photo\/puycapel-calvinet-photo-ancienne-20\/\" data-orig-file=\"https:\/\/i0.wp.com\/puycapel.fr\/wp-content\/uploads\/2019\/03\/puycapel-calvinet-photo-ancienne-20.jpg?fit=2048%2C1259&amp;ssl=1\" data-orig-size=\"2048,1259\" data-comments-opened=\"0\" data-image-meta=\"{&quot;aperture&quot;:&quot;0&quot;,&quot;credit&quot;:&quot;&quot;,&quot;camera&quot;:&quot;&quot;,&quot;caption&quot;:&quot;&quot;,&quot;created_timestamp&quot;:&quot;0&quot;,&quot;copyright&quot;:&quot;&quot;,&quot;focal_length&quot;:&quot;0&quot;,&quot;iso&quot;:&quot;0&quot;,&quot;shutter_speed&quot;:&quot;0&quot;,&quot;title&quot;:&quot;&quot;,&quot;orientation&quot;:&quot;0&quot;}\" data-image-title=\"puycapel-calvinet-photo-ancienne-20\" data-image-description=\"\" data-image-caption=\"\" data-large-file=\"https:\/\/i0.wp.com\/puycapel.fr\/wp-content\/uploads\/2019\/03\/puycapel-calvinet-photo-ancienne-20.jpg?fit=1024%2C630&amp;ssl=1\" src=\"https:\/\/i2.wp.com\/puycapel.fr\/wp-content\/uploads\/2019\/03\/puycapel-calvinet-photo-ancienne-20.jpg?fit=700%2C431&amp;ssl=1\" alt=\"\" data-id=\"592\" data-link=\"https:\/\/puycapel.fr\/?attachment_id=592\" class=\"wp-image-592\" srcset=\"https:\/\/i0.wp.com\/puycapel.fr\/wp-content\/uploads\/2019\/03\/puycapel-calvinet-photo-ancienne-20.jpg?w=2048&amp;ssl=1 2048w, https:\/\/i0.wp.com\/puycapel.fr\/wp-content\/uploads\/2019\/03\/puycapel-calvinet-photo-ancienne-20.jpg?resize=300%2C184&amp;ssl=1 300w, https:\/\/i0.wp.com\/puycapel.fr\/wp-content\/uploads\/2019\/03\/puycapel-calvinet-photo-ancienne-20.jpg?resize=768%2C472&amp;ssl=1 768w, https:\/\/i0.wp.com\/puycapel.fr\/wp-content\/uploads\/2019\/03\/puycapel-calvinet-photo-ancienne-20.jpg?resize=1024%2C630&amp;ssl=1 1024w, https:\/\/i0.wp.com\/puycapel.fr\/wp-content\/uploads\/2019\/03\/puycapel-calvinet-photo-ancienne-20.jpg?resize=1320%2C811&amp;ssl=1 1320w\" sizes=\"auto, (max-width: 1000px) 100vw, 1000px\" \/><\/figure><\/li><li class=\"blocks-gallery-item\"><figure><img loading=\"lazy\" decoding=\"async\" width=\"2048\" height=\"1308\" data-attachment-id=\"593\" data-permalink=\"https:\/\/puycapel.fr\/index.php\/un-peu-dhistoire\/anviennes-photo\/puycapel-calvinet-photo-ancienne-21\/\" data-orig-file=\"https:\/\/i0.wp.com\/puycapel.fr\/wp-content\/uploads\/2019\/03\/puycapel-calvinet-photo-ancienne-21.jpg?fit=2048%2C1308&amp;ssl=1\" data-orig-size=\"2048,1308\" data-comments-opened=\"0\" data-image-meta=\"{&quot;aperture&quot;:&quot;0&quot;,&quot;credit&quot;:&quot;&quot;,&quot;camera&quot;:&quot;&quot;,&quot;caption&quot;:&quot;&quot;,&quot;created_timestamp&quot;:&quot;0&quot;,&quot;copyright&quot;:&quot;&quot;,&quot;focal_length&quot;:&quot;0&quot;,&quot;iso&quot;:&quot;0&quot;,&quot;shutter_speed&quot;:&quot;0&quot;,&quot;title&quot;:&quot;&quot;,&quot;orientation&quot;:&quot;0&quot;}\" data-image-title=\"puycapel-calvinet-photo-ancienne-21\" data-image-description=\"\" data-image-caption=\"\" data-large-file=\"https:\/\/i0.wp.com\/puycapel.fr\/wp-content\/uploads\/2019\/03\/puycapel-calvinet-photo-ancienne-21.jpg?fit=1024%2C654&amp;ssl=1\" src=\"https:\/\/i0.wp.com\/puycapel.fr\/wp-content\/uploads\/2019\/03\/puycapel-calvinet-photo-ancienne-21.jpg?fit=700%2C447&amp;ssl=1\" alt=\"\" data-id=\"593\" data-link=\"https:\/\/puycapel.fr\/?attachment_id=593\" class=\"wp-image-593\" srcset=\"https:\/\/i0.wp.com\/puycapel.fr\/wp-content\/uploads\/2019\/03\/puycapel-calvinet-photo-ancienne-21.jpg?w=2048&amp;ssl=1 2048w, https:\/\/i0.wp.com\/puycapel.fr\/wp-content\/uploads\/2019\/03\/puycapel-calvinet-photo-ancienne-21.jpg?resize=300%2C192&amp;ssl=1 300w, https:\/\/i0.wp.com\/puycapel.fr\/wp-content\/uploads\/2019\/03\/puycapel-calvinet-photo-ancienne-21.jpg?resize=768%2C491&amp;ssl=1 768w, https:\/\/i0.wp.com\/puycapel.fr\/wp-content\/uploads\/2019\/03\/puycapel-calvinet-photo-ancienne-21.jpg?resize=1024%2C654&amp;ssl=1 1024w, https:\/\/i0.wp.com\/puycapel.fr\/wp-content\/uploads\/2019\/03\/puycapel-calvinet-photo-ancienne-21.jpg?resize=1320%2C843&amp;ssl=1 1320w\" sizes=\"auto, (max-width: 1000px) 100vw, 1000px\" \/><\/figure><\/li><li class=\"blocks-gallery-item\"><figure><img loading=\"lazy\" decoding=\"async\" width=\"2048\" height=\"1288\" data-attachment-id=\"594\" data-permalink=\"https:\/\/puycapel.fr\/index.php\/un-peu-dhistoire\/anviennes-photo\/puycapel-calvinet-photo-ancienne-22\/\" data-orig-file=\"https:\/\/i0.wp.com\/puycapel.fr\/wp-content\/uploads\/2019\/03\/puycapel-calvinet-photo-ancienne-22.jpg?fit=2048%2C1288&amp;ssl=1\" data-orig-size=\"2048,1288\" data-comments-opened=\"0\" data-image-meta=\"{&quot;aperture&quot;:&quot;0&quot;,&quot;credit&quot;:&quot;&quot;,&quot;camera&quot;:&quot;&quot;,&quot;caption&quot;:&quot;&quot;,&quot;created_timestamp&quot;:&quot;0&quot;,&quot;copyright&quot;:&quot;&quot;,&quot;focal_length&quot;:&quot;0&quot;,&quot;iso&quot;:&quot;0&quot;,&quot;shutter_speed&quot;:&quot;0&quot;,&quot;title&quot;:&quot;&quot;,&quot;orientation&quot;:&quot;0&quot;}\" data-image-title=\"puycapel-calvinet-photo-ancienne-22\" data-image-description=\"\" data-image-caption=\"\" data-large-file=\"https:\/\/i0.wp.com\/puycapel.fr\/wp-content\/uploads\/2019\/03\/puycapel-calvinet-photo-ancienne-22.jpg?fit=1024%2C644&amp;ssl=1\" src=\"https:\/\/i0.wp.com\/puycapel.fr\/wp-content\/uploads\/2019\/03\/puycapel-calvinet-photo-ancienne-22.jpg?fit=700%2C440&amp;ssl=1\" alt=\"\" data-id=\"594\" data-link=\"https:\/\/puycapel.fr\/?attachment_id=594\" class=\"wp-image-594\" srcset=\"https:\/\/i0.wp.com\/puycapel.fr\/wp-content\/uploads\/2019\/03\/puycapel-calvinet-photo-ancienne-22.jpg?w=2048&amp;ssl=1 2048w, https:\/\/i0.wp.com\/puycapel.fr\/wp-content\/uploads\/2019\/03\/puycapel-calvinet-photo-ancienne-22.jpg?resize=300%2C189&amp;ssl=1 300w, https:\/\/i0.wp.com\/puycapel.fr\/wp-content\/uploads\/2019\/03\/puycapel-calvinet-photo-ancienne-22.jpg?resize=768%2C483&amp;ssl=1 768w, https:\/\/i0.wp.com\/puycapel.fr\/wp-content\/uploads\/2019\/03\/puycapel-calvinet-photo-ancienne-22.jpg?resize=1024%2C644&amp;ssl=1 1024w, https:\/\/i0.wp.com\/puycapel.fr\/wp-content\/uploads\/2019\/03\/puycapel-calvinet-photo-ancienne-22.jpg?resize=1320%2C830&amp;ssl=1 1320w\" sizes=\"auto, (max-width: 1000px) 100vw, 1000px\" \/><\/figure><\/li><li class=\"blocks-gallery-item\"><figure><img loading=\"lazy\" decoding=\"async\" width=\"2048\" height=\"1294\" data-attachment-id=\"595\" data-permalink=\"https:\/\/puycapel.fr\/index.php\/un-peu-dhistoire\/anviennes-photo\/puycapel-calvinet-photo-ancienne-23\/\" data-orig-file=\"https:\/\/i0.wp.com\/puycapel.fr\/wp-content\/uploads\/2019\/03\/puycapel-calvinet-photo-ancienne-23.jpg?fit=2048%2C1294&amp;ssl=1\" data-orig-size=\"2048,1294\" data-comments-opened=\"0\" data-image-meta=\"{&quot;aperture&quot;:&quot;0&quot;,&quot;credit&quot;:&quot;&quot;,&quot;camera&quot;:&quot;&quot;,&quot;caption&quot;:&quot;&quot;,&quot;created_timestamp&quot;:&quot;0&quot;,&quot;copyright&quot;:&quot;&quot;,&quot;focal_length&quot;:&quot;0&quot;,&quot;iso&quot;:&quot;0&quot;,&quot;shutter_speed&quot;:&quot;0&quot;,&quot;title&quot;:&quot;&quot;,&quot;orientation&quot;:&quot;0&quot;}\" data-image-title=\"puycapel-calvinet-photo-ancienne-23\" data-image-description=\"\" data-image-caption=\"\" data-large-file=\"https:\/\/i0.wp.com\/puycapel.fr\/wp-content\/uploads\/2019\/03\/puycapel-calvinet-photo-ancienne-23.jpg?fit=1024%2C647&amp;ssl=1\" src=\"https:\/\/i0.wp.com\/puycapel.fr\/wp-content\/uploads\/2019\/03\/puycapel-calvinet-photo-ancienne-23.jpg?fit=700%2C442&amp;ssl=1\" alt=\"\" data-id=\"595\" data-link=\"https:\/\/puycapel.fr\/?attachment_id=595\" class=\"wp-image-595\" srcset=\"https:\/\/i0.wp.com\/puycapel.fr\/wp-content\/uploads\/2019\/03\/puycapel-calvinet-photo-ancienne-23.jpg?w=2048&amp;ssl=1 2048w, https:\/\/i0.wp.com\/puycapel.fr\/wp-content\/uploads\/2019\/03\/puycapel-calvinet-photo-ancienne-23.jpg?resize=300%2C190&amp;ssl=1 300w, https:\/\/i0.wp.com\/puycapel.fr\/wp-content\/uploads\/2019\/03\/puycapel-calvinet-photo-ancienne-23.jpg?resize=768%2C485&amp;ssl=1 768w, https:\/\/i0.wp.com\/puycapel.fr\/wp-content\/uploads\/2019\/03\/puycapel-calvinet-photo-ancienne-23.jpg?resize=1024%2C647&amp;ssl=1 1024w, https:\/\/i0.wp.com\/puycapel.fr\/wp-content\/uploads\/2019\/03\/puycapel-calvinet-photo-ancienne-23.jpg?resize=1320%2C834&amp;ssl=1 1320w\" sizes=\"auto, (max-width: 1000px) 100vw, 1000px\" \/><\/figure><\/li><li class=\"blocks-gallery-item\"><figure><img loading=\"lazy\" decoding=\"async\" width=\"2048\" height=\"1357\" data-attachment-id=\"596\" data-permalink=\"https:\/\/puycapel.fr\/index.php\/un-peu-dhistoire\/anviennes-photo\/puycapel-calvinet-photo-ancienne-24\/\" data-orig-file=\"https:\/\/i0.wp.com\/puycapel.fr\/wp-content\/uploads\/2019\/03\/puycapel-calvinet-photo-ancienne-24.jpg?fit=2048%2C1357&amp;ssl=1\" data-orig-size=\"2048,1357\" data-comments-opened=\"0\" data-image-meta=\"{&quot;aperture&quot;:&quot;0&quot;,&quot;credit&quot;:&quot;&quot;,&quot;camera&quot;:&quot;&quot;,&quot;caption&quot;:&quot;&quot;,&quot;created_timestamp&quot;:&quot;0&quot;,&quot;copyright&quot;:&quot;&quot;,&quot;focal_length&quot;:&quot;0&quot;,&quot;iso&quot;:&quot;0&quot;,&quot;shutter_speed&quot;:&quot;0&quot;,&quot;title&quot;:&quot;&quot;,&quot;orientation&quot;:&quot;0&quot;}\" data-image-title=\"puycapel-calvinet-photo-ancienne-24\" data-image-description=\"\" data-image-caption=\"\" data-large-file=\"https:\/\/i0.wp.com\/puycapel.fr\/wp-content\/uploads\/2019\/03\/puycapel-calvinet-photo-ancienne-24.jpg?fit=1024%2C679&amp;ssl=1\" src=\"https:\/\/i0.wp.com\/puycapel.fr\/wp-content\/uploads\/2019\/03\/puycapel-calvinet-photo-ancienne-24.jpg?fit=700%2C464&amp;ssl=1\" alt=\"\" data-id=\"596\" data-link=\"https:\/\/puycapel.fr\/?attachment_id=596\" class=\"wp-image-596\" srcset=\"https:\/\/i0.wp.com\/puycapel.fr\/wp-content\/uploads\/2019\/03\/puycapel-calvinet-photo-ancienne-24.jpg?w=2048&amp;ssl=1 2048w, https:\/\/i0.wp.com\/puycapel.fr\/wp-content\/uploads\/2019\/03\/puycapel-calvinet-photo-ancienne-24.jpg?resize=300%2C199&amp;ssl=1 300w, https:\/\/i0.wp.com\/puycapel.fr\/wp-content\/uploads\/2019\/03\/puycapel-calvinet-photo-ancienne-24.jpg?resize=768%2C509&amp;ssl=1 768w, https:\/\/i0.wp.com\/puycapel.fr\/wp-content\/uploads\/2019\/03\/puycapel-calvinet-photo-ancienne-24.jpg?resize=1024%2C679&amp;ssl=1 1024w, https:\/\/i0.wp.com\/puycapel.fr\/wp-content\/uploads\/2019\/03\/puycapel-calvinet-photo-ancienne-24.jpg?resize=120%2C80&amp;ssl=1 120w, https:\/\/i0.wp.com\/puycapel.fr\/wp-content\/uploads\/2019\/03\/puycapel-calvinet-photo-ancienne-24.jpg?resize=1320%2C875&amp;ssl=1 1320w\" sizes=\"auto, (max-width: 1000px) 100vw, 1000px\" \/><\/figure><\/li><li class=\"blocks-gallery-item\"><figure><img loading=\"lazy\" decoding=\"async\" width=\"2048\" height=\"1393\" data-attachment-id=\"597\" data-permalink=\"https:\/\/puycapel.fr\/index.php\/un-peu-dhistoire\/anviennes-photo\/puycapel-calvinet-photo-ancienne-25\/\" data-orig-file=\"https:\/\/i0.wp.com\/puycapel.fr\/wp-content\/uploads\/2019\/03\/puycapel-calvinet-photo-ancienne-25.jpg?fit=2048%2C1393&amp;ssl=1\" data-orig-size=\"2048,1393\" data-comments-opened=\"0\" data-image-meta=\"{&quot;aperture&quot;:&quot;0&quot;,&quot;credit&quot;:&quot;&quot;,&quot;camera&quot;:&quot;&quot;,&quot;caption&quot;:&quot;&quot;,&quot;created_timestamp&quot;:&quot;0&quot;,&quot;copyright&quot;:&quot;&quot;,&quot;focal_length&quot;:&quot;0&quot;,&quot;iso&quot;:&quot;0&quot;,&quot;shutter_speed&quot;:&quot;0&quot;,&quot;title&quot;:&quot;&quot;,&quot;orientation&quot;:&quot;0&quot;}\" data-image-title=\"puycapel-calvinet-photo-ancienne-25\" data-image-description=\"\" data-image-caption=\"\" data-large-file=\"https:\/\/i0.wp.com\/puycapel.fr\/wp-content\/uploads\/2019\/03\/puycapel-calvinet-photo-ancienne-25.jpg?fit=1024%2C697&amp;ssl=1\" src=\"https:\/\/i1.wp.com\/puycapel.fr\/wp-content\/uploads\/2019\/03\/puycapel-calvinet-photo-ancienne-25.jpg?fit=700%2C476&amp;ssl=1\" alt=\"\" data-id=\"597\" data-link=\"https:\/\/puycapel.fr\/?attachment_id=597\" class=\"wp-image-597\" srcset=\"https:\/\/i0.wp.com\/puycapel.fr\/wp-content\/uploads\/2019\/03\/puycapel-calvinet-photo-ancienne-25.jpg?w=2048&amp;ssl=1 2048w, https:\/\/i0.wp.com\/puycapel.fr\/wp-content\/uploads\/2019\/03\/puycapel-calvinet-photo-ancienne-25.jpg?resize=300%2C204&amp;ssl=1 300w, https:\/\/i0.wp.com\/puycapel.fr\/wp-content\/uploads\/2019\/03\/puycapel-calvinet-photo-ancienne-25.jpg?resize=768%2C522&amp;ssl=1 768w, https:\/\/i0.wp.com\/puycapel.fr\/wp-content\/uploads\/2019\/03\/puycapel-calvinet-photo-ancienne-25.jpg?resize=1024%2C697&amp;ssl=1 1024w, https:\/\/i0.wp.com\/puycapel.fr\/wp-content\/uploads\/2019\/03\/puycapel-calvinet-photo-ancienne-25.jpg?resize=1320%2C898&amp;ssl=1 1320w\" sizes=\"auto, (max-width: 1000px) 100vw, 1000px\" \/><\/figure><\/li><li class=\"blocks-gallery-item\"><figure><img loading=\"lazy\" decoding=\"async\" width=\"2048\" height=\"1397\" data-attachment-id=\"598\" data-permalink=\"https:\/\/puycapel.fr\/index.php\/un-peu-dhistoire\/anviennes-photo\/puycapel-calvinet-photo-ancienne-26\/\" data-orig-file=\"https:\/\/i0.wp.com\/puycapel.fr\/wp-content\/uploads\/2019\/03\/puycapel-calvinet-photo-ancienne-26.jpg?fit=2048%2C1397&amp;ssl=1\" data-orig-size=\"2048,1397\" data-comments-opened=\"0\" data-image-meta=\"{&quot;aperture&quot;:&quot;0&quot;,&quot;credit&quot;:&quot;&quot;,&quot;camera&quot;:&quot;&quot;,&quot;caption&quot;:&quot;&quot;,&quot;created_timestamp&quot;:&quot;0&quot;,&quot;copyright&quot;:&quot;&quot;,&quot;focal_length&quot;:&quot;0&quot;,&quot;iso&quot;:&quot;0&quot;,&quot;shutter_speed&quot;:&quot;0&quot;,&quot;title&quot;:&quot;&quot;,&quot;orientation&quot;:&quot;0&quot;}\" data-image-title=\"puycapel-calvinet-photo-ancienne-26\" data-image-description=\"\" data-image-caption=\"\" data-large-file=\"https:\/\/i0.wp.com\/puycapel.fr\/wp-content\/uploads\/2019\/03\/puycapel-calvinet-photo-ancienne-26.jpg?fit=1024%2C699&amp;ssl=1\" src=\"https:\/\/i0.wp.com\/puycapel.fr\/wp-content\/uploads\/2019\/03\/puycapel-calvinet-photo-ancienne-26.jpg?fit=700%2C478&amp;ssl=1\" alt=\"\" data-id=\"598\" data-link=\"https:\/\/puycapel.fr\/?attachment_id=598\" class=\"wp-image-598\" srcset=\"https:\/\/i0.wp.com\/puycapel.fr\/wp-content\/uploads\/2019\/03\/puycapel-calvinet-photo-ancienne-26.jpg?w=2048&amp;ssl=1 2048w, https:\/\/i0.wp.com\/puycapel.fr\/wp-content\/uploads\/2019\/03\/puycapel-calvinet-photo-ancienne-26.jpg?resize=300%2C205&amp;ssl=1 300w, https:\/\/i0.wp.com\/puycapel.fr\/wp-content\/uploads\/2019\/03\/puycapel-calvinet-photo-ancienne-26.jpg?resize=768%2C524&amp;ssl=1 768w, https:\/\/i0.wp.com\/puycapel.fr\/wp-content\/uploads\/2019\/03\/puycapel-calvinet-photo-ancienne-26.jpg?resize=1024%2C699&amp;ssl=1 1024w, https:\/\/i0.wp.com\/puycapel.fr\/wp-content\/uploads\/2019\/03\/puycapel-calvinet-photo-ancienne-26.jpg?resize=1320%2C900&amp;ssl=1 1320w\" sizes=\"auto, (max-width: 1000px) 100vw, 1000px\" \/><\/figure><\/li><li class=\"blocks-gallery-item\"><figure><img loading=\"lazy\" decoding=\"async\" width=\"2048\" height=\"1457\" data-attachment-id=\"599\" data-permalink=\"https:\/\/puycapel.fr\/index.php\/un-peu-dhistoire\/anviennes-photo\/puycapel-calvinet-photo-ancienne-27\/\" data-orig-file=\"https:\/\/i0.wp.com\/puycapel.fr\/wp-content\/uploads\/2019\/03\/puycapel-calvinet-photo-ancienne-27.jpg?fit=2048%2C1457&amp;ssl=1\" data-orig-size=\"2048,1457\" data-comments-opened=\"0\" data-image-meta=\"{&quot;aperture&quot;:&quot;0&quot;,&quot;credit&quot;:&quot;&quot;,&quot;camera&quot;:&quot;&quot;,&quot;caption&quot;:&quot;&quot;,&quot;created_timestamp&quot;:&quot;0&quot;,&quot;copyright&quot;:&quot;&quot;,&quot;focal_length&quot;:&quot;0&quot;,&quot;iso&quot;:&quot;0&quot;,&quot;shutter_speed&quot;:&quot;0&quot;,&quot;title&quot;:&quot;&quot;,&quot;orientation&quot;:&quot;0&quot;}\" data-image-title=\"puycapel-calvinet-photo-ancienne-27\" data-image-description=\"\" data-image-caption=\"\" data-large-file=\"https:\/\/i0.wp.com\/puycapel.fr\/wp-content\/uploads\/2019\/03\/puycapel-calvinet-photo-ancienne-27.jpg?fit=1024%2C729&amp;ssl=1\" src=\"https:\/\/i2.wp.com\/puycapel.fr\/wp-content\/uploads\/2019\/03\/puycapel-calvinet-photo-ancienne-27.jpg?fit=700%2C498&amp;ssl=1\" alt=\"\" data-id=\"599\" data-link=\"https:\/\/puycapel.fr\/?attachment_id=599\" class=\"wp-image-599\" srcset=\"https:\/\/i0.wp.com\/puycapel.fr\/wp-content\/uploads\/2019\/03\/puycapel-calvinet-photo-ancienne-27.jpg?w=2048&amp;ssl=1 2048w, https:\/\/i0.wp.com\/puycapel.fr\/wp-content\/uploads\/2019\/03\/puycapel-calvinet-photo-ancienne-27.jpg?resize=300%2C213&amp;ssl=1 300w, https:\/\/i0.wp.com\/puycapel.fr\/wp-content\/uploads\/2019\/03\/puycapel-calvinet-photo-ancienne-27.jpg?resize=768%2C546&amp;ssl=1 768w, https:\/\/i0.wp.com\/puycapel.fr\/wp-content\/uploads\/2019\/03\/puycapel-calvinet-photo-ancienne-27.jpg?resize=1024%2C729&amp;ssl=1 1024w, https:\/\/i0.wp.com\/puycapel.fr\/wp-content\/uploads\/2019\/03\/puycapel-calvinet-photo-ancienne-27.jpg?resize=1320%2C939&amp;ssl=1 1320w\" sizes=\"auto, (max-width: 1000px) 100vw, 1000px\" \/><\/figure><\/li><li class=\"blocks-gallery-item\"><figure><img loading=\"lazy\" decoding=\"async\" width=\"2048\" height=\"1393\" data-attachment-id=\"600\" data-permalink=\"https:\/\/puycapel.fr\/index.php\/un-peu-dhistoire\/anviennes-photo\/puycapel-calvinet-photo-ancienne-28\/\" data-orig-file=\"https:\/\/i0.wp.com\/puycapel.fr\/wp-content\/uploads\/2019\/03\/puycapel-calvinet-photo-ancienne-28.jpg?fit=2048%2C1393&amp;ssl=1\" data-orig-size=\"2048,1393\" data-comments-opened=\"0\" data-image-meta=\"{&quot;aperture&quot;:&quot;0&quot;,&quot;credit&quot;:&quot;&quot;,&quot;camera&quot;:&quot;&quot;,&quot;caption&quot;:&quot;&quot;,&quot;created_timestamp&quot;:&quot;0&quot;,&quot;copyright&quot;:&quot;&quot;,&quot;focal_length&quot;:&quot;0&quot;,&quot;iso&quot;:&quot;0&quot;,&quot;shutter_speed&quot;:&quot;0&quot;,&quot;title&quot;:&quot;&quot;,&quot;orientation&quot;:&quot;0&quot;}\" data-image-title=\"puycapel-calvinet-photo-ancienne-28\" data-image-description=\"\" data-image-caption=\"\" data-large-file=\"https:\/\/i0.wp.com\/puycapel.fr\/wp-content\/uploads\/2019\/03\/puycapel-calvinet-photo-ancienne-28.jpg?fit=1024%2C697&amp;ssl=1\" src=\"https:\/\/i0.wp.com\/puycapel.fr\/wp-content\/uploads\/2019\/03\/puycapel-calvinet-photo-ancienne-28.jpg?fit=700%2C476&amp;ssl=1\" alt=\"\" data-id=\"600\" data-link=\"https:\/\/puycapel.fr\/?attachment_id=600\" class=\"wp-image-600\" srcset=\"https:\/\/i0.wp.com\/puycapel.fr\/wp-content\/uploads\/2019\/03\/puycapel-calvinet-photo-ancienne-28.jpg?w=2048&amp;ssl=1 2048w, https:\/\/i0.wp.com\/puycapel.fr\/wp-content\/uploads\/2019\/03\/puycapel-calvinet-photo-ancienne-28.jpg?resize=300%2C204&amp;ssl=1 300w, https:\/\/i0.wp.com\/puycapel.fr\/wp-content\/uploads\/2019\/03\/puycapel-calvinet-photo-ancienne-28.jpg?resize=768%2C522&amp;ssl=1 768w, https:\/\/i0.wp.com\/puycapel.fr\/wp-content\/uploads\/2019\/03\/puycapel-calvinet-photo-ancienne-28.jpg?resize=1024%2C697&amp;ssl=1 1024w, https:\/\/i0.wp.com\/puycapel.fr\/wp-content\/uploads\/2019\/03\/puycapel-calvinet-photo-ancienne-28.jpg?resize=1320%2C898&amp;ssl=1 1320w\" sizes=\"auto, (max-width: 1000px) 100vw, 1000px\" \/><\/figure><\/li><li class=\"blocks-gallery-item\"><figure><img loading=\"lazy\" decoding=\"async\" width=\"2048\" height=\"1393\" data-attachment-id=\"601\" data-permalink=\"https:\/\/puycapel.fr\/index.php\/un-peu-dhistoire\/anviennes-photo\/puycapel-calvinet-photo-ancienne-29\/\" data-orig-file=\"https:\/\/i0.wp.com\/puycapel.fr\/wp-content\/uploads\/2019\/03\/puycapel-calvinet-photo-ancienne-29.jpg?fit=2048%2C1393&amp;ssl=1\" data-orig-size=\"2048,1393\" data-comments-opened=\"0\" data-image-meta=\"{&quot;aperture&quot;:&quot;0&quot;,&quot;credit&quot;:&quot;&quot;,&quot;camera&quot;:&quot;&quot;,&quot;caption&quot;:&quot;&quot;,&quot;created_timestamp&quot;:&quot;0&quot;,&quot;copyright&quot;:&quot;&quot;,&quot;focal_length&quot;:&quot;0&quot;,&quot;iso&quot;:&quot;0&quot;,&quot;shutter_speed&quot;:&quot;0&quot;,&quot;title&quot;:&quot;&quot;,&quot;orientation&quot;:&quot;0&quot;}\" data-image-title=\"puycapel-calvinet-photo-ancienne-29\" data-image-description=\"\" data-image-caption=\"\" data-large-file=\"https:\/\/i0.wp.com\/puycapel.fr\/wp-content\/uploads\/2019\/03\/puycapel-calvinet-photo-ancienne-29.jpg?fit=1024%2C697&amp;ssl=1\" src=\"https:\/\/i0.wp.com\/puycapel.fr\/wp-content\/uploads\/2019\/03\/puycapel-calvinet-photo-ancienne-29.jpg?fit=700%2C476&amp;ssl=1\" alt=\"\" data-id=\"601\" data-link=\"https:\/\/puycapel.fr\/?attachment_id=601\" class=\"wp-image-601\" srcset=\"https:\/\/i0.wp.com\/puycapel.fr\/wp-content\/uploads\/2019\/03\/puycapel-calvinet-photo-ancienne-29.jpg?w=2048&amp;ssl=1 2048w, https:\/\/i0.wp.com\/puycapel.fr\/wp-content\/uploads\/2019\/03\/puycapel-calvinet-photo-ancienne-29.jpg?resize=300%2C204&amp;ssl=1 300w, https:\/\/i0.wp.com\/puycapel.fr\/wp-content\/uploads\/2019\/03\/puycapel-calvinet-photo-ancienne-29.jpg?resize=768%2C522&amp;ssl=1 768w, https:\/\/i0.wp.com\/puycapel.fr\/wp-content\/uploads\/2019\/03\/puycapel-calvinet-photo-ancienne-29.jpg?resize=1024%2C697&amp;ssl=1 1024w, https:\/\/i0.wp.com\/puycapel.fr\/wp-content\/uploads\/2019\/03\/puycapel-calvinet-photo-ancienne-29.jpg?resize=1320%2C898&amp;ssl=1 1320w\" sizes=\"auto, (max-width: 1000px) 100vw, 1000px\" \/><\/figure><\/li><li class=\"blocks-gallery-item\"><figure><img loading=\"lazy\" decoding=\"async\" width=\"2048\" height=\"1423\" data-attachment-id=\"602\" data-permalink=\"https:\/\/puycapel.fr\/index.php\/un-peu-dhistoire\/anviennes-photo\/puycapel-calvinet-photo-ancienne-30\/\" data-orig-file=\"https:\/\/i0.wp.com\/puycapel.fr\/wp-content\/uploads\/2019\/03\/puycapel-calvinet-photo-ancienne-30.jpg?fit=2048%2C1423&amp;ssl=1\" data-orig-size=\"2048,1423\" data-comments-opened=\"0\" data-image-meta=\"{&quot;aperture&quot;:&quot;0&quot;,&quot;credit&quot;:&quot;&quot;,&quot;camera&quot;:&quot;&quot;,&quot;caption&quot;:&quot;&quot;,&quot;created_timestamp&quot;:&quot;0&quot;,&quot;copyright&quot;:&quot;&quot;,&quot;focal_length&quot;:&quot;0&quot;,&quot;iso&quot;:&quot;0&quot;,&quot;shutter_speed&quot;:&quot;0&quot;,&quot;title&quot;:&quot;&quot;,&quot;orientation&quot;:&quot;0&quot;}\" data-image-title=\"puycapel-calvinet-photo-ancienne-30\" data-image-description=\"\" data-image-caption=\"\" data-large-file=\"https:\/\/i0.wp.com\/puycapel.fr\/wp-content\/uploads\/2019\/03\/puycapel-calvinet-photo-ancienne-30.jpg?fit=1024%2C712&amp;ssl=1\" src=\"https:\/\/i2.wp.com\/puycapel.fr\/wp-content\/uploads\/2019\/03\/puycapel-calvinet-photo-ancienne-30.jpg?fit=700%2C487&amp;ssl=1\" alt=\"\" data-id=\"602\" data-link=\"https:\/\/puycapel.fr\/?attachment_id=602\" class=\"wp-image-602\" srcset=\"https:\/\/i0.wp.com\/puycapel.fr\/wp-content\/uploads\/2019\/03\/puycapel-calvinet-photo-ancienne-30.jpg?w=2048&amp;ssl=1 2048w, https:\/\/i0.wp.com\/puycapel.fr\/wp-content\/uploads\/2019\/03\/puycapel-calvinet-photo-ancienne-30.jpg?resize=300%2C208&amp;ssl=1 300w, https:\/\/i0.wp.com\/puycapel.fr\/wp-content\/uploads\/2019\/03\/puycapel-calvinet-photo-ancienne-30.jpg?resize=768%2C534&amp;ssl=1 768w, https:\/\/i0.wp.com\/puycapel.fr\/wp-content\/uploads\/2019\/03\/puycapel-calvinet-photo-ancienne-30.jpg?resize=1024%2C712&amp;ssl=1 1024w, https:\/\/i0.wp.com\/puycapel.fr\/wp-content\/uploads\/2019\/03\/puycapel-calvinet-photo-ancienne-30.jpg?resize=1320%2C917&amp;ssl=1 1320w\" sizes=\"auto, (max-width: 1000px) 100vw, 1000px\" \/><\/figure><\/li><li class=\"blocks-gallery-item\"><figure><img loading=\"lazy\" decoding=\"async\" width=\"2048\" height=\"1354\" data-attachment-id=\"603\" data-permalink=\"https:\/\/puycapel.fr\/index.php\/un-peu-dhistoire\/anviennes-photo\/puycapel-calvinet-photo-ancienne-31\/\" data-orig-file=\"https:\/\/i0.wp.com\/puycapel.fr\/wp-content\/uploads\/2019\/03\/puycapel-calvinet-photo-ancienne-31.jpg?fit=2048%2C1354&amp;ssl=1\" data-orig-size=\"2048,1354\" data-comments-opened=\"0\" data-image-meta=\"{&quot;aperture&quot;:&quot;0&quot;,&quot;credit&quot;:&quot;&quot;,&quot;camera&quot;:&quot;&quot;,&quot;caption&quot;:&quot;&quot;,&quot;created_timestamp&quot;:&quot;0&quot;,&quot;copyright&quot;:&quot;&quot;,&quot;focal_length&quot;:&quot;0&quot;,&quot;iso&quot;:&quot;0&quot;,&quot;shutter_speed&quot;:&quot;0&quot;,&quot;title&quot;:&quot;&quot;,&quot;orientation&quot;:&quot;0&quot;}\" data-image-title=\"puycapel-calvinet-photo-ancienne-31\" data-image-description=\"\" data-image-caption=\"\" data-large-file=\"https:\/\/i0.wp.com\/puycapel.fr\/wp-content\/uploads\/2019\/03\/puycapel-calvinet-photo-ancienne-31.jpg?fit=1024%2C677&amp;ssl=1\" src=\"https:\/\/i1.wp.com\/puycapel.fr\/wp-content\/uploads\/2019\/03\/puycapel-calvinet-photo-ancienne-31.jpg?fit=700%2C463&amp;ssl=1\" alt=\"\" data-id=\"603\" data-link=\"https:\/\/puycapel.fr\/?attachment_id=603\" class=\"wp-image-603\" srcset=\"https:\/\/i0.wp.com\/puycapel.fr\/wp-content\/uploads\/2019\/03\/puycapel-calvinet-photo-ancienne-31.jpg?w=2048&amp;ssl=1 2048w, https:\/\/i0.wp.com\/puycapel.fr\/wp-content\/uploads\/2019\/03\/puycapel-calvinet-photo-ancienne-31.jpg?resize=300%2C198&amp;ssl=1 300w, https:\/\/i0.wp.com\/puycapel.fr\/wp-content\/uploads\/2019\/03\/puycapel-calvinet-photo-ancienne-31.jpg?resize=768%2C508&amp;ssl=1 768w, https:\/\/i0.wp.com\/puycapel.fr\/wp-content\/uploads\/2019\/03\/puycapel-calvinet-photo-ancienne-31.jpg?resize=1024%2C677&amp;ssl=1 1024w, https:\/\/i0.wp.com\/puycapel.fr\/wp-content\/uploads\/2019\/03\/puycapel-calvinet-photo-ancienne-31.jpg?resize=120%2C80&amp;ssl=1 120w, https:\/\/i0.wp.com\/puycapel.fr\/wp-content\/uploads\/2019\/03\/puycapel-calvinet-photo-ancienne-31.jpg?resize=1320%2C873&amp;ssl=1 1320w\" sizes=\"auto, (max-width: 1000px) 100vw, 1000px\" \/><\/figure><\/li><li class=\"blocks-gallery-item\"><figure><img loading=\"lazy\" decoding=\"async\" width=\"2048\" height=\"1383\" data-attachment-id=\"604\" data-permalink=\"https:\/\/puycapel.fr\/index.php\/un-peu-dhistoire\/anviennes-photo\/puycapel-calvinet-photo-ancienne-32\/\" data-orig-file=\"https:\/\/i0.wp.com\/puycapel.fr\/wp-content\/uploads\/2019\/03\/puycapel-calvinet-photo-ancienne-32.jpg?fit=2048%2C1383&amp;ssl=1\" data-orig-size=\"2048,1383\" data-comments-opened=\"0\" data-image-meta=\"{&quot;aperture&quot;:&quot;0&quot;,&quot;credit&quot;:&quot;&quot;,&quot;camera&quot;:&quot;&quot;,&quot;caption&quot;:&quot;&quot;,&quot;created_timestamp&quot;:&quot;0&quot;,&quot;copyright&quot;:&quot;&quot;,&quot;focal_length&quot;:&quot;0&quot;,&quot;iso&quot;:&quot;0&quot;,&quot;shutter_speed&quot;:&quot;0&quot;,&quot;title&quot;:&quot;&quot;,&quot;orientation&quot;:&quot;0&quot;}\" data-image-title=\"puycapel-calvinet-photo-ancienne-32\" data-image-description=\"\" data-image-caption=\"\" data-large-file=\"https:\/\/i0.wp.com\/puycapel.fr\/wp-content\/uploads\/2019\/03\/puycapel-calvinet-photo-ancienne-32.jpg?fit=1024%2C692&amp;ssl=1\" src=\"https:\/\/i2.wp.com\/puycapel.fr\/wp-content\/uploads\/2019\/03\/puycapel-calvinet-photo-ancienne-32.jpg?fit=700%2C473&amp;ssl=1\" alt=\"\" data-id=\"604\" data-link=\"https:\/\/puycapel.fr\/?attachment_id=604\" class=\"wp-image-604\" srcset=\"https:\/\/i0.wp.com\/puycapel.fr\/wp-content\/uploads\/2019\/03\/puycapel-calvinet-photo-ancienne-32.jpg?w=2048&amp;ssl=1 2048w, https:\/\/i0.wp.com\/puycapel.fr\/wp-content\/uploads\/2019\/03\/puycapel-calvinet-photo-ancienne-32.jpg?resize=300%2C203&amp;ssl=1 300w, https:\/\/i0.wp.com\/puycapel.fr\/wp-content\/uploads\/2019\/03\/puycapel-calvinet-photo-ancienne-32.jpg?resize=768%2C519&amp;ssl=1 768w, https:\/\/i0.wp.com\/puycapel.fr\/wp-content\/uploads\/2019\/03\/puycapel-calvinet-photo-ancienne-32.jpg?resize=1024%2C692&amp;ssl=1 1024w, https:\/\/i0.wp.com\/puycapel.fr\/wp-content\/uploads\/2019\/03\/puycapel-calvinet-photo-ancienne-32.jpg?resize=120%2C80&amp;ssl=1 120w, https:\/\/i0.wp.com\/puycapel.fr\/wp-content\/uploads\/2019\/03\/puycapel-calvinet-photo-ancienne-32.jpg?resize=1320%2C891&amp;ssl=1 1320w\" sizes=\"auto, (max-width: 1000px) 100vw, 1000px\" \/><\/figure><\/li><li class=\"blocks-gallery-item\"><figure><img loading=\"lazy\" decoding=\"async\" width=\"2048\" height=\"1403\" data-attachment-id=\"605\" data-permalink=\"https:\/\/puycapel.fr\/index.php\/un-peu-dhistoire\/anviennes-photo\/puycapel-calvinet-photo-ancienne-33\/\" data-orig-file=\"https:\/\/i0.wp.com\/puycapel.fr\/wp-content\/uploads\/2019\/03\/puycapel-calvinet-photo-ancienne-33.jpg?fit=2048%2C1403&amp;ssl=1\" data-orig-size=\"2048,1403\" data-comments-opened=\"0\" data-image-meta=\"{&quot;aperture&quot;:&quot;0&quot;,&quot;credit&quot;:&quot;&quot;,&quot;camera&quot;:&quot;&quot;,&quot;caption&quot;:&quot;&quot;,&quot;created_timestamp&quot;:&quot;0&quot;,&quot;copyright&quot;:&quot;&quot;,&quot;focal_length&quot;:&quot;0&quot;,&quot;iso&quot;:&quot;0&quot;,&quot;shutter_speed&quot;:&quot;0&quot;,&quot;title&quot;:&quot;&quot;,&quot;orientation&quot;:&quot;0&quot;}\" data-image-title=\"puycapel-calvinet-photo-ancienne-33\" data-image-description=\"\" data-image-caption=\"\" data-large-file=\"https:\/\/i0.wp.com\/puycapel.fr\/wp-content\/uploads\/2019\/03\/puycapel-calvinet-photo-ancienne-33.jpg?fit=1024%2C702&amp;ssl=1\" src=\"https:\/\/i1.wp.com\/puycapel.fr\/wp-content\/uploads\/2019\/03\/puycapel-calvinet-photo-ancienne-33.jpg?fit=700%2C480&amp;ssl=1\" alt=\"\" data-id=\"605\" data-link=\"https:\/\/puycapel.fr\/?attachment_id=605\" class=\"wp-image-605\" srcset=\"https:\/\/i0.wp.com\/puycapel.fr\/wp-content\/uploads\/2019\/03\/puycapel-calvinet-photo-ancienne-33.jpg?w=2048&amp;ssl=1 2048w, https:\/\/i0.wp.com\/puycapel.fr\/wp-content\/uploads\/2019\/03\/puycapel-calvinet-photo-ancienne-33.jpg?resize=300%2C206&amp;ssl=1 300w, https:\/\/i0.wp.com\/puycapel.fr\/wp-content\/uploads\/2019\/03\/puycapel-calvinet-photo-ancienne-33.jpg?resize=768%2C526&amp;ssl=1 768w, https:\/\/i0.wp.com\/puycapel.fr\/wp-content\/uploads\/2019\/03\/puycapel-calvinet-photo-ancienne-33.jpg?resize=1024%2C702&amp;ssl=1 1024w, https:\/\/i0.wp.com\/puycapel.fr\/wp-content\/uploads\/2019\/03\/puycapel-calvinet-photo-ancienne-33.jpg?resize=1320%2C904&amp;ssl=1 1320w\" sizes=\"auto, (max-width: 1000px) 100vw, 1000px\" \/><\/figure><\/li><li class=\"blocks-gallery-item\"><figure><img loading=\"lazy\" decoding=\"async\" width=\"2048\" height=\"1276\" data-attachment-id=\"606\" data-permalink=\"https:\/\/puycapel.fr\/index.php\/un-peu-dhistoire\/anviennes-photo\/puycapel-calvinet-photo-ancienne-34\/\" data-orig-file=\"https:\/\/i0.wp.com\/puycapel.fr\/wp-content\/uploads\/2019\/03\/puycapel-calvinet-photo-ancienne-34.jpg?fit=2048%2C1276&amp;ssl=1\" data-orig-size=\"2048,1276\" data-comments-opened=\"0\" data-image-meta=\"{&quot;aperture&quot;:&quot;0&quot;,&quot;credit&quot;:&quot;&quot;,&quot;camera&quot;:&quot;&quot;,&quot;caption&quot;:&quot;&quot;,&quot;created_timestamp&quot;:&quot;0&quot;,&quot;copyright&quot;:&quot;&quot;,&quot;focal_length&quot;:&quot;0&quot;,&quot;iso&quot;:&quot;0&quot;,&quot;shutter_speed&quot;:&quot;0&quot;,&quot;title&quot;:&quot;&quot;,&quot;orientation&quot;:&quot;0&quot;}\" data-image-title=\"puycapel-calvinet-photo-ancienne-34\" data-image-description=\"\" data-image-caption=\"\" data-large-file=\"https:\/\/i0.wp.com\/puycapel.fr\/wp-content\/uploads\/2019\/03\/puycapel-calvinet-photo-ancienne-34.jpg?fit=1024%2C638&amp;ssl=1\" src=\"https:\/\/i0.wp.com\/puycapel.fr\/wp-content\/uploads\/2019\/03\/puycapel-calvinet-photo-ancienne-34.jpg?fit=700%2C436&amp;ssl=1\" alt=\"\" data-id=\"606\" data-link=\"https:\/\/puycapel.fr\/?attachment_id=606\" class=\"wp-image-606\" srcset=\"https:\/\/i0.wp.com\/puycapel.fr\/wp-content\/uploads\/2019\/03\/puycapel-calvinet-photo-ancienne-34.jpg?w=2048&amp;ssl=1 2048w, https:\/\/i0.wp.com\/puycapel.fr\/wp-content\/uploads\/2019\/03\/puycapel-calvinet-photo-ancienne-34.jpg?resize=300%2C187&amp;ssl=1 300w, https:\/\/i0.wp.com\/puycapel.fr\/wp-content\/uploads\/2019\/03\/puycapel-calvinet-photo-ancienne-34.jpg?resize=768%2C479&amp;ssl=1 768w, https:\/\/i0.wp.com\/puycapel.fr\/wp-content\/uploads\/2019\/03\/puycapel-calvinet-photo-ancienne-34.jpg?resize=1024%2C638&amp;ssl=1 1024w, https:\/\/i0.wp.com\/puycapel.fr\/wp-content\/uploads\/2019\/03\/puycapel-calvinet-photo-ancienne-34.jpg?resize=820%2C510&amp;ssl=1 820w, https:\/\/i0.wp.com\/puycapel.fr\/wp-content\/uploads\/2019\/03\/puycapel-calvinet-photo-ancienne-34.jpg?resize=1320%2C822&amp;ssl=1 1320w\" sizes=\"auto, (max-width: 1000px) 100vw, 1000px\" \/><\/figure><\/li><li class=\"blocks-gallery-item\"><figure><img loading=\"lazy\" decoding=\"async\" width=\"2048\" height=\"1330\" data-attachment-id=\"607\" data-permalink=\"https:\/\/puycapel.fr\/index.php\/un-peu-dhistoire\/anviennes-photo\/puycapel-calvinet-photo-ancienne-35\/\" data-orig-file=\"https:\/\/i0.wp.com\/puycapel.fr\/wp-content\/uploads\/2019\/03\/puycapel-calvinet-photo-ancienne-35.jpg?fit=2048%2C1330&amp;ssl=1\" data-orig-size=\"2048,1330\" data-comments-opened=\"0\" data-image-meta=\"{&quot;aperture&quot;:&quot;0&quot;,&quot;credit&quot;:&quot;&quot;,&quot;camera&quot;:&quot;&quot;,&quot;caption&quot;:&quot;&quot;,&quot;created_timestamp&quot;:&quot;0&quot;,&quot;copyright&quot;:&quot;&quot;,&quot;focal_length&quot;:&quot;0&quot;,&quot;iso&quot;:&quot;0&quot;,&quot;shutter_speed&quot;:&quot;0&quot;,&quot;title&quot;:&quot;&quot;,&quot;orientation&quot;:&quot;0&quot;}\" data-image-title=\"puycapel-calvinet-photo-ancienne-35\" data-image-description=\"\" data-image-caption=\"\" data-large-file=\"https:\/\/i0.wp.com\/puycapel.fr\/wp-content\/uploads\/2019\/03\/puycapel-calvinet-photo-ancienne-35.jpg?fit=1024%2C665&amp;ssl=1\" src=\"https:\/\/i2.wp.com\/puycapel.fr\/wp-content\/uploads\/2019\/03\/puycapel-calvinet-photo-ancienne-35.jpg?fit=700%2C455&amp;ssl=1\" alt=\"\" data-id=\"607\" data-link=\"https:\/\/puycapel.fr\/?attachment_id=607\" class=\"wp-image-607\" srcset=\"https:\/\/i0.wp.com\/puycapel.fr\/wp-content\/uploads\/2019\/03\/puycapel-calvinet-photo-ancienne-35.jpg?w=2048&amp;ssl=1 2048w, https:\/\/i0.wp.com\/puycapel.fr\/wp-content\/uploads\/2019\/03\/puycapel-calvinet-photo-ancienne-35.jpg?resize=300%2C195&amp;ssl=1 300w, https:\/\/i0.wp.com\/puycapel.fr\/wp-content\/uploads\/2019\/03\/puycapel-calvinet-photo-ancienne-35.jpg?resize=768%2C499&amp;ssl=1 768w, https:\/\/i0.wp.com\/puycapel.fr\/wp-content\/uploads\/2019\/03\/puycapel-calvinet-photo-ancienne-35.jpg?resize=1024%2C665&amp;ssl=1 1024w, https:\/\/i0.wp.com\/puycapel.fr\/wp-content\/uploads\/2019\/03\/puycapel-calvinet-photo-ancienne-35.jpg?resize=1320%2C857&amp;ssl=1 1320w\" sizes=\"auto, (max-width: 1000px) 100vw, 1000px\" \/><\/figure><\/li><li class=\"blocks-gallery-item\"><figure><img loading=\"lazy\" decoding=\"async\" width=\"2048\" height=\"1430\" data-attachment-id=\"608\" data-permalink=\"https:\/\/puycapel.fr\/index.php\/un-peu-dhistoire\/anviennes-photo\/puycapel-calvinet-photo-ancienne-36\/\" data-orig-file=\"https:\/\/i0.wp.com\/puycapel.fr\/wp-content\/uploads\/2019\/03\/puycapel-calvinet-photo-ancienne-36.jpg?fit=2048%2C1430&amp;ssl=1\" data-orig-size=\"2048,1430\" data-comments-opened=\"0\" data-image-meta=\"{&quot;aperture&quot;:&quot;0&quot;,&quot;credit&quot;:&quot;&quot;,&quot;camera&quot;:&quot;&quot;,&quot;caption&quot;:&quot;&quot;,&quot;created_timestamp&quot;:&quot;0&quot;,&quot;copyright&quot;:&quot;&quot;,&quot;focal_length&quot;:&quot;0&quot;,&quot;iso&quot;:&quot;0&quot;,&quot;shutter_speed&quot;:&quot;0&quot;,&quot;title&quot;:&quot;&quot;,&quot;orientation&quot;:&quot;0&quot;}\" data-image-title=\"puycapel-calvinet-photo-ancienne-36\" data-image-description=\"\" data-image-caption=\"\" data-large-file=\"https:\/\/i0.wp.com\/puycapel.fr\/wp-content\/uploads\/2019\/03\/puycapel-calvinet-photo-ancienne-36.jpg?fit=1024%2C715&amp;ssl=1\" src=\"https:\/\/i1.wp.com\/puycapel.fr\/wp-content\/uploads\/2019\/03\/puycapel-calvinet-photo-ancienne-36.jpg?fit=700%2C489&amp;ssl=1\" alt=\"\" data-id=\"608\" data-link=\"https:\/\/puycapel.fr\/?attachment_id=608\" class=\"wp-image-608\" srcset=\"https:\/\/i0.wp.com\/puycapel.fr\/wp-content\/uploads\/2019\/03\/puycapel-calvinet-photo-ancienne-36.jpg?w=2048&amp;ssl=1 2048w, https:\/\/i0.wp.com\/puycapel.fr\/wp-content\/uploads\/2019\/03\/puycapel-calvinet-photo-ancienne-36.jpg?resize=300%2C209&amp;ssl=1 300w, https:\/\/i0.wp.com\/puycapel.fr\/wp-content\/uploads\/2019\/03\/puycapel-calvinet-photo-ancienne-36.jpg?resize=768%2C536&amp;ssl=1 768w, https:\/\/i0.wp.com\/puycapel.fr\/wp-content\/uploads\/2019\/03\/puycapel-calvinet-photo-ancienne-36.jpg?resize=1024%2C715&amp;ssl=1 1024w, https:\/\/i0.wp.com\/puycapel.fr\/wp-content\/uploads\/2019\/03\/puycapel-calvinet-photo-ancienne-36.jpg?resize=1320%2C922&amp;ssl=1 1320w\" sizes=\"auto, (max-width: 1000px) 100vw, 1000px\" \/><\/figure><\/li><li class=\"blocks-gallery-item\"><figure><img loading=\"lazy\" decoding=\"async\" width=\"2048\" height=\"1269\" data-attachment-id=\"609\" data-permalink=\"https:\/\/puycapel.fr\/index.php\/un-peu-dhistoire\/anviennes-photo\/puycapel-calvinet-photo-ancienne-37\/\" data-orig-file=\"https:\/\/i0.wp.com\/puycapel.fr\/wp-content\/uploads\/2019\/03\/puycapel-calvinet-photo-ancienne-37.jpg?fit=2048%2C1269&amp;ssl=1\" data-orig-size=\"2048,1269\" data-comments-opened=\"0\" data-image-meta=\"{&quot;aperture&quot;:&quot;0&quot;,&quot;credit&quot;:&quot;&quot;,&quot;camera&quot;:&quot;&quot;,&quot;caption&quot;:&quot;&quot;,&quot;created_timestamp&quot;:&quot;0&quot;,&quot;copyright&quot;:&quot;&quot;,&quot;focal_length&quot;:&quot;0&quot;,&quot;iso&quot;:&quot;0&quot;,&quot;shutter_speed&quot;:&quot;0&quot;,&quot;title&quot;:&quot;&quot;,&quot;orientation&quot;:&quot;0&quot;}\" data-image-title=\"puycapel-calvinet-photo-ancienne-37\" data-image-description=\"\" data-image-caption=\"\" data-large-file=\"https:\/\/i0.wp.com\/puycapel.fr\/wp-content\/uploads\/2019\/03\/puycapel-calvinet-photo-ancienne-37.jpg?fit=1024%2C635&amp;ssl=1\" src=\"https:\/\/i1.wp.com\/puycapel.fr\/wp-content\/uploads\/2019\/03\/puycapel-calvinet-photo-ancienne-37.jpg?fit=700%2C434&amp;ssl=1\" alt=\"\" data-id=\"609\" data-link=\"https:\/\/puycapel.fr\/?attachment_id=609\" class=\"wp-image-609\" srcset=\"https:\/\/i0.wp.com\/puycapel.fr\/wp-content\/uploads\/2019\/03\/puycapel-calvinet-photo-ancienne-37.jpg?w=2048&amp;ssl=1 2048w, https:\/\/i0.wp.com\/puycapel.fr\/wp-content\/uploads\/2019\/03\/puycapel-calvinet-photo-ancienne-37.jpg?resize=300%2C186&amp;ssl=1 300w, https:\/\/i0.wp.com\/puycapel.fr\/wp-content\/uploads\/2019\/03\/puycapel-calvinet-photo-ancienne-37.jpg?resize=768%2C476&amp;ssl=1 768w, https:\/\/i0.wp.com\/puycapel.fr\/wp-content\/uploads\/2019\/03\/puycapel-calvinet-photo-ancienne-37.jpg?resize=1024%2C635&amp;ssl=1 1024w, https:\/\/i0.wp.com\/puycapel.fr\/wp-content\/uploads\/2019\/03\/puycapel-calvinet-photo-ancienne-37.jpg?resize=1320%2C818&amp;ssl=1 1320w\" sizes=\"auto, (max-width: 1000px) 100vw, 1000px\" \/><\/figure><\/li><li class=\"blocks-gallery-item\"><figure><img loading=\"lazy\" decoding=\"async\" width=\"2048\" height=\"1379\" data-attachment-id=\"610\" data-permalink=\"https:\/\/puycapel.fr\/index.php\/un-peu-dhistoire\/anviennes-photo\/puycapel-calvinet-photo-ancienne-38\/\" data-orig-file=\"https:\/\/i0.wp.com\/puycapel.fr\/wp-content\/uploads\/2019\/03\/puycapel-calvinet-photo-ancienne-38.jpg?fit=2048%2C1379&amp;ssl=1\" data-orig-size=\"2048,1379\" data-comments-opened=\"0\" data-image-meta=\"{&quot;aperture&quot;:&quot;0&quot;,&quot;credit&quot;:&quot;&quot;,&quot;camera&quot;:&quot;&quot;,&quot;caption&quot;:&quot;&quot;,&quot;created_timestamp&quot;:&quot;0&quot;,&quot;copyright&quot;:&quot;&quot;,&quot;focal_length&quot;:&quot;0&quot;,&quot;iso&quot;:&quot;0&quot;,&quot;shutter_speed&quot;:&quot;0&quot;,&quot;title&quot;:&quot;&quot;,&quot;orientation&quot;:&quot;0&quot;}\" data-image-title=\"puycapel-calvinet-photo-ancienne-38\" data-image-description=\"\" data-image-caption=\"\" data-large-file=\"https:\/\/i0.wp.com\/puycapel.fr\/wp-content\/uploads\/2019\/03\/puycapel-calvinet-photo-ancienne-38.jpg?fit=1024%2C690&amp;ssl=1\" src=\"https:\/\/i0.wp.com\/puycapel.fr\/wp-content\/uploads\/2019\/03\/puycapel-calvinet-photo-ancienne-38.jpg?fit=700%2C472&amp;ssl=1\" alt=\"\" data-id=\"610\" data-link=\"https:\/\/puycapel.fr\/?attachment_id=610\" class=\"wp-image-610\" srcset=\"https:\/\/i0.wp.com\/puycapel.fr\/wp-content\/uploads\/2019\/03\/puycapel-calvinet-photo-ancienne-38.jpg?w=2048&amp;ssl=1 2048w, https:\/\/i0.wp.com\/puycapel.fr\/wp-content\/uploads\/2019\/03\/puycapel-calvinet-photo-ancienne-38.jpg?resize=300%2C202&amp;ssl=1 300w, https:\/\/i0.wp.com\/puycapel.fr\/wp-content\/uploads\/2019\/03\/puycapel-calvinet-photo-ancienne-38.jpg?resize=768%2C517&amp;ssl=1 768w, https:\/\/i0.wp.com\/puycapel.fr\/wp-content\/uploads\/2019\/03\/puycapel-calvinet-photo-ancienne-38.jpg?resize=1024%2C690&amp;ssl=1 1024w, https:\/\/i0.wp.com\/puycapel.fr\/wp-content\/uploads\/2019\/03\/puycapel-calvinet-photo-ancienne-38.jpg?resize=120%2C80&amp;ssl=1 120w, https:\/\/i0.wp.com\/puycapel.fr\/wp-content\/uploads\/2019\/03\/puycapel-calvinet-photo-ancienne-38.jpg?resize=1320%2C889&amp;ssl=1 1320w\" sizes=\"auto, (max-width: 1000px) 100vw, 1000px\" \/><\/figure><\/li><li class=\"blocks-gallery-item\"><figure><img loading=\"lazy\" decoding=\"async\" width=\"2048\" height=\"1283\" data-attachment-id=\"611\" data-permalink=\"https:\/\/puycapel.fr\/index.php\/un-peu-dhistoire\/anviennes-photo\/puycapel-calvinet-photo-ancienne-39\/\" data-orig-file=\"https:\/\/i0.wp.com\/puycapel.fr\/wp-content\/uploads\/2019\/03\/puycapel-calvinet-photo-ancienne-39.jpg?fit=2048%2C1283&amp;ssl=1\" data-orig-size=\"2048,1283\" data-comments-opened=\"0\" data-image-meta=\"{&quot;aperture&quot;:&quot;0&quot;,&quot;credit&quot;:&quot;&quot;,&quot;camera&quot;:&quot;&quot;,&quot;caption&quot;:&quot;&quot;,&quot;created_timestamp&quot;:&quot;0&quot;,&quot;copyright&quot;:&quot;&quot;,&quot;focal_length&quot;:&quot;0&quot;,&quot;iso&quot;:&quot;0&quot;,&quot;shutter_speed&quot;:&quot;0&quot;,&quot;title&quot;:&quot;&quot;,&quot;orientation&quot;:&quot;0&quot;}\" data-image-title=\"puycapel-calvinet-photo-ancienne-39\" data-image-description=\"\" data-image-caption=\"\" data-large-file=\"https:\/\/i0.wp.com\/puycapel.fr\/wp-content\/uploads\/2019\/03\/puycapel-calvinet-photo-ancienne-39.jpg?fit=1024%2C642&amp;ssl=1\" src=\"https:\/\/i1.wp.com\/puycapel.fr\/wp-content\/uploads\/2019\/03\/puycapel-calvinet-photo-ancienne-39.jpg?fit=700%2C439&amp;ssl=1\" alt=\"\" data-id=\"611\" data-link=\"https:\/\/puycapel.fr\/?attachment_id=611\" class=\"wp-image-611\" srcset=\"https:\/\/i0.wp.com\/puycapel.fr\/wp-content\/uploads\/2019\/03\/puycapel-calvinet-photo-ancienne-39.jpg?w=2048&amp;ssl=1 2048w, https:\/\/i0.wp.com\/puycapel.fr\/wp-content\/uploads\/2019\/03\/puycapel-calvinet-photo-ancienne-39.jpg?resize=300%2C188&amp;ssl=1 300w, https:\/\/i0.wp.com\/puycapel.fr\/wp-content\/uploads\/2019\/03\/puycapel-calvinet-photo-ancienne-39.jpg?resize=768%2C481&amp;ssl=1 768w, https:\/\/i0.wp.com\/puycapel.fr\/wp-content\/uploads\/2019\/03\/puycapel-calvinet-photo-ancienne-39.jpg?resize=1024%2C642&amp;ssl=1 1024w, https:\/\/i0.wp.com\/puycapel.fr\/wp-content\/uploads\/2019\/03\/puycapel-calvinet-photo-ancienne-39.jpg?resize=1320%2C827&amp;ssl=1 1320w\" sizes=\"auto, (max-width: 1000px) 100vw, 1000px\" \/><\/figure><\/li><li class=\"blocks-gallery-item\"><figure><img loading=\"lazy\" decoding=\"async\" width=\"2048\" height=\"1305\" data-attachment-id=\"612\" data-permalink=\"https:\/\/puycapel.fr\/index.php\/un-peu-dhistoire\/anviennes-photo\/puycapel-calvinet-photo-ancienne-40\/\" data-orig-file=\"https:\/\/i0.wp.com\/puycapel.fr\/wp-content\/uploads\/2019\/03\/puycapel-calvinet-photo-ancienne-40.jpg?fit=2048%2C1305&amp;ssl=1\" data-orig-size=\"2048,1305\" data-comments-opened=\"0\" data-image-meta=\"{&quot;aperture&quot;:&quot;0&quot;,&quot;credit&quot;:&quot;&quot;,&quot;camera&quot;:&quot;&quot;,&quot;caption&quot;:&quot;&quot;,&quot;created_timestamp&quot;:&quot;0&quot;,&quot;copyright&quot;:&quot;&quot;,&quot;focal_length&quot;:&quot;0&quot;,&quot;iso&quot;:&quot;0&quot;,&quot;shutter_speed&quot;:&quot;0&quot;,&quot;title&quot;:&quot;&quot;,&quot;orientation&quot;:&quot;0&quot;}\" data-image-title=\"puycapel-calvinet-photo-ancienne-40\" data-image-description=\"\" data-image-caption=\"\" data-large-file=\"https:\/\/i0.wp.com\/puycapel.fr\/wp-content\/uploads\/2019\/03\/puycapel-calvinet-photo-ancienne-40.jpg?fit=1024%2C653&amp;ssl=1\" src=\"https:\/\/i1.wp.com\/puycapel.fr\/wp-content\/uploads\/2019\/03\/puycapel-calvinet-photo-ancienne-40.jpg?fit=700%2C446&amp;ssl=1\" alt=\"\" data-id=\"612\" data-link=\"https:\/\/puycapel.fr\/?attachment_id=612\" class=\"wp-image-612\" srcset=\"https:\/\/i0.wp.com\/puycapel.fr\/wp-content\/uploads\/2019\/03\/puycapel-calvinet-photo-ancienne-40.jpg?w=2048&amp;ssl=1 2048w, https:\/\/i0.wp.com\/puycapel.fr\/wp-content\/uploads\/2019\/03\/puycapel-calvinet-photo-ancienne-40.jpg?resize=300%2C191&amp;ssl=1 300w, https:\/\/i0.wp.com\/puycapel.fr\/wp-content\/uploads\/2019\/03\/puycapel-calvinet-photo-ancienne-40.jpg?resize=768%2C489&amp;ssl=1 768w, https:\/\/i0.wp.com\/puycapel.fr\/wp-content\/uploads\/2019\/03\/puycapel-calvinet-photo-ancienne-40.jpg?resize=1024%2C653&amp;ssl=1 1024w, https:\/\/i0.wp.com\/puycapel.fr\/wp-content\/uploads\/2019\/03\/puycapel-calvinet-photo-ancienne-40.jpg?resize=1320%2C841&amp;ssl=1 1320w\" sizes=\"auto, (max-width: 1000px) 100vw, 1000px\" \/><\/figure><\/li><li class=\"blocks-gallery-item\"><figure><img loading=\"lazy\" decoding=\"async\" width=\"2048\" height=\"1503\" data-attachment-id=\"613\" data-permalink=\"https:\/\/puycapel.fr\/index.php\/un-peu-dhistoire\/anviennes-photo\/puycapel-calvinet-photo-ancienne-41\/\" data-orig-file=\"https:\/\/i0.wp.com\/puycapel.fr\/wp-content\/uploads\/2019\/03\/puycapel-calvinet-photo-ancienne-41.jpg?fit=2048%2C1503&amp;ssl=1\" data-orig-size=\"2048,1503\" data-comments-opened=\"0\" data-image-meta=\"{&quot;aperture&quot;:&quot;0&quot;,&quot;credit&quot;:&quot;&quot;,&quot;camera&quot;:&quot;&quot;,&quot;caption&quot;:&quot;&quot;,&quot;created_timestamp&quot;:&quot;0&quot;,&quot;copyright&quot;:&quot;&quot;,&quot;focal_length&quot;:&quot;0&quot;,&quot;iso&quot;:&quot;0&quot;,&quot;shutter_speed&quot;:&quot;0&quot;,&quot;title&quot;:&quot;&quot;,&quot;orientation&quot;:&quot;0&quot;}\" data-image-title=\"puycapel-calvinet-photo-ancienne-41\" data-image-description=\"\" data-image-caption=\"\" data-large-file=\"https:\/\/i0.wp.com\/puycapel.fr\/wp-content\/uploads\/2019\/03\/puycapel-calvinet-photo-ancienne-41.jpg?fit=1024%2C752&amp;ssl=1\" src=\"https:\/\/i1.wp.com\/puycapel.fr\/wp-content\/uploads\/2019\/03\/puycapel-calvinet-photo-ancienne-41.jpg?fit=700%2C514&amp;ssl=1\" alt=\"\" data-id=\"613\" data-link=\"https:\/\/puycapel.fr\/?attachment_id=613\" class=\"wp-image-613\" srcset=\"https:\/\/i0.wp.com\/puycapel.fr\/wp-content\/uploads\/2019\/03\/puycapel-calvinet-photo-ancienne-41.jpg?w=2048&amp;ssl=1 2048w, https:\/\/i0.wp.com\/puycapel.fr\/wp-content\/uploads\/2019\/03\/puycapel-calvinet-photo-ancienne-41.jpg?resize=300%2C220&amp;ssl=1 300w, https:\/\/i0.wp.com\/puycapel.fr\/wp-content\/uploads\/2019\/03\/puycapel-calvinet-photo-ancienne-41.jpg?resize=768%2C564&amp;ssl=1 768w, https:\/\/i0.wp.com\/puycapel.fr\/wp-content\/uploads\/2019\/03\/puycapel-calvinet-photo-ancienne-41.jpg?resize=1024%2C752&amp;ssl=1 1024w, https:\/\/i0.wp.com\/puycapel.fr\/wp-content\/uploads\/2019\/03\/puycapel-calvinet-photo-ancienne-41.jpg?resize=1320%2C969&amp;ssl=1 1320w\" sizes=\"auto, (max-width: 1000px) 100vw, 1000px\" \/><\/figure><\/li><li class=\"blocks-gallery-item\"><figure><img loading=\"lazy\" decoding=\"async\" width=\"2048\" height=\"1422\" data-attachment-id=\"614\" data-permalink=\"https:\/\/puycapel.fr\/index.php\/un-peu-dhistoire\/anviennes-photo\/puycapel-calvinet-photo-ancienne-42\/\" data-orig-file=\"https:\/\/i0.wp.com\/puycapel.fr\/wp-content\/uploads\/2019\/03\/puycapel-calvinet-photo-ancienne-42.jpg?fit=2048%2C1422&amp;ssl=1\" data-orig-size=\"2048,1422\" data-comments-opened=\"0\" data-image-meta=\"{&quot;aperture&quot;:&quot;0&quot;,&quot;credit&quot;:&quot;&quot;,&quot;camera&quot;:&quot;&quot;,&quot;caption&quot;:&quot;&quot;,&quot;created_timestamp&quot;:&quot;0&quot;,&quot;copyright&quot;:&quot;&quot;,&quot;focal_length&quot;:&quot;0&quot;,&quot;iso&quot;:&quot;0&quot;,&quot;shutter_speed&quot;:&quot;0&quot;,&quot;title&quot;:&quot;&quot;,&quot;orientation&quot;:&quot;0&quot;}\" data-image-title=\"puycapel-calvinet-photo-ancienne-42\" data-image-description=\"\" data-image-caption=\"\" data-large-file=\"https:\/\/i0.wp.com\/puycapel.fr\/wp-content\/uploads\/2019\/03\/puycapel-calvinet-photo-ancienne-42.jpg?fit=1024%2C711&amp;ssl=1\" src=\"https:\/\/i2.wp.com\/puycapel.fr\/wp-content\/uploads\/2019\/03\/puycapel-calvinet-photo-ancienne-42.jpg?fit=700%2C486&amp;ssl=1\" alt=\"\" data-id=\"614\" data-link=\"https:\/\/puycapel.fr\/?attachment_id=614\" class=\"wp-image-614\" srcset=\"https:\/\/i0.wp.com\/puycapel.fr\/wp-content\/uploads\/2019\/03\/puycapel-calvinet-photo-ancienne-42.jpg?w=2048&amp;ssl=1 2048w, https:\/\/i0.wp.com\/puycapel.fr\/wp-content\/uploads\/2019\/03\/puycapel-calvinet-photo-ancienne-42.jpg?resize=300%2C208&amp;ssl=1 300w, https:\/\/i0.wp.com\/puycapel.fr\/wp-content\/uploads\/2019\/03\/puycapel-calvinet-photo-ancienne-42.jpg?resize=768%2C533&amp;ssl=1 768w, https:\/\/i0.wp.com\/puycapel.fr\/wp-content\/uploads\/2019\/03\/puycapel-calvinet-photo-ancienne-42.jpg?resize=1024%2C711&amp;ssl=1 1024w, https:\/\/i0.wp.com\/puycapel.fr\/wp-content\/uploads\/2019\/03\/puycapel-calvinet-photo-ancienne-42.jpg?resize=1320%2C917&amp;ssl=1 1320w\" sizes=\"auto, (max-width: 1000px) 100vw, 1000px\" \/><\/figure><\/li><li class=\"blocks-gallery-item\"><figure><img loading=\"lazy\" decoding=\"async\" width=\"1328\" height=\"861\" data-attachment-id=\"615\" data-permalink=\"https:\/\/puycapel.fr\/index.php\/un-peu-dhistoire\/anviennes-photo\/puycapel-calvinet-photo-ancienne-43\/\" data-orig-file=\"https:\/\/i0.wp.com\/puycapel.fr\/wp-content\/uploads\/2019\/03\/puycapel-calvinet-photo-ancienne-43.jpg?fit=1328%2C861&amp;ssl=1\" data-orig-size=\"1328,861\" data-comments-opened=\"0\" data-image-meta=\"{&quot;aperture&quot;:&quot;0&quot;,&quot;credit&quot;:&quot;&quot;,&quot;camera&quot;:&quot;&quot;,&quot;caption&quot;:&quot;&quot;,&quot;created_timestamp&quot;:&quot;0&quot;,&quot;copyright&quot;:&quot;&quot;,&quot;focal_length&quot;:&quot;0&quot;,&quot;iso&quot;:&quot;0&quot;,&quot;shutter_speed&quot;:&quot;0&quot;,&quot;title&quot;:&quot;&quot;,&quot;orientation&quot;:&quot;0&quot;}\" data-image-title=\"puycapel-calvinet-photo-ancienne-43\" data-image-description=\"\" data-image-caption=\"\" data-large-file=\"https:\/\/i0.wp.com\/puycapel.fr\/wp-content\/uploads\/2019\/03\/puycapel-calvinet-photo-ancienne-43.jpg?fit=1024%2C664&amp;ssl=1\" src=\"https:\/\/i2.wp.com\/puycapel.fr\/wp-content\/uploads\/2019\/03\/puycapel-calvinet-photo-ancienne-43.jpg?fit=700%2C454&amp;ssl=1\" alt=\"\" data-id=\"615\" data-link=\"https:\/\/puycapel.fr\/?attachment_id=615\" class=\"wp-image-615\" srcset=\"https:\/\/i0.wp.com\/puycapel.fr\/wp-content\/uploads\/2019\/03\/puycapel-calvinet-photo-ancienne-43.jpg?w=1328&amp;ssl=1 1328w, https:\/\/i0.wp.com\/puycapel.fr\/wp-content\/uploads\/2019\/03\/puycapel-calvinet-photo-ancienne-43.jpg?resize=300%2C195&amp;ssl=1 300w, https:\/\/i0.wp.com\/puycapel.fr\/wp-content\/uploads\/2019\/03\/puycapel-calvinet-photo-ancienne-43.jpg?resize=768%2C498&amp;ssl=1 768w, https:\/\/i0.wp.com\/puycapel.fr\/wp-content\/uploads\/2019\/03\/puycapel-calvinet-photo-ancienne-43.jpg?resize=1024%2C664&amp;ssl=1 1024w, https:\/\/i0.wp.com\/puycapel.fr\/wp-content\/uploads\/2019\/03\/puycapel-calvinet-photo-ancienne-43.jpg?resize=1320%2C856&amp;ssl=1 1320w\" sizes=\"auto, (max-width: 1000px) 100vw, 1000px\" \/><\/figure><\/li><li class=\"blocks-gallery-item\"><figure><img loading=\"lazy\" decoding=\"async\" width=\"1329\" height=\"862\" data-attachment-id=\"616\" data-permalink=\"https:\/\/puycapel.fr\/index.php\/un-peu-dhistoire\/anviennes-photo\/puycapel-calvinet-photo-ancienne-44\/\" data-orig-file=\"https:\/\/i0.wp.com\/puycapel.fr\/wp-content\/uploads\/2019\/03\/puycapel-calvinet-photo-ancienne-44.jpg?fit=1329%2C862&amp;ssl=1\" data-orig-size=\"1329,862\" data-comments-opened=\"0\" data-image-meta=\"{&quot;aperture&quot;:&quot;0&quot;,&quot;credit&quot;:&quot;&quot;,&quot;camera&quot;:&quot;&quot;,&quot;caption&quot;:&quot;&quot;,&quot;created_timestamp&quot;:&quot;0&quot;,&quot;copyright&quot;:&quot;&quot;,&quot;focal_length&quot;:&quot;0&quot;,&quot;iso&quot;:&quot;0&quot;,&quot;shutter_speed&quot;:&quot;0&quot;,&quot;title&quot;:&quot;&quot;,&quot;orientation&quot;:&quot;0&quot;}\" data-image-title=\"puycapel-calvinet-photo-ancienne-44\" data-image-description=\"\" data-image-caption=\"\" data-large-file=\"https:\/\/i0.wp.com\/puycapel.fr\/wp-content\/uploads\/2019\/03\/puycapel-calvinet-photo-ancienne-44.jpg?fit=1024%2C664&amp;ssl=1\" src=\"https:\/\/i1.wp.com\/puycapel.fr\/wp-content\/uploads\/2019\/03\/puycapel-calvinet-photo-ancienne-44.jpg?fit=700%2C454&amp;ssl=1\" alt=\"\" data-id=\"616\" data-link=\"https:\/\/puycapel.fr\/?attachment_id=616\" class=\"wp-image-616\" srcset=\"https:\/\/i0.wp.com\/puycapel.fr\/wp-content\/uploads\/2019\/03\/puycapel-calvinet-photo-ancienne-44.jpg?w=1329&amp;ssl=1 1329w, https:\/\/i0.wp.com\/puycapel.fr\/wp-content\/uploads\/2019\/03\/puycapel-calvinet-photo-ancienne-44.jpg?resize=300%2C195&amp;ssl=1 300w, https:\/\/i0.wp.com\/puycapel.fr\/wp-content\/uploads\/2019\/03\/puycapel-calvinet-photo-ancienne-44.jpg?resize=768%2C498&amp;ssl=1 768w, https:\/\/i0.wp.com\/puycapel.fr\/wp-content\/uploads\/2019\/03\/puycapel-calvinet-photo-ancienne-44.jpg?resize=1024%2C664&amp;ssl=1 1024w, https:\/\/i0.wp.com\/puycapel.fr\/wp-content\/uploads\/2019\/03\/puycapel-calvinet-photo-ancienne-44.jpg?resize=1320%2C856&amp;ssl=1 1320w\" sizes=\"auto, (max-width: 1000px) 100vw, 1000px\" \/><\/figure><\/li><li class=\"blocks-gallery-item\"><figure><img loading=\"lazy\" decoding=\"async\" width=\"1316\" height=\"846\" data-attachment-id=\"617\" data-permalink=\"https:\/\/puycapel.fr\/index.php\/un-peu-dhistoire\/anviennes-photo\/puycapel-calvinet-photo-ancienne-45\/\" data-orig-file=\"https:\/\/i0.wp.com\/puycapel.fr\/wp-content\/uploads\/2019\/03\/puycapel-calvinet-photo-ancienne-45.jpg?fit=1316%2C846&amp;ssl=1\" data-orig-size=\"1316,846\" data-comments-opened=\"0\" data-image-meta=\"{&quot;aperture&quot;:&quot;0&quot;,&quot;credit&quot;:&quot;&quot;,&quot;camera&quot;:&quot;&quot;,&quot;caption&quot;:&quot;&quot;,&quot;created_timestamp&quot;:&quot;0&quot;,&quot;copyright&quot;:&quot;&quot;,&quot;focal_length&quot;:&quot;0&quot;,&quot;iso&quot;:&quot;0&quot;,&quot;shutter_speed&quot;:&quot;0&quot;,&quot;title&quot;:&quot;&quot;,&quot;orientation&quot;:&quot;0&quot;}\" data-image-title=\"puycapel-calvinet-photo-ancienne-45\" data-image-description=\"\" data-image-caption=\"\" data-large-file=\"https:\/\/i0.wp.com\/puycapel.fr\/wp-content\/uploads\/2019\/03\/puycapel-calvinet-photo-ancienne-45.jpg?fit=1024%2C658&amp;ssl=1\" src=\"https:\/\/i0.wp.com\/puycapel.fr\/wp-content\/uploads\/2019\/03\/puycapel-calvinet-photo-ancienne-45.jpg?fit=700%2C450&amp;ssl=1\" alt=\"\" data-id=\"617\" data-link=\"https:\/\/puycapel.fr\/?attachment_id=617\" class=\"wp-image-617\" srcset=\"https:\/\/i0.wp.com\/puycapel.fr\/wp-content\/uploads\/2019\/03\/puycapel-calvinet-photo-ancienne-45.jpg?w=1316&amp;ssl=1 1316w, https:\/\/i0.wp.com\/puycapel.fr\/wp-content\/uploads\/2019\/03\/puycapel-calvinet-photo-ancienne-45.jpg?resize=300%2C193&amp;ssl=1 300w, https:\/\/i0.wp.com\/puycapel.fr\/wp-content\/uploads\/2019\/03\/puycapel-calvinet-photo-ancienne-45.jpg?resize=768%2C494&amp;ssl=1 768w, https:\/\/i0.wp.com\/puycapel.fr\/wp-content\/uploads\/2019\/03\/puycapel-calvinet-photo-ancienne-45.jpg?resize=1024%2C658&amp;ssl=1 1024w\" sizes=\"auto, (max-width: 1000px) 100vw, 1000px\" \/><\/figure><\/li><li class=\"blocks-gallery-item\"><figure><img loading=\"lazy\" decoding=\"async\" width=\"1337\" height=\"873\" data-attachment-id=\"618\" data-permalink=\"https:\/\/puycapel.fr\/index.php\/un-peu-dhistoire\/anviennes-photo\/puycapel-calvinet-photo-ancienne-46\/\" data-orig-file=\"https:\/\/i0.wp.com\/puycapel.fr\/wp-content\/uploads\/2019\/03\/puycapel-calvinet-photo-ancienne-46.jpg?fit=1337%2C873&amp;ssl=1\" data-orig-size=\"1337,873\" data-comments-opened=\"0\" data-image-meta=\"{&quot;aperture&quot;:&quot;0&quot;,&quot;credit&quot;:&quot;&quot;,&quot;camera&quot;:&quot;&quot;,&quot;caption&quot;:&quot;&quot;,&quot;created_timestamp&quot;:&quot;0&quot;,&quot;copyright&quot;:&quot;&quot;,&quot;focal_length&quot;:&quot;0&quot;,&quot;iso&quot;:&quot;0&quot;,&quot;shutter_speed&quot;:&quot;0&quot;,&quot;title&quot;:&quot;&quot;,&quot;orientation&quot;:&quot;0&quot;}\" data-image-title=\"puycapel-calvinet-photo-ancienne-46\" data-image-description=\"\" data-image-caption=\"\" data-large-file=\"https:\/\/i0.wp.com\/puycapel.fr\/wp-content\/uploads\/2019\/03\/puycapel-calvinet-photo-ancienne-46.jpg?fit=1024%2C669&amp;ssl=1\" src=\"https:\/\/i2.wp.com\/puycapel.fr\/wp-content\/uploads\/2019\/03\/puycapel-calvinet-photo-ancienne-46.jpg?fit=700%2C457&amp;ssl=1\" alt=\"\" data-id=\"618\" data-link=\"https:\/\/puycapel.fr\/?attachment_id=618\" class=\"wp-image-618\" srcset=\"https:\/\/i0.wp.com\/puycapel.fr\/wp-content\/uploads\/2019\/03\/puycapel-calvinet-photo-ancienne-46.jpg?w=1337&amp;ssl=1 1337w, https:\/\/i0.wp.com\/puycapel.fr\/wp-content\/uploads\/2019\/03\/puycapel-calvinet-photo-ancienne-46.jpg?resize=300%2C196&amp;ssl=1 300w, https:\/\/i0.wp.com\/puycapel.fr\/wp-content\/uploads\/2019\/03\/puycapel-calvinet-photo-ancienne-46.jpg?resize=768%2C501&amp;ssl=1 768w, https:\/\/i0.wp.com\/puycapel.fr\/wp-content\/uploads\/2019\/03\/puycapel-calvinet-photo-ancienne-46.jpg?resize=1024%2C669&amp;ssl=1 1024w, https:\/\/i0.wp.com\/puycapel.fr\/wp-content\/uploads\/2019\/03\/puycapel-calvinet-photo-ancienne-46.jpg?resize=1320%2C862&amp;ssl=1 1320w\" sizes=\"auto, (max-width: 1000px) 100vw, 1000px\" \/><\/figure><\/li><li class=\"blocks-gallery-item\"><figure><img loading=\"lazy\" decoding=\"async\" width=\"1329\" height=\"863\" data-attachment-id=\"619\" data-permalink=\"https:\/\/puycapel.fr\/index.php\/un-peu-dhistoire\/anviennes-photo\/puycapel-calvinet-photo-ancienne-47\/\" data-orig-file=\"https:\/\/i0.wp.com\/puycapel.fr\/wp-content\/uploads\/2019\/03\/puycapel-calvinet-photo-ancienne-47.jpg?fit=1329%2C863&amp;ssl=1\" data-orig-size=\"1329,863\" data-comments-opened=\"0\" data-image-meta=\"{&quot;aperture&quot;:&quot;0&quot;,&quot;credit&quot;:&quot;&quot;,&quot;camera&quot;:&quot;&quot;,&quot;caption&quot;:&quot;&quot;,&quot;created_timestamp&quot;:&quot;0&quot;,&quot;copyright&quot;:&quot;&quot;,&quot;focal_length&quot;:&quot;0&quot;,&quot;iso&quot;:&quot;0&quot;,&quot;shutter_speed&quot;:&quot;0&quot;,&quot;title&quot;:&quot;&quot;,&quot;orientation&quot;:&quot;0&quot;}\" data-image-title=\"puycapel-calvinet-photo-ancienne-47\" data-image-description=\"\" data-image-caption=\"\" data-large-file=\"https:\/\/i0.wp.com\/puycapel.fr\/wp-content\/uploads\/2019\/03\/puycapel-calvinet-photo-ancienne-47.jpg?fit=1024%2C665&amp;ssl=1\" src=\"https:\/\/i2.wp.com\/puycapel.fr\/wp-content\/uploads\/2019\/03\/puycapel-calvinet-photo-ancienne-47.jpg?fit=700%2C455&amp;ssl=1\" alt=\"\" data-id=\"619\" data-link=\"https:\/\/puycapel.fr\/?attachment_id=619\" class=\"wp-image-619\" srcset=\"https:\/\/i0.wp.com\/puycapel.fr\/wp-content\/uploads\/2019\/03\/puycapel-calvinet-photo-ancienne-47.jpg?w=1329&amp;ssl=1 1329w, https:\/\/i0.wp.com\/puycapel.fr\/wp-content\/uploads\/2019\/03\/puycapel-calvinet-photo-ancienne-47.jpg?resize=300%2C195&amp;ssl=1 300w, https:\/\/i0.wp.com\/puycapel.fr\/wp-content\/uploads\/2019\/03\/puycapel-calvinet-photo-ancienne-47.jpg?resize=768%2C499&amp;ssl=1 768w, https:\/\/i0.wp.com\/puycapel.fr\/wp-content\/uploads\/2019\/03\/puycapel-calvinet-photo-ancienne-47.jpg?resize=1024%2C665&amp;ssl=1 1024w, https:\/\/i0.wp.com\/puycapel.fr\/wp-content\/uploads\/2019\/03\/puycapel-calvinet-photo-ancienne-47.jpg?resize=1320%2C857&amp;ssl=1 1320w\" sizes=\"auto, (max-width: 1000px) 100vw, 1000px\" \/><\/figure><\/li><li class=\"blocks-gallery-item\"><figure><img loading=\"lazy\" decoding=\"async\" width=\"1322\" height=\"853\" data-attachment-id=\"620\" data-permalink=\"https:\/\/puycapel.fr\/index.php\/un-peu-dhistoire\/anviennes-photo\/puycapel-calvinet-photo-ancienne-48\/\" data-orig-file=\"https:\/\/i0.wp.com\/puycapel.fr\/wp-content\/uploads\/2019\/03\/puycapel-calvinet-photo-ancienne-48.jpg?fit=1322%2C853&amp;ssl=1\" data-orig-size=\"1322,853\" data-comments-opened=\"0\" data-image-meta=\"{&quot;aperture&quot;:&quot;0&quot;,&quot;credit&quot;:&quot;&quot;,&quot;camera&quot;:&quot;&quot;,&quot;caption&quot;:&quot;&quot;,&quot;created_timestamp&quot;:&quot;0&quot;,&quot;copyright&quot;:&quot;&quot;,&quot;focal_length&quot;:&quot;0&quot;,&quot;iso&quot;:&quot;0&quot;,&quot;shutter_speed&quot;:&quot;0&quot;,&quot;title&quot;:&quot;&quot;,&quot;orientation&quot;:&quot;0&quot;}\" data-image-title=\"puycapel-calvinet-photo-ancienne-48\" data-image-description=\"\" data-image-caption=\"\" data-large-file=\"https:\/\/i0.wp.com\/puycapel.fr\/wp-content\/uploads\/2019\/03\/puycapel-calvinet-photo-ancienne-48.jpg?fit=1024%2C661&amp;ssl=1\" src=\"https:\/\/i1.wp.com\/puycapel.fr\/wp-content\/uploads\/2019\/03\/puycapel-calvinet-photo-ancienne-48.jpg?fit=700%2C452&amp;ssl=1\" alt=\"\" data-id=\"620\" data-link=\"https:\/\/puycapel.fr\/?attachment_id=620\" class=\"wp-image-620\" srcset=\"https:\/\/i0.wp.com\/puycapel.fr\/wp-content\/uploads\/2019\/03\/puycapel-calvinet-photo-ancienne-48.jpg?w=1322&amp;ssl=1 1322w, https:\/\/i0.wp.com\/puycapel.fr\/wp-content\/uploads\/2019\/03\/puycapel-calvinet-photo-ancienne-48.jpg?resize=300%2C194&amp;ssl=1 300w, https:\/\/i0.wp.com\/puycapel.fr\/wp-content\/uploads\/2019\/03\/puycapel-calvinet-photo-ancienne-48.jpg?resize=768%2C496&amp;ssl=1 768w, https:\/\/i0.wp.com\/puycapel.fr\/wp-content\/uploads\/2019\/03\/puycapel-calvinet-photo-ancienne-48.jpg?resize=1024%2C661&amp;ssl=1 1024w, https:\/\/i0.wp.com\/puycapel.fr\/wp-content\/uploads\/2019\/03\/puycapel-calvinet-photo-ancienne-48.jpg?resize=1320%2C852&amp;ssl=1 1320w\" sizes=\"auto, (max-width: 1000px) 100vw, 1000px\" \/><\/figure><\/li><li class=\"blocks-gallery-item\"><figure><img loading=\"lazy\" decoding=\"async\" width=\"1286\" height=\"807\" data-attachment-id=\"621\" data-permalink=\"https:\/\/puycapel.fr\/index.php\/un-peu-dhistoire\/anviennes-photo\/puycapel-calvinet-photo-ancienne-49\/\" data-orig-file=\"https:\/\/i0.wp.com\/puycapel.fr\/wp-content\/uploads\/2019\/03\/puycapel-calvinet-photo-ancienne-49.jpg?fit=1286%2C807&amp;ssl=1\" data-orig-size=\"1286,807\" data-comments-opened=\"0\" data-image-meta=\"{&quot;aperture&quot;:&quot;0&quot;,&quot;credit&quot;:&quot;&quot;,&quot;camera&quot;:&quot;&quot;,&quot;caption&quot;:&quot;&quot;,&quot;created_timestamp&quot;:&quot;0&quot;,&quot;copyright&quot;:&quot;&quot;,&quot;focal_length&quot;:&quot;0&quot;,&quot;iso&quot;:&quot;0&quot;,&quot;shutter_speed&quot;:&quot;0&quot;,&quot;title&quot;:&quot;&quot;,&quot;orientation&quot;:&quot;0&quot;}\" data-image-title=\"puycapel-calvinet-photo-ancienne-49\" data-image-description=\"\" data-image-caption=\"\" data-large-file=\"https:\/\/i0.wp.com\/puycapel.fr\/wp-content\/uploads\/2019\/03\/puycapel-calvinet-photo-ancienne-49.jpg?fit=1024%2C643&amp;ssl=1\" src=\"https:\/\/i1.wp.com\/puycapel.fr\/wp-content\/uploads\/2019\/03\/puycapel-calvinet-photo-ancienne-49.jpg?fit=700%2C440&amp;ssl=1\" alt=\"\" data-id=\"621\" data-link=\"https:\/\/puycapel.fr\/?attachment_id=621\" class=\"wp-image-621\" srcset=\"https:\/\/i0.wp.com\/puycapel.fr\/wp-content\/uploads\/2019\/03\/puycapel-calvinet-photo-ancienne-49.jpg?w=1286&amp;ssl=1 1286w, https:\/\/i0.wp.com\/puycapel.fr\/wp-content\/uploads\/2019\/03\/puycapel-calvinet-photo-ancienne-49.jpg?resize=300%2C188&amp;ssl=1 300w, https:\/\/i0.wp.com\/puycapel.fr\/wp-content\/uploads\/2019\/03\/puycapel-calvinet-photo-ancienne-49.jpg?resize=768%2C482&amp;ssl=1 768w, https:\/\/i0.wp.com\/puycapel.fr\/wp-content\/uploads\/2019\/03\/puycapel-calvinet-photo-ancienne-49.jpg?resize=1024%2C643&amp;ssl=1 1024w\" sizes=\"auto, (max-width: 1000px) 100vw, 1000px\" \/><\/figure><\/li><li class=\"blocks-gallery-item\"><figure><img loading=\"lazy\" decoding=\"async\" width=\"1317\" height=\"2048\" data-attachment-id=\"622\" data-permalink=\"https:\/\/puycapel.fr\/index.php\/un-peu-dhistoire\/anviennes-photo\/puycapel-calvinet-photo-ancienne-50\/\" data-orig-file=\"https:\/\/i0.wp.com\/puycapel.fr\/wp-content\/uploads\/2019\/03\/puycapel-calvinet-photo-ancienne-50.jpg?fit=1317%2C2048&amp;ssl=1\" data-orig-size=\"1317,2048\" data-comments-opened=\"0\" data-image-meta=\"{&quot;aperture&quot;:&quot;0&quot;,&quot;credit&quot;:&quot;&quot;,&quot;camera&quot;:&quot;&quot;,&quot;caption&quot;:&quot;&quot;,&quot;created_timestamp&quot;:&quot;0&quot;,&quot;copyright&quot;:&quot;&quot;,&quot;focal_length&quot;:&quot;0&quot;,&quot;iso&quot;:&quot;0&quot;,&quot;shutter_speed&quot;:&quot;0&quot;,&quot;title&quot;:&quot;&quot;,&quot;orientation&quot;:&quot;0&quot;}\" data-image-title=\"puycapel-calvinet-photo-ancienne-50\" data-image-description=\"\" data-image-caption=\"\" data-large-file=\"https:\/\/i0.wp.com\/puycapel.fr\/wp-content\/uploads\/2019\/03\/puycapel-calvinet-photo-ancienne-50.jpg?fit=659%2C1024&amp;ssl=1\" src=\"https:\/\/i1.wp.com\/puycapel.fr\/wp-content\/uploads\/2019\/03\/puycapel-calvinet-photo-ancienne-50.jpg?fit=659%2C1024&amp;ssl=1\" alt=\"\" data-id=\"622\" data-link=\"https:\/\/puycapel.fr\/?attachment_id=622\" class=\"wp-image-622\" srcset=\"https:\/\/i0.wp.com\/puycapel.fr\/wp-content\/uploads\/2019\/03\/puycapel-calvinet-photo-ancienne-50.jpg?w=1317&amp;ssl=1 1317w, https:\/\/i0.wp.com\/puycapel.fr\/wp-content\/uploads\/2019\/03\/puycapel-calvinet-photo-ancienne-50.jpg?resize=193%2C300&amp;ssl=1 193w, https:\/\/i0.wp.com\/puycapel.fr\/wp-content\/uploads\/2019\/03\/puycapel-calvinet-photo-ancienne-50.jpg?resize=768%2C1194&amp;ssl=1 768w, https:\/\/i0.wp.com\/puycapel.fr\/wp-content\/uploads\/2019\/03\/puycapel-calvinet-photo-ancienne-50.jpg?resize=659%2C1024&amp;ssl=1 659w\" sizes=\"auto, (max-width: 1000px) 100vw, 1000px\" \/><\/figure><\/li><li class=\"blocks-gallery-item\"><figure><img loading=\"lazy\" decoding=\"async\" width=\"1271\" height=\"789\" data-attachment-id=\"623\" data-permalink=\"https:\/\/puycapel.fr\/index.php\/un-peu-dhistoire\/anviennes-photo\/puycapel-calvinet-photo-ancienne-51\/\" data-orig-file=\"https:\/\/i0.wp.com\/puycapel.fr\/wp-content\/uploads\/2019\/03\/puycapel-calvinet-photo-ancienne-51.jpg?fit=1271%2C789&amp;ssl=1\" data-orig-size=\"1271,789\" data-comments-opened=\"0\" data-image-meta=\"{&quot;aperture&quot;:&quot;0&quot;,&quot;credit&quot;:&quot;&quot;,&quot;camera&quot;:&quot;&quot;,&quot;caption&quot;:&quot;&quot;,&quot;created_timestamp&quot;:&quot;0&quot;,&quot;copyright&quot;:&quot;&quot;,&quot;focal_length&quot;:&quot;0&quot;,&quot;iso&quot;:&quot;0&quot;,&quot;shutter_speed&quot;:&quot;0&quot;,&quot;title&quot;:&quot;&quot;,&quot;orientation&quot;:&quot;0&quot;}\" data-image-title=\"puycapel-calvinet-photo-ancienne-51\" data-image-description=\"\" data-image-caption=\"\" data-large-file=\"https:\/\/i0.wp.com\/puycapel.fr\/wp-content\/uploads\/2019\/03\/puycapel-calvinet-photo-ancienne-51.jpg?fit=1024%2C636&amp;ssl=1\" src=\"https:\/\/i0.wp.com\/puycapel.fr\/wp-content\/uploads\/2019\/03\/puycapel-calvinet-photo-ancienne-51.jpg?fit=700%2C435&amp;ssl=1\" alt=\"\" data-id=\"623\" data-link=\"https:\/\/puycapel.fr\/?attachment_id=623\" class=\"wp-image-623\" srcset=\"https:\/\/i0.wp.com\/puycapel.fr\/wp-content\/uploads\/2019\/03\/puycapel-calvinet-photo-ancienne-51.jpg?w=1271&amp;ssl=1 1271w, https:\/\/i0.wp.com\/puycapel.fr\/wp-content\/uploads\/2019\/03\/puycapel-calvinet-photo-ancienne-51.jpg?resize=300%2C186&amp;ssl=1 300w, https:\/\/i0.wp.com\/puycapel.fr\/wp-content\/uploads\/2019\/03\/puycapel-calvinet-photo-ancienne-51.jpg?resize=768%2C477&amp;ssl=1 768w, https:\/\/i0.wp.com\/puycapel.fr\/wp-content\/uploads\/2019\/03\/puycapel-calvinet-photo-ancienne-51.jpg?resize=1024%2C636&amp;ssl=1 1024w, https:\/\/i0.wp.com\/puycapel.fr\/wp-content\/uploads\/2019\/03\/puycapel-calvinet-photo-ancienne-51.jpg?resize=820%2C510&amp;ssl=1 820w\" sizes=\"auto, (max-width: 1000px) 100vw, 1000px\" \/><\/figure><\/li><li class=\"blocks-gallery-item\"><figure><img loading=\"lazy\" decoding=\"async\" width=\"1297\" height=\"821\" data-attachment-id=\"624\" data-permalink=\"https:\/\/puycapel.fr\/index.php\/un-peu-dhistoire\/anviennes-photo\/puycapel-calvinet-photo-ancienne-52\/\" data-orig-file=\"https:\/\/i0.wp.com\/puycapel.fr\/wp-content\/uploads\/2019\/03\/puycapel-calvinet-photo-ancienne-52.jpg?fit=1297%2C821&amp;ssl=1\" data-orig-size=\"1297,821\" data-comments-opened=\"0\" data-image-meta=\"{&quot;aperture&quot;:&quot;0&quot;,&quot;credit&quot;:&quot;&quot;,&quot;camera&quot;:&quot;&quot;,&quot;caption&quot;:&quot;&quot;,&quot;created_timestamp&quot;:&quot;0&quot;,&quot;copyright&quot;:&quot;&quot;,&quot;focal_length&quot;:&quot;0&quot;,&quot;iso&quot;:&quot;0&quot;,&quot;shutter_speed&quot;:&quot;0&quot;,&quot;title&quot;:&quot;&quot;,&quot;orientation&quot;:&quot;0&quot;}\" data-image-title=\"puycapel-calvinet-photo-ancienne-52\" data-image-description=\"\" data-image-caption=\"\" data-large-file=\"https:\/\/i0.wp.com\/puycapel.fr\/wp-content\/uploads\/2019\/03\/puycapel-calvinet-photo-ancienne-52.jpg?fit=1024%2C648&amp;ssl=1\" src=\"https:\/\/i0.wp.com\/puycapel.fr\/wp-content\/uploads\/2019\/03\/puycapel-calvinet-photo-ancienne-52.jpg?fit=700%2C443&amp;ssl=1\" alt=\"\" data-id=\"624\" data-link=\"https:\/\/puycapel.fr\/?attachment_id=624\" class=\"wp-image-624\" srcset=\"https:\/\/i0.wp.com\/puycapel.fr\/wp-content\/uploads\/2019\/03\/puycapel-calvinet-photo-ancienne-52.jpg?w=1297&amp;ssl=1 1297w, https:\/\/i0.wp.com\/puycapel.fr\/wp-content\/uploads\/2019\/03\/puycapel-calvinet-photo-ancienne-52.jpg?resize=300%2C190&amp;ssl=1 300w, https:\/\/i0.wp.com\/puycapel.fr\/wp-content\/uploads\/2019\/03\/puycapel-calvinet-photo-ancienne-52.jpg?resize=768%2C486&amp;ssl=1 768w, https:\/\/i0.wp.com\/puycapel.fr\/wp-content\/uploads\/2019\/03\/puycapel-calvinet-photo-ancienne-52.jpg?resize=1024%2C648&amp;ssl=1 1024w\" sizes=\"auto, (max-width: 1000px) 100vw, 1000px\" \/><\/figure><\/li><li class=\"blocks-gallery-item\"><figure><img loading=\"lazy\" decoding=\"async\" width=\"1296\" height=\"820\" data-attachment-id=\"625\" data-permalink=\"https:\/\/puycapel.fr\/index.php\/un-peu-dhistoire\/anviennes-photo\/puycapel-calvinet-photo-ancienne-53\/\" data-orig-file=\"https:\/\/i0.wp.com\/puycapel.fr\/wp-content\/uploads\/2019\/03\/puycapel-calvinet-photo-ancienne-53.jpg?fit=1296%2C820&amp;ssl=1\" data-orig-size=\"1296,820\" data-comments-opened=\"0\" data-image-meta=\"{&quot;aperture&quot;:&quot;0&quot;,&quot;credit&quot;:&quot;&quot;,&quot;camera&quot;:&quot;&quot;,&quot;caption&quot;:&quot;&quot;,&quot;created_timestamp&quot;:&quot;0&quot;,&quot;copyright&quot;:&quot;&quot;,&quot;focal_length&quot;:&quot;0&quot;,&quot;iso&quot;:&quot;0&quot;,&quot;shutter_speed&quot;:&quot;0&quot;,&quot;title&quot;:&quot;&quot;,&quot;orientation&quot;:&quot;0&quot;}\" data-image-title=\"puycapel-calvinet-photo-ancienne-53\" data-image-description=\"\" data-image-caption=\"\" data-large-file=\"https:\/\/i0.wp.com\/puycapel.fr\/wp-content\/uploads\/2019\/03\/puycapel-calvinet-photo-ancienne-53.jpg?fit=1024%2C648&amp;ssl=1\" src=\"https:\/\/i1.wp.com\/puycapel.fr\/wp-content\/uploads\/2019\/03\/puycapel-calvinet-photo-ancienne-53.jpg?fit=700%2C443&amp;ssl=1\" alt=\"\" data-id=\"625\" data-link=\"https:\/\/puycapel.fr\/?attachment_id=625\" class=\"wp-image-625\" srcset=\"https:\/\/i0.wp.com\/puycapel.fr\/wp-content\/uploads\/2019\/03\/puycapel-calvinet-photo-ancienne-53.jpg?w=1296&amp;ssl=1 1296w, https:\/\/i0.wp.com\/puycapel.fr\/wp-content\/uploads\/2019\/03\/puycapel-calvinet-photo-ancienne-53.jpg?resize=300%2C190&amp;ssl=1 300w, https:\/\/i0.wp.com\/puycapel.fr\/wp-content\/uploads\/2019\/03\/puycapel-calvinet-photo-ancienne-53.jpg?resize=768%2C486&amp;ssl=1 768w, https:\/\/i0.wp.com\/puycapel.fr\/wp-content\/uploads\/2019\/03\/puycapel-calvinet-photo-ancienne-53.jpg?resize=1024%2C648&amp;ssl=1 1024w\" sizes=\"auto, (max-width: 1000px) 100vw, 1000px\" \/><\/figure><\/li><li class=\"blocks-gallery-item\"><figure><img loading=\"lazy\" decoding=\"async\" width=\"1269\" height=\"786\" data-attachment-id=\"626\" data-permalink=\"https:\/\/puycapel.fr\/index.php\/un-peu-dhistoire\/anviennes-photo\/puycapel-calvinet-photo-ancienne-54\/\" data-orig-file=\"https:\/\/i0.wp.com\/puycapel.fr\/wp-content\/uploads\/2019\/03\/puycapel-calvinet-photo-ancienne-54.jpg?fit=1269%2C786&amp;ssl=1\" data-orig-size=\"1269,786\" data-comments-opened=\"0\" data-image-meta=\"{&quot;aperture&quot;:&quot;0&quot;,&quot;credit&quot;:&quot;&quot;,&quot;camera&quot;:&quot;&quot;,&quot;caption&quot;:&quot;&quot;,&quot;created_timestamp&quot;:&quot;0&quot;,&quot;copyright&quot;:&quot;&quot;,&quot;focal_length&quot;:&quot;0&quot;,&quot;iso&quot;:&quot;0&quot;,&quot;shutter_speed&quot;:&quot;0&quot;,&quot;title&quot;:&quot;&quot;,&quot;orientation&quot;:&quot;0&quot;}\" data-image-title=\"puycapel-calvinet-photo-ancienne-54\" data-image-description=\"\" data-image-caption=\"\" data-large-file=\"https:\/\/i0.wp.com\/puycapel.fr\/wp-content\/uploads\/2019\/03\/puycapel-calvinet-photo-ancienne-54.jpg?fit=1024%2C634&amp;ssl=1\" src=\"https:\/\/i1.wp.com\/puycapel.fr\/wp-content\/uploads\/2019\/03\/puycapel-calvinet-photo-ancienne-54.jpg?fit=700%2C433&amp;ssl=1\" alt=\"\" data-id=\"626\" data-link=\"https:\/\/puycapel.fr\/?attachment_id=626\" class=\"wp-image-626\" srcset=\"https:\/\/i0.wp.com\/puycapel.fr\/wp-content\/uploads\/2019\/03\/puycapel-calvinet-photo-ancienne-54.jpg?w=1269&amp;ssl=1 1269w, https:\/\/i0.wp.com\/puycapel.fr\/wp-content\/uploads\/2019\/03\/puycapel-calvinet-photo-ancienne-54.jpg?resize=300%2C186&amp;ssl=1 300w, https:\/\/i0.wp.com\/puycapel.fr\/wp-content\/uploads\/2019\/03\/puycapel-calvinet-photo-ancienne-54.jpg?resize=768%2C476&amp;ssl=1 768w, https:\/\/i0.wp.com\/puycapel.fr\/wp-content\/uploads\/2019\/03\/puycapel-calvinet-photo-ancienne-54.jpg?resize=1024%2C634&amp;ssl=1 1024w\" sizes=\"auto, (max-width: 1000px) 100vw, 1000px\" \/><\/figure><\/li><li class=\"blocks-gallery-item\"><figure><img loading=\"lazy\" decoding=\"async\" width=\"1337\" height=\"2048\" data-attachment-id=\"627\" data-permalink=\"https:\/\/puycapel.fr\/index.php\/un-peu-dhistoire\/anviennes-photo\/puycapel-calvinet-photo-ancienne-55\/\" data-orig-file=\"https:\/\/i0.wp.com\/puycapel.fr\/wp-content\/uploads\/2019\/03\/puycapel-calvinet-photo-ancienne-55.jpg?fit=1337%2C2048&amp;ssl=1\" data-orig-size=\"1337,2048\" data-comments-opened=\"0\" data-image-meta=\"{&quot;aperture&quot;:&quot;0&quot;,&quot;credit&quot;:&quot;&quot;,&quot;camera&quot;:&quot;&quot;,&quot;caption&quot;:&quot;&quot;,&quot;created_timestamp&quot;:&quot;0&quot;,&quot;copyright&quot;:&quot;&quot;,&quot;focal_length&quot;:&quot;0&quot;,&quot;iso&quot;:&quot;0&quot;,&quot;shutter_speed&quot;:&quot;0&quot;,&quot;title&quot;:&quot;&quot;,&quot;orientation&quot;:&quot;0&quot;}\" data-image-title=\"puycapel-calvinet-photo-ancienne-55\" data-image-description=\"\" data-image-caption=\"\" data-large-file=\"https:\/\/i0.wp.com\/puycapel.fr\/wp-content\/uploads\/2019\/03\/puycapel-calvinet-photo-ancienne-55.jpg?fit=669%2C1024&amp;ssl=1\" src=\"https:\/\/i1.wp.com\/puycapel.fr\/wp-content\/uploads\/2019\/03\/puycapel-calvinet-photo-ancienne-55.jpg?fit=669%2C1024&amp;ssl=1\" alt=\"\" data-id=\"627\" data-link=\"https:\/\/puycapel.fr\/?attachment_id=627\" class=\"wp-image-627\" srcset=\"https:\/\/i0.wp.com\/puycapel.fr\/wp-content\/uploads\/2019\/03\/puycapel-calvinet-photo-ancienne-55.jpg?w=1337&amp;ssl=1 1337w, https:\/\/i0.wp.com\/puycapel.fr\/wp-content\/uploads\/2019\/03\/puycapel-calvinet-photo-ancienne-55.jpg?resize=196%2C300&amp;ssl=1 196w, https:\/\/i0.wp.com\/puycapel.fr\/wp-content\/uploads\/2019\/03\/puycapel-calvinet-photo-ancienne-55.jpg?resize=768%2C1176&amp;ssl=1 768w, https:\/\/i0.wp.com\/puycapel.fr\/wp-content\/uploads\/2019\/03\/puycapel-calvinet-photo-ancienne-55.jpg?resize=669%2C1024&amp;ssl=1 669w, https:\/\/i0.wp.com\/puycapel.fr\/wp-content\/uploads\/2019\/03\/puycapel-calvinet-photo-ancienne-55.jpg?resize=1320%2C2022&amp;ssl=1 1320w\" sizes=\"auto, (max-width: 1000px) 100vw, 1000px\" \/><\/figure><\/li><\/ul><\/figure>\n\n\n\n<h2 class=\"wp-block-heading\"><strong>MOURJOU<\/strong><\/h2>\n\n\n\n<figure class=\"wp-block-gallery columns-3 is-cropped wp-block-gallery-3 is-layout-flex wp-block-gallery-is-layout-flex\"><ul class=\"blocks-gallery-grid\"><li class=\"blocks-gallery-item\"><figure><img data-recalc-dims=\"1\" loading=\"lazy\" decoding=\"async\" width=\"1024\" height=\"674\" data-attachment-id=\"2894\" data-permalink=\"https:\/\/puycapel.fr\/index.php\/un-peu-dhistoire\/anviennes-photo\/cafe-eglise\/\" data-orig-file=\"https:\/\/i0.wp.com\/puycapel.fr\/wp-content\/uploads\/2020\/09\/cafe-eglise-scaled.jpg?fit=2560%2C1686&amp;ssl=1\" data-orig-size=\"2560,1686\" data-comments-opened=\"0\" data-image-meta=\"{&quot;aperture&quot;:&quot;0&quot;,&quot;credit&quot;:&quot;&quot;,&quot;camera&quot;:&quot;&quot;,&quot;caption&quot;:&quot;&quot;,&quot;created_timestamp&quot;:&quot;0&quot;,&quot;copyright&quot;:&quot;&quot;,&quot;focal_length&quot;:&quot;0&quot;,&quot;iso&quot;:&quot;0&quot;,&quot;shutter_speed&quot;:&quot;0&quot;,&quot;title&quot;:&quot;&quot;,&quot;orientation&quot;:&quot;0&quot;}\" data-image-title=\"cafe-eglise\" data-image-description=\"\" data-image-caption=\"\" data-large-file=\"https:\/\/i0.wp.com\/puycapel.fr\/wp-content\/uploads\/2020\/09\/cafe-eglise-scaled.jpg?fit=1024%2C674&amp;ssl=1\" src=\"https:\/\/i0.wp.com\/puycapel.fr\/wp-content\/uploads\/2020\/09\/cafe-eglise-1024x674.jpg?resize=1024%2C674&#038;ssl=1\" alt=\"\" data-id=\"2894\" data-full-url=\"https:\/\/puycapel.fr\/wp-content\/uploads\/2020\/09\/cafe-eglise-scaled.jpg\" data-link=\"https:\/\/puycapel.fr\/index.php\/un-peu-dhistoire\/anviennes-photo\/cafe-eglise\/\" class=\"wp-image-2894\" srcset=\"https:\/\/i0.wp.com\/puycapel.fr\/wp-content\/uploads\/2020\/09\/cafe-eglise-scaled.jpg?resize=1024%2C674&amp;ssl=1 1024w, https:\/\/i0.wp.com\/puycapel.fr\/wp-content\/uploads\/2020\/09\/cafe-eglise-scaled.jpg?resize=300%2C198&amp;ssl=1 300w, https:\/\/i0.wp.com\/puycapel.fr\/wp-content\/uploads\/2020\/09\/cafe-eglise-scaled.jpg?resize=768%2C506&amp;ssl=1 768w, https:\/\/i0.wp.com\/puycapel.fr\/wp-content\/uploads\/2020\/09\/cafe-eglise-scaled.jpg?resize=1536%2C1012&amp;ssl=1 1536w, https:\/\/i0.wp.com\/puycapel.fr\/wp-content\/uploads\/2020\/09\/cafe-eglise-scaled.jpg?resize=2048%2C1349&amp;ssl=1 2048w, https:\/\/i0.wp.com\/puycapel.fr\/wp-content\/uploads\/2020\/09\/cafe-eglise-scaled.jpg?resize=1320%2C869&amp;ssl=1 1320w\" sizes=\"auto, (max-width: 1000px) 100vw, 1000px\" \/><\/figure><\/li><li class=\"blocks-gallery-item\"><figure><img data-recalc-dims=\"1\" loading=\"lazy\" decoding=\"async\" width=\"1024\" height=\"658\" data-attachment-id=\"2895\" data-permalink=\"https:\/\/puycapel.fr\/index.php\/un-peu-dhistoire\/anviennes-photo\/ecole\/\" data-orig-file=\"https:\/\/i0.wp.com\/puycapel.fr\/wp-content\/uploads\/2020\/09\/ecole-scaled.jpg?fit=2560%2C1645&amp;ssl=1\" data-orig-size=\"2560,1645\" data-comments-opened=\"0\" data-image-meta=\"{&quot;aperture&quot;:&quot;0&quot;,&quot;credit&quot;:&quot;&quot;,&quot;camera&quot;:&quot;&quot;,&quot;caption&quot;:&quot;&quot;,&quot;created_timestamp&quot;:&quot;0&quot;,&quot;copyright&quot;:&quot;&quot;,&quot;focal_length&quot;:&quot;0&quot;,&quot;iso&quot;:&quot;0&quot;,&quot;shutter_speed&quot;:&quot;0&quot;,&quot;title&quot;:&quot;&quot;,&quot;orientation&quot;:&quot;0&quot;}\" data-image-title=\"ecole\" data-image-description=\"\" data-image-caption=\"\" data-large-file=\"https:\/\/i0.wp.com\/puycapel.fr\/wp-content\/uploads\/2020\/09\/ecole-scaled.jpg?fit=1024%2C658&amp;ssl=1\" src=\"https:\/\/i0.wp.com\/puycapel.fr\/wp-content\/uploads\/2020\/09\/ecole.jpg?resize=1024%2C658&#038;ssl=1\" alt=\"\" data-id=\"2895\" data-full-url=\"https:\/\/puycapel.fr\/wp-content\/uploads\/2020\/09\/ecole-scaled.jpg\" data-link=\"https:\/\/puycapel.fr\/index.php\/un-peu-dhistoire\/anviennes-photo\/ecole\/\" class=\"wp-image-2895\" srcset=\"https:\/\/i0.wp.com\/puycapel.fr\/wp-content\/uploads\/2020\/09\/ecole-scaled.jpg?resize=1024%2C658&amp;ssl=1 1024w, https:\/\/i0.wp.com\/puycapel.fr\/wp-content\/uploads\/2020\/09\/ecole-scaled.jpg?resize=300%2C193&amp;ssl=1 300w, https:\/\/i0.wp.com\/puycapel.fr\/wp-content\/uploads\/2020\/09\/ecole-scaled.jpg?resize=768%2C494&amp;ssl=1 768w, https:\/\/i0.wp.com\/puycapel.fr\/wp-content\/uploads\/2020\/09\/ecole-scaled.jpg?resize=1536%2C987&amp;ssl=1 1536w, https:\/\/i0.wp.com\/puycapel.fr\/wp-content\/uploads\/2020\/09\/ecole-scaled.jpg?resize=2048%2C1316&amp;ssl=1 2048w, https:\/\/i0.wp.com\/puycapel.fr\/wp-content\/uploads\/2020\/09\/ecole-scaled.jpg?resize=1320%2C848&amp;ssl=1 1320w\" sizes=\"auto, (max-width: 1000px) 100vw, 1000px\" \/><\/figure><\/li><li class=\"blocks-gallery-item\"><figure><img data-recalc-dims=\"1\" loading=\"lazy\" decoding=\"async\" width=\"1024\" height=\"656\" data-attachment-id=\"2896\" data-permalink=\"https:\/\/puycapel.fr\/index.php\/un-peu-dhistoire\/anviennes-photo\/eglise-et-cafe\/\" data-orig-file=\"https:\/\/i0.wp.com\/puycapel.fr\/wp-content\/uploads\/2020\/09\/eglise-et-cafe-scaled.jpg?fit=2560%2C1641&amp;ssl=1\" data-orig-size=\"2560,1641\" data-comments-opened=\"0\" data-image-meta=\"{&quot;aperture&quot;:&quot;0&quot;,&quot;credit&quot;:&quot;&quot;,&quot;camera&quot;:&quot;&quot;,&quot;caption&quot;:&quot;&quot;,&quot;created_timestamp&quot;:&quot;1599217232&quot;,&quot;copyright&quot;:&quot;&quot;,&quot;focal_length&quot;:&quot;0&quot;,&quot;iso&quot;:&quot;0&quot;,&quot;shutter_speed&quot;:&quot;0&quot;,&quot;title&quot;:&quot;&quot;,&quot;orientation&quot;:&quot;1&quot;}\" data-image-title=\"eglise-et-cafe\" data-image-description=\"\" data-image-caption=\"\" data-large-file=\"https:\/\/i0.wp.com\/puycapel.fr\/wp-content\/uploads\/2020\/09\/eglise-et-cafe-scaled.jpg?fit=1024%2C656&amp;ssl=1\" src=\"https:\/\/i0.wp.com\/puycapel.fr\/wp-content\/uploads\/2020\/09\/eglise-et-cafe.jpg?resize=1024%2C656&#038;ssl=1\" alt=\"\" data-id=\"2896\" data-full-url=\"https:\/\/puycapel.fr\/wp-content\/uploads\/2020\/09\/eglise-et-cafe-scaled.jpg\" data-link=\"https:\/\/puycapel.fr\/index.php\/un-peu-dhistoire\/anviennes-photo\/eglise-et-cafe\/\" class=\"wp-image-2896\" srcset=\"https:\/\/i0.wp.com\/puycapel.fr\/wp-content\/uploads\/2020\/09\/eglise-et-cafe-scaled.jpg?resize=1024%2C656&amp;ssl=1 1024w, https:\/\/i0.wp.com\/puycapel.fr\/wp-content\/uploads\/2020\/09\/eglise-et-cafe-scaled.jpg?resize=300%2C192&amp;ssl=1 300w, https:\/\/i0.wp.com\/puycapel.fr\/wp-content\/uploads\/2020\/09\/eglise-et-cafe-scaled.jpg?resize=768%2C492&amp;ssl=1 768w, https:\/\/i0.wp.com\/puycapel.fr\/wp-content\/uploads\/2020\/09\/eglise-et-cafe-scaled.jpg?resize=1536%2C985&amp;ssl=1 1536w, https:\/\/i0.wp.com\/puycapel.fr\/wp-content\/uploads\/2020\/09\/eglise-et-cafe-scaled.jpg?resize=2048%2C1313&amp;ssl=1 2048w, https:\/\/i0.wp.com\/puycapel.fr\/wp-content\/uploads\/2020\/09\/eglise-et-cafe-scaled.jpg?resize=1320%2C846&amp;ssl=1 1320w\" sizes=\"auto, (max-width: 1000px) 100vw, 1000px\" \/><\/figure><\/li><li class=\"blocks-gallery-item\"><figure><img data-recalc-dims=\"1\" loading=\"lazy\" decoding=\"async\" width=\"812\" height=\"517\" data-attachment-id=\"2897\" data-permalink=\"https:\/\/puycapel.fr\/index.php\/un-peu-dhistoire\/anviennes-photo\/mairie-et-eglise\/\" data-orig-file=\"https:\/\/i0.wp.com\/puycapel.fr\/wp-content\/uploads\/2020\/09\/mairie-et-%C3%A9glise.jpg?fit=812%2C517&amp;ssl=1\" data-orig-size=\"812,517\" data-comments-opened=\"0\" data-image-meta=\"{&quot;aperture&quot;:&quot;0&quot;,&quot;credit&quot;:&quot;&quot;,&quot;camera&quot;:&quot;&quot;,&quot;caption&quot;:&quot;&quot;,&quot;created_timestamp&quot;:&quot;0&quot;,&quot;copyright&quot;:&quot;&quot;,&quot;focal_length&quot;:&quot;0&quot;,&quot;iso&quot;:&quot;0&quot;,&quot;shutter_speed&quot;:&quot;0&quot;,&quot;title&quot;:&quot;&quot;,&quot;orientation&quot;:&quot;0&quot;}\" data-image-title=\"mairie-et-\u00e9glise\" data-image-description=\"\" data-image-caption=\"\" data-large-file=\"https:\/\/i0.wp.com\/puycapel.fr\/wp-content\/uploads\/2020\/09\/mairie-et-%C3%A9glise.jpg?fit=812%2C517&amp;ssl=1\" src=\"https:\/\/i0.wp.com\/puycapel.fr\/wp-content\/uploads\/2020\/09\/mairie-et-%C3%A9glise.jpg?resize=812%2C517&#038;ssl=1\" alt=\"\" data-id=\"2897\" data-full-url=\"https:\/\/puycapel.fr\/wp-content\/uploads\/2020\/09\/mairie-et-\u00e9glise.jpg\" data-link=\"https:\/\/puycapel.fr\/index.php\/un-peu-dhistoire\/anviennes-photo\/mairie-et-eglise\/\" class=\"wp-image-2897\" srcset=\"https:\/\/i0.wp.com\/puycapel.fr\/wp-content\/uploads\/2020\/09\/mairie-et-%C3%A9glise.jpg?w=812&amp;ssl=1 812w, https:\/\/i0.wp.com\/puycapel.fr\/wp-content\/uploads\/2020\/09\/mairie-et-%C3%A9glise.jpg?resize=300%2C191&amp;ssl=1 300w, https:\/\/i0.wp.com\/puycapel.fr\/wp-content\/uploads\/2020\/09\/mairie-et-%C3%A9glise.jpg?resize=768%2C489&amp;ssl=1 768w\" sizes=\"auto, (max-width: 812px) 100vw, 812px\" \/><\/figure><\/li><li class=\"blocks-gallery-item\"><figure><img data-recalc-dims=\"1\" loading=\"lazy\" decoding=\"async\" width=\"1024\" height=\"667\" data-attachment-id=\"2898\" data-permalink=\"https:\/\/puycapel.fr\/index.php\/un-peu-dhistoire\/anviennes-photo\/maison-apres-eglise\/\" data-orig-file=\"https:\/\/i0.wp.com\/puycapel.fr\/wp-content\/uploads\/2020\/09\/maison-apres-eglise-scaled.jpg?fit=2560%2C1667&amp;ssl=1\" data-orig-size=\"2560,1667\" data-comments-opened=\"0\" data-image-meta=\"{&quot;aperture&quot;:&quot;0&quot;,&quot;credit&quot;:&quot;&quot;,&quot;camera&quot;:&quot;&quot;,&quot;caption&quot;:&quot;&quot;,&quot;created_timestamp&quot;:&quot;0&quot;,&quot;copyright&quot;:&quot;&quot;,&quot;focal_length&quot;:&quot;0&quot;,&quot;iso&quot;:&quot;0&quot;,&quot;shutter_speed&quot;:&quot;0&quot;,&quot;title&quot;:&quot;&quot;,&quot;orientation&quot;:&quot;0&quot;}\" data-image-title=\"maison-apres-eglise\" data-image-description=\"\" data-image-caption=\"\" data-large-file=\"https:\/\/i0.wp.com\/puycapel.fr\/wp-content\/uploads\/2020\/09\/maison-apres-eglise-scaled.jpg?fit=1024%2C667&amp;ssl=1\" src=\"https:\/\/i0.wp.com\/puycapel.fr\/wp-content\/uploads\/2020\/09\/maison-apres-eglise-1024x667.jpg?resize=1024%2C667&#038;ssl=1\" alt=\"\" data-id=\"2898\" data-full-url=\"https:\/\/puycapel.fr\/wp-content\/uploads\/2020\/09\/maison-apres-eglise-scaled.jpg\" data-link=\"https:\/\/puycapel.fr\/index.php\/un-peu-dhistoire\/anviennes-photo\/maison-apres-eglise\/\" class=\"wp-image-2898\" srcset=\"https:\/\/i0.wp.com\/puycapel.fr\/wp-content\/uploads\/2020\/09\/maison-apres-eglise-scaled.jpg?resize=1024%2C667&amp;ssl=1 1024w, https:\/\/i0.wp.com\/puycapel.fr\/wp-content\/uploads\/2020\/09\/maison-apres-eglise-scaled.jpg?resize=300%2C195&amp;ssl=1 300w, https:\/\/i0.wp.com\/puycapel.fr\/wp-content\/uploads\/2020\/09\/maison-apres-eglise-scaled.jpg?resize=768%2C500&amp;ssl=1 768w, https:\/\/i0.wp.com\/puycapel.fr\/wp-content\/uploads\/2020\/09\/maison-apres-eglise-scaled.jpg?resize=1536%2C1000&amp;ssl=1 1536w, https:\/\/i0.wp.com\/puycapel.fr\/wp-content\/uploads\/2020\/09\/maison-apres-eglise-scaled.jpg?resize=2048%2C1334&amp;ssl=1 2048w, https:\/\/i0.wp.com\/puycapel.fr\/wp-content\/uploads\/2020\/09\/maison-apres-eglise-scaled.jpg?resize=1320%2C860&amp;ssl=1 1320w\" sizes=\"auto, (max-width: 1000px) 100vw, 1000px\" \/><\/figure><\/li><li class=\"blocks-gallery-item\"><figure><img data-recalc-dims=\"1\" loading=\"lazy\" decoding=\"async\" width=\"1024\" height=\"664\" data-attachment-id=\"2899\" data-permalink=\"https:\/\/puycapel.fr\/index.php\/un-peu-dhistoire\/anviennes-photo\/vers-mairie\/\" data-orig-file=\"https:\/\/i0.wp.com\/puycapel.fr\/wp-content\/uploads\/2020\/09\/vers-mairie-scaled.jpg?fit=2560%2C1659&amp;ssl=1\" data-orig-size=\"2560,1659\" data-comments-opened=\"0\" data-image-meta=\"{&quot;aperture&quot;:&quot;0&quot;,&quot;credit&quot;:&quot;&quot;,&quot;camera&quot;:&quot;&quot;,&quot;caption&quot;:&quot;&quot;,&quot;created_timestamp&quot;:&quot;0&quot;,&quot;copyright&quot;:&quot;&quot;,&quot;focal_length&quot;:&quot;0&quot;,&quot;iso&quot;:&quot;0&quot;,&quot;shutter_speed&quot;:&quot;0&quot;,&quot;title&quot;:&quot;&quot;,&quot;orientation&quot;:&quot;0&quot;}\" data-image-title=\"vers-mairie\" data-image-description=\"\" data-image-caption=\"\" data-large-file=\"https:\/\/i0.wp.com\/puycapel.fr\/wp-content\/uploads\/2020\/09\/vers-mairie-scaled.jpg?fit=1024%2C664&amp;ssl=1\" src=\"https:\/\/i0.wp.com\/puycapel.fr\/wp-content\/uploads\/2020\/09\/vers-mairie.jpg?resize=1024%2C664&#038;ssl=1\" alt=\"\" data-id=\"2899\" data-full-url=\"https:\/\/puycapel.fr\/wp-content\/uploads\/2020\/09\/vers-mairie-scaled.jpg\" data-link=\"https:\/\/puycapel.fr\/index.php\/un-peu-dhistoire\/anviennes-photo\/vers-mairie\/\" class=\"wp-image-2899\" srcset=\"https:\/\/i0.wp.com\/puycapel.fr\/wp-content\/uploads\/2020\/09\/vers-mairie-scaled.jpg?resize=1024%2C664&amp;ssl=1 1024w, https:\/\/i0.wp.com\/puycapel.fr\/wp-content\/uploads\/2020\/09\/vers-mairie-scaled.jpg?resize=300%2C194&amp;ssl=1 300w, https:\/\/i0.wp.com\/puycapel.fr\/wp-content\/uploads\/2020\/09\/vers-mairie-scaled.jpg?resize=768%2C498&amp;ssl=1 768w, https:\/\/i0.wp.com\/puycapel.fr\/wp-content\/uploads\/2020\/09\/vers-mairie-scaled.jpg?resize=1536%2C996&amp;ssl=1 1536w, https:\/\/i0.wp.com\/puycapel.fr\/wp-content\/uploads\/2020\/09\/vers-mairie-scaled.jpg?resize=2048%2C1328&amp;ssl=1 2048w, https:\/\/i0.wp.com\/puycapel.fr\/wp-content\/uploads\/2020\/09\/vers-mairie-scaled.jpg?resize=1320%2C856&amp;ssl=1 1320w\" sizes=\"auto, (max-width: 1000px) 100vw, 1000px\" \/><\/figure><\/li><li class=\"blocks-gallery-item\"><figure><img data-recalc-dims=\"1\" loading=\"lazy\" decoding=\"async\" width=\"1024\" height=\"724\" data-attachment-id=\"2901\" data-permalink=\"https:\/\/puycapel.fr\/index.php\/un-peu-dhistoire\/anviennes-photo\/vue-de-mourjou\/\" data-orig-file=\"https:\/\/i0.wp.com\/puycapel.fr\/wp-content\/uploads\/2020\/09\/vue-de-Mourjou--scaled.jpg?fit=2560%2C1810&amp;ssl=1\" data-orig-size=\"2560,1810\" data-comments-opened=\"0\" data-image-meta=\"{&quot;aperture&quot;:&quot;0&quot;,&quot;credit&quot;:&quot;&quot;,&quot;camera&quot;:&quot;&quot;,&quot;caption&quot;:&quot;&quot;,&quot;created_timestamp&quot;:&quot;0&quot;,&quot;copyright&quot;:&quot;&quot;,&quot;focal_length&quot;:&quot;0&quot;,&quot;iso&quot;:&quot;0&quot;,&quot;shutter_speed&quot;:&quot;0&quot;,&quot;title&quot;:&quot;&quot;,&quot;orientation&quot;:&quot;1&quot;}\" data-image-title=\"vue-de-Mourjou-\" data-image-description=\"\" data-image-caption=\"\" data-large-file=\"https:\/\/i0.wp.com\/puycapel.fr\/wp-content\/uploads\/2020\/09\/vue-de-Mourjou--scaled.jpg?fit=1024%2C724&amp;ssl=1\" src=\"https:\/\/i0.wp.com\/puycapel.fr\/wp-content\/uploads\/2020\/09\/vue-de-Mourjou-.jpg?resize=1024%2C724&#038;ssl=1\" alt=\"\" data-id=\"2901\" data-full-url=\"https:\/\/puycapel.fr\/wp-content\/uploads\/2020\/09\/vue-de-Mourjou--scaled.jpg\" data-link=\"https:\/\/puycapel.fr\/index.php\/un-peu-dhistoire\/anviennes-photo\/vue-de-mourjou\/\" class=\"wp-image-2901\" srcset=\"https:\/\/i0.wp.com\/puycapel.fr\/wp-content\/uploads\/2020\/09\/vue-de-Mourjou--scaled.jpg?resize=1024%2C724&amp;ssl=1 1024w, https:\/\/i0.wp.com\/puycapel.fr\/wp-content\/uploads\/2020\/09\/vue-de-Mourjou--scaled.jpg?resize=300%2C212&amp;ssl=1 300w, https:\/\/i0.wp.com\/puycapel.fr\/wp-content\/uploads\/2020\/09\/vue-de-Mourjou--scaled.jpg?resize=768%2C543&amp;ssl=1 768w, https:\/\/i0.wp.com\/puycapel.fr\/wp-content\/uploads\/2020\/09\/vue-de-Mourjou--scaled.jpg?resize=1536%2C1086&amp;ssl=1 1536w, https:\/\/i0.wp.com\/puycapel.fr\/wp-content\/uploads\/2020\/09\/vue-de-Mourjou--scaled.jpg?resize=2048%2C1448&amp;ssl=1 2048w, https:\/\/i0.wp.com\/puycapel.fr\/wp-content\/uploads\/2020\/09\/vue-de-Mourjou--scaled.jpg?resize=1320%2C933&amp;ssl=1 1320w\" sizes=\"auto, (max-width: 1000px) 100vw, 1000px\" \/><\/figure><\/li><\/ul><\/figure>\n\n\n\n<p><\/p>\n","protected":false},"excerpt":{"rendered":"<p>Si vous souhaitez partager des photos anciennes de Calvinet et Mourjou, merci de nous les transmettre par email. Nous sommes \u00e9galement en mesure de les num\u00e9riser, dans ce cas, nous le ferons ensemble. MOURJOU<\/p>\n","protected":false},"author":3,"featured_media":0,"parent":273,"menu_order":0,"comment_status":"closed","ping_status":"closed","template":"","meta":{"_exactmetrics_skip_tracking":false,"_exactmetrics_sitenote_active":false,"_exactmetrics_sitenote_note":"","_exactmetrics_sitenote_category":0,"jetpack_post_was_ever_published":false,"footnotes":""},"class_list":["post-572","page","type-page","status-publish","hentry"],"jetpack_sharing_enabled":true,"jetpack_shortlink":"https:\/\/wp.me\/PaADkW-9e","jetpack-related-posts":[{"id":5346,"url":"https:\/\/puycapel.fr\/index.php\/anciennes-deliberations-de-calvinet\/","url_meta":{"origin":572,"position":0},"title":"Anciennes d\u00e9lib\u00e9rations de Calvinet","author":"Antoine Puech","date":"1 ao\u00fbt 2021","format":false,"excerpt":"","rel":"","context":"Article similaire","block_context":{"text":"Article similaire","link":""},"img":{"alt_text":"","src":"https:\/\/i0.wp.com\/puycapel.fr\/wp-content\/uploads\/2021\/08\/DELIB_CM_1866_1900_010-1-scaled.jpg?resize=350%2C200","width":350,"height":200,"srcset":"https:\/\/i0.wp.com\/puycapel.fr\/wp-content\/uploads\/2021\/08\/DELIB_CM_1866_1900_010-1-scaled.jpg?resize=350%2C200 1x, https:\/\/i0.wp.com\/puycapel.fr\/wp-content\/uploads\/2021\/08\/DELIB_CM_1866_1900_010-1-scaled.jpg?resize=525%2C300 1.5x, https:\/\/i0.wp.com\/puycapel.fr\/wp-content\/uploads\/2021\/08\/DELIB_CM_1866_1900_010-1-scaled.jpg?resize=700%2C400 2x, https:\/\/i0.wp.com\/puycapel.fr\/wp-content\/uploads\/2021\/08\/DELIB_CM_1866_1900_010-1-scaled.jpg?resize=1050%2C600 3x, https:\/\/i0.wp.com\/puycapel.fr\/wp-content\/uploads\/2021\/08\/DELIB_CM_1866_1900_010-1-scaled.jpg?resize=1400%2C800 4x"},"classes":[]},{"id":4635,"url":"https:\/\/puycapel.fr\/index.php\/deliberation-de-mourjou\/","url_meta":{"origin":572,"position":1},"title":"Anciennes d\u00e9lib\u00e9rations de Mourjou","author":"Antoine Puech","date":"1 ao\u00fbt 2021","format":false,"excerpt":"","rel":"","context":"Article similaire","block_context":{"text":"Article similaire","link":""},"img":{"alt_text":"","src":"https:\/\/i0.wp.com\/puycapel.fr\/wp-content\/uploads\/2021\/08\/MOURJOU_DELIB_1883_1910_014-1-scaled.jpg?resize=350%2C200","width":350,"height":200,"srcset":"https:\/\/i0.wp.com\/puycapel.fr\/wp-content\/uploads\/2021\/08\/MOURJOU_DELIB_1883_1910_014-1-scaled.jpg?resize=350%2C200 1x, https:\/\/i0.wp.com\/puycapel.fr\/wp-content\/uploads\/2021\/08\/MOURJOU_DELIB_1883_1910_014-1-scaled.jpg?resize=525%2C300 1.5x, https:\/\/i0.wp.com\/puycapel.fr\/wp-content\/uploads\/2021\/08\/MOURJOU_DELIB_1883_1910_014-1-scaled.jpg?resize=700%2C400 2x, https:\/\/i0.wp.com\/puycapel.fr\/wp-content\/uploads\/2021\/08\/MOURJOU_DELIB_1883_1910_014-1-scaled.jpg?resize=1050%2C600 3x, https:\/\/i0.wp.com\/puycapel.fr\/wp-content\/uploads\/2021\/08\/MOURJOU_DELIB_1883_1910_014-1-scaled.jpg?resize=1400%2C800 4x"},"classes":[]},{"id":7,"url":"https:\/\/puycapel.fr\/index.php\/accueil\/","url_meta":{"origin":572,"position":2},"title":"Accueil 2","author":"admin5620","date":"1 janvier 2019","format":false,"excerpt":"Bienvenue sur le site de Puycapel,\u00a0 commune nouvelle issue\u00a0 du regroupement des communes de Calvinet et Mourjou. Ancien site web de calvinet ( n'est plus mis \u00e0 jour) Site de Mourjou Actualit\u00e9s de Puycapel","rel":"","context":"Article similaire","block_context":{"text":"Article similaire","link":""},"img":{"alt_text":"","src":"","width":0,"height":0},"classes":[]},{"id":3543,"url":"https:\/\/puycapel.fr\/index.php\/1909-une-association-de-tir-pour-occuper-les-jeunes\/","url_meta":{"origin":572,"position":3},"title":"1909, une association de tir \u00e0 la carabine, pour r\u00e9unir les jeunes de Calvinet!","author":"Mairie Puycapel","date":"15 f\u00e9vrier 2021","format":false,"excerpt":"Documents retrouv\u00e9s dans les papiers de famille de Jospeh Justin LAVIGNE, menuisier, pr\u00e9s de l'ancienne gendarmerie de Calvinet. 1909-une-association-de-tir-a-CalvinetT\u00e9l\u00e9charger","rel":"","context":"Article similaire","block_context":{"text":"Article similaire","link":""},"img":{"alt_text":"","src":"","width":0,"height":0},"classes":[]},{"id":1001,"url":"https:\/\/puycapel.fr\/index.php\/union-des-combattants-de-mourjou\/","url_meta":{"origin":572,"position":4},"title":"Union des combattants de Mourjou","author":"Mairie Puycapel","date":"17 mai 2019","format":false,"excerpt":"Association ayant pour but de maintenir les liens amicaux entre les anciens combattants et les veuves, leur venir en aide et surtout entretenir le devoir de m\u00e9moire pour les g\u00e9n\u00e9rations futures. L'association participe \u00e0 l'organisation des diff\u00e9rentes manifestations: *Pr\u00e9sident: Pierre CARRIERE *Vice-pr\u00e9sident: Emile GAUZENTES *Secr\u00e9taire-tr\u00e9sorier: Jeanne ESPEYSSE, Ren\u00e9 BOISSIE si\u00e8ge\u2026","rel":"","context":"Article similaire","block_context":{"text":"Article similaire","link":""},"img":{"alt_text":"","src":"","width":0,"height":0},"classes":[]},{"id":178,"url":"https:\/\/puycapel.fr\/index.php\/accueil\/les-associations-de-puycapel\/union-sportive-du-haut-cele-ushc\/","url_meta":{"origin":572,"position":5},"title":"Union sportive du Haut-C\u00e9l\u00e9 (USHC)","author":"Antoine Puech","date":"26 janvier 2019","format":false,"excerpt":"CALENDRIER (octobre\/novembre 25) --------------------------- Ce club a vu le jour lors de la saison 2013\/2014. Il est n\u00e9 de la fusion de l\u2019entente Mourjou\/ Cassaniouze et de Calvinet sportif. L\u2019\u00e9quipe 1\u00e8re entrain\u00e9e par Jean MAFFRE, \u00e9volue toujours cette ann\u00e9e en promotion d\u00e9partemental (poule A)\u00a0 et l\u2019\u00e9quipe r\u00e9serve en division 2\u2026","rel":"","context":"Article similaire","block_context":{"text":"Article similaire","link":""},"img":{"alt_text":"","src":"https:\/\/i0.wp.com\/puycapel.fr\/wp-content\/uploads\/2019\/01\/photo-equipe-2018-2019.jpg?resize=350%2C200&ssl=1","width":350,"height":200,"srcset":"https:\/\/i0.wp.com\/puycapel.fr\/wp-content\/uploads\/2019\/01\/photo-equipe-2018-2019.jpg?resize=350%2C200&ssl=1 1x, https:\/\/i0.wp.com\/puycapel.fr\/wp-content\/uploads\/2019\/01\/photo-equipe-2018-2019.jpg?resize=525%2C300&ssl=1 1.5x"},"classes":[]}],"_links":{"self":[{"href":"https:\/\/puycapel.fr\/index.php\/wp-json\/wp\/v2\/pages\/572","targetHints":{"allow":["GET"]}}],"collection":[{"href":"https:\/\/puycapel.fr\/index.php\/wp-json\/wp\/v2\/pages"}],"about":[{"href":"https:\/\/puycapel.fr\/index.php\/wp-json\/wp\/v2\/types\/page"}],"author":[{"embeddable":true,"href":"https:\/\/puycapel.fr\/index.php\/wp-json\/wp\/v2\/users\/3"}],"replies":[{"embeddable":true,"href":"https:\/\/puycapel.fr\/index.php\/wp-json\/wp\/v2\/comments?post=572"}],"version-history":[{"count":4,"href":"https:\/\/puycapel.fr\/index.php\/wp-json\/wp\/v2\/pages\/572\/revisions"}],"predecessor-version":[{"id":2903,"href":"https:\/\/puycapel.fr\/index.php\/wp-json\/wp\/v2\/pages\/572\/revisions\/2903"}],"up":[{"embeddable":true,"href":"https:\/\/puycapel.fr\/index.php\/wp-json\/wp\/v2\/pages\/273"}],"wp:attachment":[{"href":"https:\/\/puycapel.fr\/index.php\/wp-json\/wp\/v2\/media?parent=572"}],"curies":[{"name":"wp","href":"https:\/\/api.w.org\/{rel}","templated":true}]}}