{"id":6840,"date":"2022-06-08T19:47:38","date_gmt":"2022-06-08T17:47:38","guid":{"rendered":"https:\/\/puycapel.fr\/?page_id=6840"},"modified":"2023-05-10T23:25:47","modified_gmt":"2023-05-10T21:25:47","slug":"6840-2","status":"publish","type":"page","link":"https:\/\/puycapel.fr\/index.php\/6840-2\/","title":{"rendered":"Alliance"},"content":{"rendered":"\n<p>Article pour regrouper les \u00e9lements du groupe de travail<\/p>\n\n\n\n<div class=\"wp-block-file\"><a id=\"wp-block-file--media-a4071b12-d0d7-467b-be88-539d6650489b\" href=\"https:\/\/www.conseil.puycapel.fr\/wp-content\/uploads\/2022\/05\/FICHE-PROJET-ALLIANCE-Communes-2020-2021.docx\">FICHE-PROJET-ALLIANCE-Communes-2020-2021<\/a><a href=\"https:\/\/www.conseil.puycapel.fr\/wp-content\/uploads\/2022\/05\/FICHE-PROJET-ALLIANCE-Communes-2020-2021.docx\" class=\"wp-block-file__button\" download aria-describedby=\"wp-block-file--media-a4071b12-d0d7-467b-be88-539d6650489b\">T\u00e9l\u00e9charger<\/a><\/div>\n\n\n\n<div class=\"wp-block-file\"><a id=\"wp-block-file--media-f32f22f6-8889-41b8-8113-eb9d0c264467\" href=\"https:\/\/www.conseil.puycapel.fr\/wp-content\/uploads\/2022\/05\/Classeur-Alliance-Version-test.pdf\">Classeur-Alliance-Version-test<\/a><a href=\"https:\/\/www.conseil.puycapel.fr\/wp-content\/uploads\/2022\/05\/Classeur-Alliance-Version-test.pdf\" class=\"wp-block-file__button\" download aria-describedby=\"wp-block-file--media-f32f22f6-8889-41b8-8113-eb9d0c264467\">T\u00e9l\u00e9charger<\/a><\/div>\n\n\n\n<div class=\"wp-block-file\"><a id=\"wp-block-file--media-2aa9371b-3a82-44b9-8769-c16b89cfa847\" href=\"https:\/\/www.conseil.puycapel.fr\/wp-content\/uploads\/2022\/05\/Grille-observation-classeur-ressource-ALLIANCE.pdf\">Grille-observation-classeur-ressource-ALLIANCE<\/a><a href=\"https:\/\/www.conseil.puycapel.fr\/wp-content\/uploads\/2022\/05\/Grille-observation-classeur-ressource-ALLIANCE.pdf\" class=\"wp-block-file__button\" download aria-describedby=\"wp-block-file--media-2aa9371b-3a82-44b9-8769-c16b89cfa847\">T\u00e9l\u00e9charger<\/a><\/div>\n\n\n\n<div class=\"wp-block-file\"><a id=\"wp-block-file--media-fac425ca-dd15-4ceb-b854-61a6a5d7118a\" href=\"https:\/\/www.conseil.puycapel.fr\/wp-content\/uploads\/2022\/05\/2022-01-20-Sensibilisation-Alliance-AF.pdf\">2022-01-20-Sensibilisation-Alliance-AF<\/a><a href=\"https:\/\/www.conseil.puycapel.fr\/wp-content\/uploads\/2022\/05\/2022-01-20-Sensibilisation-Alliance-AF.pdf\" class=\"wp-block-file__button\" download aria-describedby=\"wp-block-file--media-fac425ca-dd15-4ceb-b854-61a6a5d7118a\">T\u00e9l\u00e9charger<\/a><\/div>\n\n\n\n<div class=\"wp-block-file\"><a id=\"wp-block-file--media-f903b2f2-a661-40d2-a2bb-cff75579c68e\" href=\"https:\/\/www.conseil.puycapel.fr\/wp-content\/uploads\/2022\/05\/fde_cp_instruction_civique.pdf\">fde_cp_instruction_civique<\/a><a href=\"https:\/\/www.conseil.puycapel.fr\/wp-content\/uploads\/2022\/05\/fde_cp_instruction_civique.pdf\" class=\"wp-block-file__button\" download aria-describedby=\"wp-block-file--media-f903b2f2-a661-40d2-a2bb-cff75579c68e\">T\u00e9l\u00e9charger<\/a><\/div>\n\n\n\n<div class=\"wp-block-file\"><a id=\"wp-block-file--media-9cfd7aaf-71d7-4f31-9786-9e556f24c15b\" href=\"https:\/\/www.conseil.puycapel.fr\/wp-content\/uploads\/2022\/05\/Fiche-de-yoga-Pomme-d-Api-2.pdf\">Fiche-de-yoga-Pomme-d-Api-2<\/a><a href=\"https:\/\/www.conseil.puycapel.fr\/wp-content\/uploads\/2022\/05\/Fiche-de-yoga-Pomme-d-Api-2.pdf\" class=\"wp-block-file__button\" download aria-describedby=\"wp-block-file--media-9cfd7aaf-71d7-4f31-9786-9e556f24c15b\">T\u00e9l\u00e9charger<\/a><\/div>\n\n\n\n<div class=\"wp-block-file\"><a id=\"wp-block-file--media-1b4b6569-91b9-4417-9925-268eb1cc05b3\" href=\"https:\/\/www.conseil.puycapel.fr\/wp-content\/uploads\/2022\/05\/Le-respect.docx\">Le-respect<\/a><a href=\"https:\/\/www.conseil.puycapel.fr\/wp-content\/uploads\/2022\/05\/Le-respect.docx\" class=\"wp-block-file__button\" download aria-describedby=\"wp-block-file--media-1b4b6569-91b9-4417-9925-268eb1cc05b3\">T\u00e9l\u00e9charger<\/a><\/div>\n\n\n\n<div class=\"wp-block-file\"><a id=\"wp-block-file--media-dc3159fb-a664-4868-890d-1b56f05aff7e\" href=\"https:\/\/www.conseil.puycapel.fr\/wp-content\/uploads\/2022\/05\/Affichage-posture-yoga-appli-Mon-ptit-Yoga.pdf\">Affichage-posture-yoga-appli-Mon-ptit-Yoga<\/a><a href=\"https:\/\/www.conseil.puycapel.fr\/wp-content\/uploads\/2022\/05\/Affichage-posture-yoga-appli-Mon-ptit-Yoga.pdf\" class=\"wp-block-file__button\" download aria-describedby=\"wp-block-file--media-dc3159fb-a664-4868-890d-1b56f05aff7e\">T\u00e9l\u00e9charger<\/a><\/div>\n\n\n\n<figure class=\"wp-block-embed is-type-video is-provider-youtube wp-block-embed-youtube wp-embed-aspect-16-9 wp-has-aspect-ratio\"><div class=\"wp-block-embed__wrapper\">\n<span class=\"embed-youtube\" style=\"text-align:center; display: block;\"><iframe loading=\"lazy\" class=\"youtube-player\" width=\"640\" height=\"360\" src=\"https:\/\/www.youtube.com\/embed\/TnsWUHI4ZwQ?version=3&#038;rel=1&#038;showsearch=0&#038;showinfo=1&#038;iv_load_policy=1&#038;fs=1&#038;hl=fr-FR&#038;autohide=2&#038;start=1&#038;wmode=transparent\" allowfullscreen=\"true\" style=\"border:0;\" sandbox=\"allow-scripts allow-same-origin allow-popups allow-presentation allow-popups-to-escape-sandbox\"><\/iframe><\/span>\n<\/div><\/figure>\n\n\n\n<figure class=\"wp-block-embed is-type-video is-provider-youtube wp-block-embed-youtube wp-embed-aspect-16-9 wp-has-aspect-ratio\"><div class=\"wp-block-embed__wrapper\">\n<span class=\"embed-youtube\" style=\"text-align:center; display: block;\"><iframe loading=\"lazy\" class=\"youtube-player\" width=\"640\" height=\"360\" src=\"https:\/\/www.youtube.com\/embed\/gu95OdyIDQE?version=3&#038;rel=1&#038;showsearch=0&#038;showinfo=1&#038;iv_load_policy=1&#038;fs=1&#038;hl=fr-FR&#038;autohide=2&#038;wmode=transparent\" allowfullscreen=\"true\" style=\"border:0;\" sandbox=\"allow-scripts allow-same-origin allow-popups allow-presentation allow-popups-to-escape-sandbox\"><\/iframe><\/span>\n<\/div><\/figure>\n\n\n\n<p><a href=\"https:\/\/onaps.fr\/bouger-pour-bien-grandir\/\">https:\/\/onaps.fr\/bouger-pour-bien-grandir\/<\/a><\/p>\n\n\n\n<p>COMPLEMENT <\/p>\n\n\n\n<p><\/p>\n\n\n\n<div data-wp-interactive=\"core\/file\" class=\"wp-block-file\"><object data-wp-bind--hidden=\"!state.hasPdfPreview\" hidden class=\"wp-block-file__embed\" data=\"https:\/\/puycapel.fr\/wp-content\/uploads\/2022\/06\/politesse.pdf\" type=\"application\/pdf\" style=\"width:100%;height:600px\" aria-label=\"Contenu embarqu\u00e9 Contenu embarqu\u00e9 politesse..\"><\/object><a id=\"wp-block-file--media-f7ceae72-b5a8-4e80-abcb-a7bb554034ea\" href=\"https:\/\/puycapel.fr\/wp-content\/uploads\/2022\/06\/politesse.pdf\">politesse<\/a><a href=\"https:\/\/puycapel.fr\/wp-content\/uploads\/2022\/06\/politesse.pdf\" class=\"wp-block-file__button\" download aria-describedby=\"wp-block-file--media-f7ceae72-b5a8-4e80-abcb-a7bb554034ea\">T\u00e9l\u00e9charger<\/a><\/div>\n\n\n\n<div data-wp-interactive=\"core\/file\" class=\"wp-block-file\"><object data-wp-bind--hidden=\"!state.hasPdfPreview\" hidden class=\"wp-block-file__embed\" data=\"https:\/\/puycapel.fr\/wp-content\/uploads\/2022\/06\/FicheRespect.pdf\" type=\"application\/pdf\" style=\"width:100%;height:600px\" aria-label=\"Contenu embarqu\u00e9 Contenu embarqu\u00e9 FicheRespect..\"><\/object><a id=\"wp-block-file--media-d553f72b-8410-419d-9ede-04896c556e85\" href=\"https:\/\/puycapel.fr\/wp-content\/uploads\/2022\/06\/FicheRespect.pdf\">FicheRespect<\/a><a href=\"https:\/\/puycapel.fr\/wp-content\/uploads\/2022\/06\/FicheRespect.pdf\" class=\"wp-block-file__button\" download aria-describedby=\"wp-block-file--media-d553f72b-8410-419d-9ede-04896c556e85\">T\u00e9l\u00e9charger<\/a><\/div>\n\n\n\n<div class=\"wp-block-file\"><a id=\"wp-block-file--media-70173bc2-f4be-446d-b171-87b6e459b7bf\" href=\"https:\/\/puycapel.fr\/wp-content\/uploads\/2022\/06\/respect-image.jpg\">respect-image<\/a><a href=\"https:\/\/puycapel.fr\/wp-content\/uploads\/2022\/06\/respect-image.jpg\" class=\"wp-block-file__button\" download aria-describedby=\"wp-block-file--media-70173bc2-f4be-446d-b171-87b6e459b7bf\">T\u00e9l\u00e9charger<\/a><\/div>\n\n\n\n<p><\/p>\n\n\n\n<figure class=\"wp-block-embed is-type-wp-embed is-provider-ecole-positive wp-block-embed-ecole-positive\"><div class=\"wp-block-embed__wrapper\">\n<blockquote class=\"wp-embedded-content\" data-secret=\"YfD0BPv3F2\"><a href=\"https:\/\/ecolepositive.fr\/outil-roue-de-resolution-conflits\/\">Outil : la roue de r\u00e9solution des conflits<\/a><\/blockquote><iframe loading=\"lazy\" class=\"wp-embedded-content\" sandbox=\"allow-scripts\" security=\"restricted\" style=\"position: absolute; clip: rect(1px, 1px, 1px, 1px);\" title=\"\u00ab\u00a0Outil : la roue de r\u00e9solution des conflits\u00a0\u00bb &#8212; Ecole Positive\" src=\"https:\/\/ecolepositive.fr\/outil-roue-de-resolution-conflits\/embed\/#?secret=44tJiBXxYm#?secret=YfD0BPv3F2\" data-secret=\"YfD0BPv3F2\" width=\"500\" height=\"282\" frameborder=\"0\" marginwidth=\"0\" marginheight=\"0\" scrolling=\"no\"><\/iframe>\n<\/div><\/figure>\n\n\n\n<figure class=\"wp-block-embed is-type-video is-provider-youtube wp-block-embed-youtube wp-embed-aspect-16-9 wp-has-aspect-ratio\"><div class=\"wp-block-embed__wrapper\">\n<span class=\"embed-youtube\" style=\"text-align:center; display: block;\"><iframe loading=\"lazy\" class=\"youtube-player\" width=\"640\" height=\"360\" src=\"https:\/\/www.youtube.com\/embed\/HGHzb-i0tGQ?version=3&#038;rel=1&#038;showsearch=0&#038;showinfo=1&#038;iv_load_policy=1&#038;fs=1&#038;hl=fr-FR&#038;autohide=2&#038;start=33&#038;wmode=transparent\" allowfullscreen=\"true\" style=\"border:0;\" sandbox=\"allow-scripts allow-same-origin allow-popups allow-presentation allow-popups-to-escape-sandbox\"><\/iframe><\/span>\n<\/div><\/figure>\n\n\n\n<figure class=\"wp-block-embed is-type-video is-provider-youtube wp-block-embed-youtube wp-embed-aspect-16-9 wp-has-aspect-ratio\"><div class=\"wp-block-embed__wrapper\">\n<span class=\"embed-youtube\" style=\"text-align:center; display: block;\"><iframe loading=\"lazy\" class=\"youtube-player\" width=\"640\" height=\"360\" src=\"https:\/\/www.youtube.com\/embed\/TJDfInQXYm0?version=3&#038;rel=1&#038;showsearch=0&#038;showinfo=1&#038;iv_load_policy=1&#038;fs=1&#038;hl=fr-FR&#038;autohide=2&#038;wmode=transparent\" allowfullscreen=\"true\" style=\"border:0;\" sandbox=\"allow-scripts allow-same-origin allow-popups allow-presentation allow-popups-to-escape-sandbox\"><\/iframe><\/span>\n<\/div><\/figure>\n\n\n\n<figure class=\"wp-block-embed is-type-video is-provider-youtube wp-block-embed-youtube wp-embed-aspect-16-9 wp-has-aspect-ratio\"><div class=\"wp-block-embed__wrapper\">\n<span class=\"embed-youtube\" style=\"text-align:center; display: block;\"><iframe loading=\"lazy\" class=\"youtube-player\" width=\"640\" height=\"360\" src=\"https:\/\/www.youtube.com\/embed\/pLDZ7dD2sLc?version=3&#038;rel=1&#038;showsearch=0&#038;showinfo=1&#038;iv_load_policy=1&#038;fs=1&#038;hl=fr-FR&#038;autohide=2&#038;wmode=transparent\" allowfullscreen=\"true\" style=\"border:0;\" sandbox=\"allow-scripts allow-same-origin allow-popups allow-presentation allow-popups-to-escape-sandbox\"><\/iframe><\/span>\n<\/div><\/figure>\n\n\n\n<figure class=\"wp-block-embed is-type-video is-provider-youtube wp-block-embed-youtube wp-embed-aspect-16-9 wp-has-aspect-ratio\"><div class=\"wp-block-embed__wrapper\">\n<span class=\"embed-youtube\" style=\"text-align:center; display: block;\"><iframe loading=\"lazy\" class=\"youtube-player\" width=\"640\" height=\"360\" src=\"https:\/\/www.youtube.com\/embed\/LXzhEyzqImQ?version=3&#038;rel=1&#038;showsearch=0&#038;showinfo=1&#038;iv_load_policy=1&#038;fs=1&#038;hl=fr-FR&#038;autohide=2&#038;wmode=transparent\" allowfullscreen=\"true\" style=\"border:0;\" sandbox=\"allow-scripts allow-same-origin allow-popups allow-presentation allow-popups-to-escape-sandbox\"><\/iframe><\/span>\n<\/div><\/figure>\n\n\n\n<p><a href=\"https:\/\/www.youtube.com\/watch?v=a6Ftzn6vfb4\">https:\/\/www.youtube.com\/watch?v=a6Ftzn6vfb4<\/a><\/p>\n\n\n\n<p>2023 : s\u00e9ances de yoga avec Mureille Montillet<\/p>\n\n\n\n<div data-wp-interactive=\"core\/file\" class=\"wp-block-file\"><object data-wp-bind--hidden=\"!state.hasPdfPreview\" hidden class=\"wp-block-file__embed\" data=\"https:\/\/puycapel.fr\/wp-content\/uploads\/2023\/05\/CP-CE1-CE2-Seance-2.pdf\" type=\"application\/pdf\" style=\"width:100%;height:600px\" aria-label=\"Contenu embarqu\u00e9 Contenu embarqu\u00e9 CP-CE1-CE2-Seance-2..\"><\/object><a id=\"wp-block-file--media-fec91fac-3100-4b16-b599-3aa2bc0afaa1\" href=\"https:\/\/puycapel.fr\/wp-content\/uploads\/2023\/05\/CP-CE1-CE2-Seance-2.pdf\">CP-CE1-CE2-Seance-2<\/a><a href=\"https:\/\/puycapel.fr\/wp-content\/uploads\/2023\/05\/CP-CE1-CE2-Seance-2.pdf\" class=\"wp-block-file__button\" download aria-describedby=\"wp-block-file--media-fec91fac-3100-4b16-b599-3aa2bc0afaa1\">T\u00e9l\u00e9charger<\/a><\/div>\n\n\n\n<p><\/p>\n\n\n\n<p><\/p>\n\n\n\n<div data-wp-interactive=\"core\/file\" class=\"wp-block-file\"><object data-wp-bind--hidden=\"!state.hasPdfPreview\" hidden class=\"wp-block-file__embed\" data=\"https:\/\/puycapel.fr\/wp-content\/uploads\/2023\/05\/Maternelle-Seance-1.pdf\" type=\"application\/pdf\" style=\"width:100%;height:600px\" aria-label=\"Contenu embarqu\u00e9 Contenu embarqu\u00e9 Maternelle-Seance-1..\"><\/object><a id=\"wp-block-file--media-42f20495-d9d0-4239-98ba-f1fa71a73e58\" href=\"https:\/\/puycapel.fr\/wp-content\/uploads\/2023\/05\/Maternelle-Seance-1.pdf\">Maternelle-Seance-1<\/a><a href=\"https:\/\/puycapel.fr\/wp-content\/uploads\/2023\/05\/Maternelle-Seance-1.pdf\" class=\"wp-block-file__button\" download aria-describedby=\"wp-block-file--media-42f20495-d9d0-4239-98ba-f1fa71a73e58\">T\u00e9l\u00e9charger<\/a><\/div>\n\n\n\n<div data-wp-interactive=\"core\/file\" class=\"wp-block-file\"><object data-wp-bind--hidden=\"!state.hasPdfPreview\" hidden class=\"wp-block-file__embed\" data=\"https:\/\/puycapel.fr\/wp-content\/uploads\/2023\/05\/Maternelle-Seance-2.pdf\" type=\"application\/pdf\" style=\"width:100%;height:600px\" aria-label=\"Contenu embarqu\u00e9 Contenu embarqu\u00e9 Maternelle-Seance-2..\"><\/object><a id=\"wp-block-file--media-5bd88f4d-b486-44bf-b048-1ed14551cf09\" href=\"https:\/\/puycapel.fr\/wp-content\/uploads\/2023\/05\/Maternelle-Seance-2.pdf\">Maternelle-Seance-2<\/a><a href=\"https:\/\/puycapel.fr\/wp-content\/uploads\/2023\/05\/Maternelle-Seance-2.pdf\" class=\"wp-block-file__button\" download aria-describedby=\"wp-block-file--media-5bd88f4d-b486-44bf-b048-1ed14551cf09\">T\u00e9l\u00e9charger<\/a><\/div>\n\n\n\n<div data-wp-interactive=\"core\/file\" class=\"wp-block-file\"><object data-wp-bind--hidden=\"!state.hasPdfPreview\" hidden class=\"wp-block-file__embed\" data=\"https:\/\/puycapel.fr\/wp-content\/uploads\/2023\/05\/CM1-CM2-Seance-1.pdf\" type=\"application\/pdf\" style=\"width:100%;height:600px\" aria-label=\"Contenu embarqu\u00e9 Contenu embarqu\u00e9 CM1-CM2-Seance-1..\"><\/object><a id=\"wp-block-file--media-ce2a113f-ac2c-4b37-afa1-056c2510477b\" href=\"https:\/\/puycapel.fr\/wp-content\/uploads\/2023\/05\/CM1-CM2-Seance-1.pdf\">CM1-CM2-Seance-1<\/a><a href=\"https:\/\/puycapel.fr\/wp-content\/uploads\/2023\/05\/CM1-CM2-Seance-1.pdf\" class=\"wp-block-file__button\" download aria-describedby=\"wp-block-file--media-ce2a113f-ac2c-4b37-afa1-056c2510477b\">T\u00e9l\u00e9charger<\/a><\/div>\n\n\n\n<div data-wp-interactive=\"core\/file\" class=\"wp-block-file\"><object data-wp-bind--hidden=\"!state.hasPdfPreview\" hidden class=\"wp-block-file__embed\" data=\"https:\/\/puycapel.fr\/wp-content\/uploads\/2023\/05\/CM1-CM2-Seance-2.pdf\" type=\"application\/pdf\" style=\"width:100%;height:600px\" aria-label=\"Contenu embarqu\u00e9 Contenu embarqu\u00e9 CM1-CM2-Seance-2..\"><\/object><a id=\"wp-block-file--media-0d7f0af9-8817-41a7-90ad-556062b0c4fe\" href=\"https:\/\/puycapel.fr\/wp-content\/uploads\/2023\/05\/CM1-CM2-Seance-2.pdf\">CM1-CM2-Seance-2<\/a><a href=\"https:\/\/puycapel.fr\/wp-content\/uploads\/2023\/05\/CM1-CM2-Seance-2.pdf\" class=\"wp-block-file__button\" download aria-describedby=\"wp-block-file--media-0d7f0af9-8817-41a7-90ad-556062b0c4fe\">T\u00e9l\u00e9charger<\/a><\/div>\n\n\n\n<div data-wp-interactive=\"core\/file\" class=\"wp-block-file\"><object data-wp-bind--hidden=\"!state.hasPdfPreview\" hidden class=\"wp-block-file__embed\" data=\"https:\/\/puycapel.fr\/wp-content\/uploads\/2023\/05\/CP-CE1-CE2-Seance-1.pdf\" type=\"application\/pdf\" style=\"width:100%;height:600px\" aria-label=\"Contenu embarqu\u00e9 Contenu embarqu\u00e9 CP-CE1-CE2-Seance-1..\"><\/object><a id=\"wp-block-file--media-358a9f1e-55f7-49ea-ad06-30650ad41649\" href=\"https:\/\/puycapel.fr\/wp-content\/uploads\/2023\/05\/CP-CE1-CE2-Seance-1.pdf\">CP-CE1-CE2-Seance-1<\/a><a href=\"https:\/\/puycapel.fr\/wp-content\/uploads\/2023\/05\/CP-CE1-CE2-Seance-1.pdf\" class=\"wp-block-file__button\" download aria-describedby=\"wp-block-file--media-358a9f1e-55f7-49ea-ad06-30650ad41649\">T\u00e9l\u00e9charger<\/a><\/div>\n","protected":false},"excerpt":{"rendered":"<p>Article pour regrouper les \u00e9lements du groupe de travail https:\/\/onaps.fr\/bouger-pour-bien-grandir\/ COMPLEMENT https:\/\/www.youtube.com\/watch?v=a6Ftzn6vfb4 2023 : s\u00e9ances de yoga avec Mureille Montillet<\/p>\n","protected":false},"author":3,"featured_media":0,"parent":0,"menu_order":0,"comment_status":"closed","ping_status":"closed","template":"","meta":{"_exactmetrics_skip_tracking":false,"_exactmetrics_sitenote_active":false,"_exactmetrics_sitenote_note":"","_exactmetrics_sitenote_category":0,"jetpack_post_was_ever_published":false,"footnotes":""},"class_list":["post-6840","page","type-page","status-publish","hentry"],"jetpack_sharing_enabled":true,"jetpack_shortlink":"https:\/\/wp.me\/PaADkW-1Mk","jetpack-related-posts":[{"id":828,"url":"https:\/\/puycapel.fr\/","url_meta":{"origin":6840,"position":0},"title":"Bienvenue sur le site internet de Puycapel","author":"Mairie Puycapel","date":"18 avril 2019","format":false,"excerpt":"Bienvenue sur le site officiel de la commune de Puycapel. N\u00e9e du regroupement des communes de Calvinet et de Mourjou, Puycapel, situ\u00e9e en Ch\u00e2taigneraie cantalienne, canton de Maurs, est une commune nouvelle (depuis le 1er janvier 2019) qui rassemble pr\u00e8s de 800 habitants. Sur ce site internet retrouvez toutes les\u2026","rel":"","context":"Article similaire","block_context":{"text":"Article similaire","link":""},"img":{"alt_text":"","src":"https:\/\/i0.wp.com\/puycapel.fr\/wp-content\/uploads\/2021\/12\/image-neige-village.jpg?resize=350%2C200&ssl=1","width":350,"height":200,"srcset":"https:\/\/i0.wp.com\/puycapel.fr\/wp-content\/uploads\/2021\/12\/image-neige-village.jpg?resize=350%2C200&ssl=1 1x, https:\/\/i0.wp.com\/puycapel.fr\/wp-content\/uploads\/2021\/12\/image-neige-village.jpg?resize=525%2C300&ssl=1 1.5x, https:\/\/i0.wp.com\/puycapel.fr\/wp-content\/uploads\/2021\/12\/image-neige-village.jpg?resize=700%2C400&ssl=1 2x, https:\/\/i0.wp.com\/puycapel.fr\/wp-content\/uploads\/2021\/12\/image-neige-village.jpg?resize=1050%2C600&ssl=1 3x, https:\/\/i0.wp.com\/puycapel.fr\/wp-content\/uploads\/2021\/12\/image-neige-village.jpg?resize=1400%2C800&ssl=1 4x"},"classes":[]},{"id":7,"url":"https:\/\/puycapel.fr\/index.php\/accueil\/","url_meta":{"origin":6840,"position":1},"title":"Accueil 2","author":"admin5620","date":"1 janvier 2019","format":false,"excerpt":"Bienvenue sur le site de Puycapel,\u00a0 commune nouvelle issue\u00a0 du regroupement des communes de Calvinet et Mourjou. Ancien site web de calvinet ( n'est plus mis \u00e0 jour) Site de Mourjou Actualit\u00e9s de Puycapel","rel":"","context":"Article similaire","block_context":{"text":"Article similaire","link":""},"img":{"alt_text":"","src":"","width":0,"height":0},"classes":[]},{"id":8264,"url":"https:\/\/puycapel.fr\/index.php\/fiche-outil-compostage\/","url_meta":{"origin":6840,"position":2},"title":"FICHES OUTIL COMPOSTAGE","author":"Antoine Puech","date":"13 juillet 2023","format":false,"excerpt":"FICHE-01-LE-DE-DETERMINATION-AVEC-EXPLICATIONST\u00e9l\u00e9charger FICHE-02-fiche-jardin-naturel-utiliser-son-compostT\u00e9l\u00e9charger FICHE-03-fiche-le-compagnonageT\u00e9l\u00e9charger FICHE-04-fiche-paillageT\u00e9l\u00e9charger FICHE-05-fiche-soigner-les-plantes-par-les-plantesT\u00e9l\u00e9charger FICHE-06-fiche-jardin-naturel-utiliser-son-compost-35T\u00e9l\u00e9charger FICHE-07-guide-reussir-compostT\u00e9l\u00e9charger FICHE-12-STOP-AUX-IDEES-RECUEST\u00e9l\u00e9charger FICHE-11-sol-compost-les-beneficesT\u00e9l\u00e9charger FICHE-14-reduire-ses-dechets-vertsT\u00e9l\u00e9charger FICHE-17-principes-compostageT\u00e9l\u00e9charger","rel":"","context":"Article similaire","block_context":{"text":"Article similaire","link":""},"img":{"alt_text":"","src":"","width":0,"height":0},"classes":[]},{"id":206,"url":"https:\/\/puycapel.fr\/index.php\/accueil\/les-associations-de-puycapel\/association-des-parents-deleves\/","url_meta":{"origin":6840,"position":3},"title":"Association des parents d&rsquo;\u00e9l\u00e8ves","author":"Antoine Puech","date":"26 janvier 2019","format":false,"excerpt":"L\u2019association des parents d\u2019\u00e9l\u00e8ves concerne le R.P.I. Calvinet \/Mourjou\u00a0(qui\u00a0compte cinquante et un enfants scolaris\u00e9s). Notre principale action est d\u2019encourager et de soutenir financi\u00e8rement les projets de l\u2019\u00e9cole (sortie p\u00e9dagogique, regroupement sportif, mat\u00e9riel\u2026) mais aussi de permettre \u00e0 tous les enfants du regroupement de b\u00e9n\u00e9ficier d\u2019activit\u00e9s ludiques et de pouvoir\u00a0 r\u00e9aliser\u2026","rel":"","context":"Article similaire","block_context":{"text":"Article similaire","link":""},"img":{"alt_text":"","src":"","width":0,"height":0},"classes":[]},{"id":3022,"url":"https:\/\/puycapel.fr\/index.php\/revue-de-presse\/","url_meta":{"origin":6840,"position":4},"title":"Revue de presse","author":"Mairie Puycapel","date":"8 octobre 2020","format":false,"excerpt":"La Montagne - 08\/10\/2020: Visite du Pr\u00e9fet du Cantal \u00e0 INTERLAB Visite-du-Prefet-du-Cantal-\u00e0-Interlab-1T\u00e9l\u00e9charger La Montagne - 21\/11\/2020: Nouvelle voie d'acc\u00e8s vers Jalenques Article-voie-acc\u00e8s-JalenquesT\u00e9l\u00e9charger","rel":"","context":"Article similaire","block_context":{"text":"Article similaire","link":""},"img":{"alt_text":"","src":"","width":0,"height":0},"classes":[]},{"id":10248,"url":"https:\/\/puycapel.fr\/index.php\/association-wild-notes-groupe-de-musique\/","url_meta":{"origin":6840,"position":5},"title":"Association WILD NOTES (groupe de musique)","author":"Mairie Puycapel","date":"3 juillet 2025","format":false,"excerpt":"Groupe de musiciens issu de la formation Carte Blanche de Calvinet Reprise standard pop \/ rock bassiste\/batteur\/chanteuse\/guitariste Plus d'infos sur la page Facebook du groupe ici. Contacts: 07 70 07 84 14 wildnotes15@gmail.com https:\/\/www.facebook.com\/share\/1NihqcqrSx","rel":"","context":"Article similaire","block_context":{"text":"Article similaire","link":""},"img":{"alt_text":"","src":"https:\/\/i0.wp.com\/puycapel.fr\/wp-content\/uploads\/2025\/07\/489683298_1210821651047975_3352092215005540462_n.jpg?resize=350%2C200&ssl=1","width":350,"height":200,"srcset":"https:\/\/i0.wp.com\/puycapel.fr\/wp-content\/uploads\/2025\/07\/489683298_1210821651047975_3352092215005540462_n.jpg?resize=350%2C200&ssl=1 1x, https:\/\/i0.wp.com\/puycapel.fr\/wp-content\/uploads\/2025\/07\/489683298_1210821651047975_3352092215005540462_n.jpg?resize=525%2C300&ssl=1 1.5x, https:\/\/i0.wp.com\/puycapel.fr\/wp-content\/uploads\/2025\/07\/489683298_1210821651047975_3352092215005540462_n.jpg?resize=700%2C400&ssl=1 2x, https:\/\/i0.wp.com\/puycapel.fr\/wp-content\/uploads\/2025\/07\/489683298_1210821651047975_3352092215005540462_n.jpg?resize=1050%2C600&ssl=1 3x"},"classes":[]}],"_links":{"self":[{"href":"https:\/\/puycapel.fr\/index.php\/wp-json\/wp\/v2\/pages\/6840","targetHints":{"allow":["GET"]}}],"collection":[{"href":"https:\/\/puycapel.fr\/index.php\/wp-json\/wp\/v2\/pages"}],"about":[{"href":"https:\/\/puycapel.fr\/index.php\/wp-json\/wp\/v2\/types\/page"}],"author":[{"embeddable":true,"href":"https:\/\/puycapel.fr\/index.php\/wp-json\/wp\/v2\/users\/3"}],"replies":[{"embeddable":true,"href":"https:\/\/puycapel.fr\/index.php\/wp-json\/wp\/v2\/comments?post=6840"}],"version-history":[{"count":3,"href":"https:\/\/puycapel.fr\/index.php\/wp-json\/wp\/v2\/pages\/6840\/revisions"}],"predecessor-version":[{"id":8070,"href":"https:\/\/puycapel.fr\/index.php\/wp-json\/wp\/v2\/pages\/6840\/revisions\/8070"}],"wp:attachment":[{"href":"https:\/\/puycapel.fr\/index.php\/wp-json\/wp\/v2\/media?parent=6840"}],"curies":[{"name":"wp","href":"https:\/\/api.w.org\/{rel}","templated":true}]}}