{"id":8264,"date":"2023-07-13T09:29:28","date_gmt":"2023-07-13T07:29:28","guid":{"rendered":"https:\/\/puycapel.fr\/?page_id=8264"},"modified":"2023-07-13T09:48:04","modified_gmt":"2023-07-13T07:48:04","slug":"fiche-outil-compostage","status":"publish","type":"page","link":"https:\/\/puycapel.fr\/index.php\/fiche-outil-compostage\/","title":{"rendered":"FICHES OUTIL COMPOSTAGE"},"content":{"rendered":"\n<div data-wp-interactive=\"core\/file\" class=\"wp-block-file\"><object data-wp-bind--hidden=\"!state.hasPdfPreview\" hidden class=\"wp-block-file__embed\" data=\"https:\/\/puycapel.fr\/wp-content\/uploads\/2023\/07\/FICHE-01-LE-DE-DETERMINATION-AVEC-EXPLICATIONS.pdf\" type=\"application\/pdf\" style=\"width:100%;height:600px\" aria-label=\"Contenu embarqu\u00e9 FICHE-01-LE-DE-DETERMINATION-AVEC-EXPLICATIONS.\"><\/object><a id=\"wp-block-file--media-3c081e8d-3a77-4387-bfd8-bd81970883e3\" href=\"https:\/\/puycapel.fr\/wp-content\/uploads\/2023\/07\/FICHE-01-LE-DE-DETERMINATION-AVEC-EXPLICATIONS.pdf\">FICHE-01-LE-DE-DETERMINATION-AVEC-EXPLICATIONS<\/a><a href=\"https:\/\/puycapel.fr\/wp-content\/uploads\/2023\/07\/FICHE-01-LE-DE-DETERMINATION-AVEC-EXPLICATIONS.pdf\" class=\"wp-block-file__button wp-element-button\" download aria-describedby=\"wp-block-file--media-3c081e8d-3a77-4387-bfd8-bd81970883e3\">T\u00e9l\u00e9charger<\/a><\/div>\n\n\n\n<div data-wp-interactive=\"core\/file\" class=\"wp-block-file\"><object data-wp-bind--hidden=\"!state.hasPdfPreview\" hidden class=\"wp-block-file__embed\" data=\"https:\/\/puycapel.fr\/wp-content\/uploads\/2023\/07\/FICHE-02-fiche-jardin-naturel-utiliser-son-compost.pdf\" type=\"application\/pdf\" style=\"width:100%;height:600px\" aria-label=\"Contenu embarqu\u00e9 FICHE-02-fiche-jardin-naturel-utiliser-son-compost.\"><\/object><a id=\"wp-block-file--media-e57ac92c-545e-4aac-a6a9-1c5a0b46be32\" href=\"https:\/\/puycapel.fr\/wp-content\/uploads\/2023\/07\/FICHE-02-fiche-jardin-naturel-utiliser-son-compost.pdf\">FICHE-02-fiche-jardin-naturel-utiliser-son-compost<\/a><a href=\"https:\/\/puycapel.fr\/wp-content\/uploads\/2023\/07\/FICHE-02-fiche-jardin-naturel-utiliser-son-compost.pdf\" class=\"wp-block-file__button wp-element-button\" download aria-describedby=\"wp-block-file--media-e57ac92c-545e-4aac-a6a9-1c5a0b46be32\">T\u00e9l\u00e9charger<\/a><\/div>\n\n\n\n<div data-wp-interactive=\"core\/file\" class=\"wp-block-file\"><object data-wp-bind--hidden=\"!state.hasPdfPreview\" hidden class=\"wp-block-file__embed\" data=\"https:\/\/puycapel.fr\/wp-content\/uploads\/2023\/07\/FICHE-03-fiche-le-compagnonage.pdf\" type=\"application\/pdf\" style=\"width:100%;height:600px\" aria-label=\"Contenu embarqu\u00e9 FICHE-03-fiche-le-compagnonage.\"><\/object><a id=\"wp-block-file--media-68bd8318-789d-4012-8edd-bdd5d5e9f171\" href=\"https:\/\/puycapel.fr\/wp-content\/uploads\/2023\/07\/FICHE-03-fiche-le-compagnonage.pdf\">FICHE-03-fiche-le-compagnonage<\/a><a href=\"https:\/\/puycapel.fr\/wp-content\/uploads\/2023\/07\/FICHE-03-fiche-le-compagnonage.pdf\" class=\"wp-block-file__button wp-element-button\" download aria-describedby=\"wp-block-file--media-68bd8318-789d-4012-8edd-bdd5d5e9f171\">T\u00e9l\u00e9charger<\/a><\/div>\n\n\n\n<div data-wp-interactive=\"core\/file\" class=\"wp-block-file\"><object data-wp-bind--hidden=\"!state.hasPdfPreview\" hidden class=\"wp-block-file__embed\" data=\"https:\/\/puycapel.fr\/wp-content\/uploads\/2023\/07\/FICHE-04-fiche-paillage.pdf\" type=\"application\/pdf\" style=\"width:100%;height:600px\" aria-label=\"Contenu embarqu\u00e9 FICHE-04-fiche-paillage.\"><\/object><a id=\"wp-block-file--media-c7615843-31e1-4fef-aa29-0b54a76b5396\" href=\"https:\/\/puycapel.fr\/wp-content\/uploads\/2023\/07\/FICHE-04-fiche-paillage.pdf\">FICHE-04-fiche-paillage<\/a><a href=\"https:\/\/puycapel.fr\/wp-content\/uploads\/2023\/07\/FICHE-04-fiche-paillage.pdf\" class=\"wp-block-file__button wp-element-button\" download aria-describedby=\"wp-block-file--media-c7615843-31e1-4fef-aa29-0b54a76b5396\">T\u00e9l\u00e9charger<\/a><\/div>\n\n\n\n<div data-wp-interactive=\"core\/file\" class=\"wp-block-file\"><object data-wp-bind--hidden=\"!state.hasPdfPreview\" hidden class=\"wp-block-file__embed\" data=\"https:\/\/puycapel.fr\/wp-content\/uploads\/2023\/07\/FICHE-05-fiche-soigner-les-plantes-par-les-plantes.pdf\" type=\"application\/pdf\" style=\"width:100%;height:600px\" aria-label=\"Contenu embarqu\u00e9 FICHE-05-fiche-soigner-les-plantes-par-les-plantes.\"><\/object><a id=\"wp-block-file--media-b19ba23f-fb71-4578-bf3d-a36e91fdc352\" href=\"https:\/\/puycapel.fr\/wp-content\/uploads\/2023\/07\/FICHE-05-fiche-soigner-les-plantes-par-les-plantes.pdf\">FICHE-05-fiche-soigner-les-plantes-par-les-plantes<\/a><a href=\"https:\/\/puycapel.fr\/wp-content\/uploads\/2023\/07\/FICHE-05-fiche-soigner-les-plantes-par-les-plantes.pdf\" class=\"wp-block-file__button wp-element-button\" download aria-describedby=\"wp-block-file--media-b19ba23f-fb71-4578-bf3d-a36e91fdc352\">T\u00e9l\u00e9charger<\/a><\/div>\n\n\n\n<div data-wp-interactive=\"core\/file\" class=\"wp-block-file\"><object data-wp-bind--hidden=\"!state.hasPdfPreview\" hidden class=\"wp-block-file__embed\" data=\"https:\/\/puycapel.fr\/wp-content\/uploads\/2023\/07\/FICHE-06-fiche-jardin-naturel-utiliser-son-compost-35.pdf\" type=\"application\/pdf\" style=\"width:100%;height:600px\" aria-label=\"Contenu embarqu\u00e9 FICHE-06-fiche-jardin-naturel-utiliser-son-compost-35.\"><\/object><a id=\"wp-block-file--media-9a4fe119-f3e8-491b-ba8b-476d10847e70\" href=\"https:\/\/puycapel.fr\/wp-content\/uploads\/2023\/07\/FICHE-06-fiche-jardin-naturel-utiliser-son-compost-35.pdf\">FICHE-06-fiche-jardin-naturel-utiliser-son-compost-35<\/a><a href=\"https:\/\/puycapel.fr\/wp-content\/uploads\/2023\/07\/FICHE-06-fiche-jardin-naturel-utiliser-son-compost-35.pdf\" class=\"wp-block-file__button wp-element-button\" download aria-describedby=\"wp-block-file--media-9a4fe119-f3e8-491b-ba8b-476d10847e70\">T\u00e9l\u00e9charger<\/a><\/div>\n\n\n\n<div data-wp-interactive=\"core\/file\" class=\"wp-block-file\"><object data-wp-bind--hidden=\"!state.hasPdfPreview\" hidden class=\"wp-block-file__embed\" data=\"https:\/\/puycapel.fr\/wp-content\/uploads\/2023\/07\/FICHE-07-guide-reussir-compost.pdf\" type=\"application\/pdf\" style=\"width:100%;height:600px\" aria-label=\"Contenu embarqu\u00e9 FICHE-07-guide-reussir-compost.\"><\/object><a id=\"wp-block-file--media-47972bd6-8276-4931-991b-a8e21b0a0b8c\" href=\"https:\/\/puycapel.fr\/wp-content\/uploads\/2023\/07\/FICHE-07-guide-reussir-compost.pdf\">FICHE-07-guide-reussir-compost<\/a><a href=\"https:\/\/puycapel.fr\/wp-content\/uploads\/2023\/07\/FICHE-07-guide-reussir-compost.pdf\" class=\"wp-block-file__button wp-element-button\" download aria-describedby=\"wp-block-file--media-47972bd6-8276-4931-991b-a8e21b0a0b8c\">T\u00e9l\u00e9charger<\/a><\/div>\n\n\n\n<div data-wp-interactive=\"core\/file\" class=\"wp-block-file\"><object data-wp-bind--hidden=\"!state.hasPdfPreview\" hidden class=\"wp-block-file__embed\" data=\"https:\/\/puycapel.fr\/wp-content\/uploads\/2023\/07\/FICHE-12-STOP-AUX-IDEES-RECUES.pdf\" type=\"application\/pdf\" style=\"width:100%;height:600px\" aria-label=\"Contenu embarqu\u00e9 FICHE-12-STOP-AUX-IDEES-RECUES.\"><\/object><a id=\"wp-block-file--media-074a18ae-83f0-4a36-be85-a622d93377c6\" href=\"https:\/\/puycapel.fr\/wp-content\/uploads\/2023\/07\/FICHE-12-STOP-AUX-IDEES-RECUES.pdf\">FICHE-12-STOP-AUX-IDEES-RECUES<\/a><a href=\"https:\/\/puycapel.fr\/wp-content\/uploads\/2023\/07\/FICHE-12-STOP-AUX-IDEES-RECUES.pdf\" class=\"wp-block-file__button wp-element-button\" download aria-describedby=\"wp-block-file--media-074a18ae-83f0-4a36-be85-a622d93377c6\">T\u00e9l\u00e9charger<\/a><\/div>\n\n\n\n<div data-wp-interactive=\"core\/file\" class=\"wp-block-file\"><object data-wp-bind--hidden=\"!state.hasPdfPreview\" hidden class=\"wp-block-file__embed\" data=\"https:\/\/puycapel.fr\/wp-content\/uploads\/2023\/07\/FICHE-11-sol-compost-les-benefices.pdf\" type=\"application\/pdf\" style=\"width:100%;height:600px\" aria-label=\"Contenu embarqu\u00e9 FICHE-11-sol-compost-les-benefices.\"><\/object><a id=\"wp-block-file--media-5b8272b3-47f5-4474-8258-c943bcd6e600\" href=\"https:\/\/puycapel.fr\/wp-content\/uploads\/2023\/07\/FICHE-11-sol-compost-les-benefices.pdf\">FICHE-11-sol-compost-les-benefices<\/a><a href=\"https:\/\/puycapel.fr\/wp-content\/uploads\/2023\/07\/FICHE-11-sol-compost-les-benefices.pdf\" class=\"wp-block-file__button wp-element-button\" download aria-describedby=\"wp-block-file--media-5b8272b3-47f5-4474-8258-c943bcd6e600\">T\u00e9l\u00e9charger<\/a><\/div>\n\n\n\n<div data-wp-interactive=\"core\/file\" class=\"wp-block-file\"><object data-wp-bind--hidden=\"!state.hasPdfPreview\" hidden class=\"wp-block-file__embed\" data=\"https:\/\/puycapel.fr\/wp-content\/uploads\/2023\/07\/FICHE-14-reduire-ses-dechets-verts.pdf\" type=\"application\/pdf\" style=\"width:100%;height:600px\" aria-label=\"Contenu embarqu\u00e9 FICHE-14-reduire-ses-dechets-verts.\"><\/object><a id=\"wp-block-file--media-0af5d5c3-2578-47da-a01d-0c50f0812f64\" href=\"https:\/\/puycapel.fr\/wp-content\/uploads\/2023\/07\/FICHE-14-reduire-ses-dechets-verts.pdf\">FICHE-14-reduire-ses-dechets-verts<\/a><a href=\"https:\/\/puycapel.fr\/wp-content\/uploads\/2023\/07\/FICHE-14-reduire-ses-dechets-verts.pdf\" class=\"wp-block-file__button wp-element-button\" download aria-describedby=\"wp-block-file--media-0af5d5c3-2578-47da-a01d-0c50f0812f64\">T\u00e9l\u00e9charger<\/a><\/div>\n\n\n\n<div data-wp-interactive=\"core\/file\" class=\"wp-block-file\"><object data-wp-bind--hidden=\"!state.hasPdfPreview\" hidden class=\"wp-block-file__embed\" data=\"https:\/\/puycapel.fr\/wp-content\/uploads\/2023\/07\/FICHE-17-principes-compostage.pdf\" type=\"application\/pdf\" style=\"width:100%;height:600px\" aria-label=\"Contenu embarqu\u00e9 FICHE-17-principes-compostage.\"><\/object><a id=\"wp-block-file--media-43d56a7b-e1e8-4895-8624-61f6701e4afb\" href=\"https:\/\/puycapel.fr\/wp-content\/uploads\/2023\/07\/FICHE-17-principes-compostage.pdf\">FICHE-17-principes-compostage<\/a><a href=\"https:\/\/puycapel.fr\/wp-content\/uploads\/2023\/07\/FICHE-17-principes-compostage.pdf\" class=\"wp-block-file__button wp-element-button\" download aria-describedby=\"wp-block-file--media-43d56a7b-e1e8-4895-8624-61f6701e4afb\">T\u00e9l\u00e9charger<\/a><\/div>\n","protected":false},"excerpt":{"rendered":"","protected":false},"author":3,"featured_media":0,"parent":0,"menu_order":0,"comment_status":"closed","ping_status":"closed","template":"","meta":{"_exactmetrics_skip_tracking":false,"_exactmetrics_sitenote_active":false,"_exactmetrics_sitenote_note":"","_exactmetrics_sitenote_category":0,"jetpack_post_was_ever_published":false,"footnotes":""},"class_list":["post-8264","page","type-page","status-publish","hentry"],"jetpack_sharing_enabled":true,"jetpack_shortlink":"https:\/\/wp.me\/PaADkW-29i","jetpack-related-posts":[{"id":6840,"url":"https:\/\/puycapel.fr\/index.php\/6840-2\/","url_meta":{"origin":8264,"position":0},"title":"Alliance","author":"Antoine Puech","date":"8 juin 2022","format":false,"excerpt":"Article pour regrouper les \u00e9lements du groupe de travail FICHE-PROJET-ALLIANCE-Communes-2020-2021T\u00e9l\u00e9charger Classeur-Alliance-Version-testT\u00e9l\u00e9charger Grille-observation-classeur-ressource-ALLIANCET\u00e9l\u00e9charger 2022-01-20-Sensibilisation-Alliance-AFT\u00e9l\u00e9charger fde_cp_instruction_civiqueT\u00e9l\u00e9charger Fiche-de-yoga-Pomme-d-Api-2T\u00e9l\u00e9charger Le-respectT\u00e9l\u00e9charger Affichage-posture-yoga-appli-Mon-ptit-YogaT\u00e9l\u00e9charger https:\/\/www.youtube.com\/watch?v=TnsWUHI4ZwQ&t=1s https:\/\/www.youtube.com\/watch?v=gu95OdyIDQE https:\/\/onaps.fr\/bouger-pour-bien-grandir\/ COMPLEMENT politesseT\u00e9l\u00e9charger FicheRespectT\u00e9l\u00e9charger respect-imageT\u00e9l\u00e9charger https:\/\/ecolepositive.fr\/outil-roue-de-resolution-conflits\/ https:\/\/www.youtube.com\/watch?v=HGHzb-i0tGQ&t=33s https:\/\/www.youtube.com\/watch?v=TJDfInQXYm0 https:\/\/www.youtube.com\/watch?v=pLDZ7dD2sLc https:\/\/www.youtube.com\/watch?v=LXzhEyzqImQ https:\/\/www.youtube.com\/watch?v=a6Ftzn6vfb4 2023 : s\u00e9ances de yoga avec Mureille Montillet CP-CE1-CE2-Seance-2T\u00e9l\u00e9charger Maternelle-Seance-1T\u00e9l\u00e9charger Maternelle-Seance-2T\u00e9l\u00e9charger CM1-CM2-Seance-1T\u00e9l\u00e9charger CM1-CM2-Seance-2T\u00e9l\u00e9charger CP-CE1-CE2-Seance-1T\u00e9l\u00e9charger","rel":"","context":"Article similaire","block_context":{"text":"Article similaire","link":""},"img":{"alt_text":"","src":"https:\/\/i0.wp.com\/img.youtube.com\/vi\/TnsWUHI4ZwQ\/0.jpg?resize=350%2C200","width":350,"height":200},"classes":[]},{"id":92,"url":"https:\/\/puycapel.fr\/index.php\/poitique-de-confidentialite\/","url_meta":{"origin":8264,"position":1},"title":"Politique de Confidentialit\u00e9 et Mentions l\u00e9gales","author":"admin5620","date":"3 janvier 2019","format":false,"excerpt":"Qui sommes-nous\u00a0? L\u2019adresse de notre site Web est\u00a0: https:\/\/www.puycapel.fr. Directeur de la publication : Mr\u00a0Fran\u00e7ois Danemans et Mr Raymond Delcamp Editeur : Mairie de Puycapel H\u00e9bergeur :\u00a0OVH Le contenu est fourni \u00e0 titre informatif et peut contenir des erreurs , nous faisons tout pour y rem\u00e9dier. N\u2019h\u00e9sitez pas \u00e0 nous\u2026","rel":"","context":"Article similaire","block_context":{"text":"Article similaire","link":""},"img":{"alt_text":"","src":"","width":0,"height":0},"classes":[]},{"id":242,"url":"https:\/\/puycapel.fr\/index.php\/accueil\/les-associations-de-puycapel\/serfouette\/","url_meta":{"origin":8264,"position":2},"title":"Serfouette","author":"Antoine Puech","date":"26 janvier 2019","format":false,"excerpt":"-AVRIL 2021- Serfouette poursuit son action \"z\u00e9ro d\u00e9chet\" en offrant des poules \u00e0 celles et ceux qui s'engagent \u00e0 r\u00e9duire leurs d\u00e9chets. Informations au local Serfouette : 39 rue de la Chataigneraie, Calvinet, 15340 Puycapel Chaque mercredi de 18h \u00e0 20h et le 1er dimanche du mois de 10h \u00e0\u2026","rel":"","context":"Article similaire","block_context":{"text":"Article similaire","link":""},"img":{"alt_text":"","src":"","width":0,"height":0},"classes":[]},{"id":9605,"url":"https:\/\/puycapel.fr\/index.php\/declaration-daccessibilite\/","url_meta":{"origin":8264,"position":3},"title":"D\u00e9claration d\u2019accessibilit\u00e9","author":"Antoine Puech","date":"27 novembre 2024","format":false,"excerpt":"EN COURS DE CONSTRUCTION La commune de Puycapel\u00a0s\u2019engage \u00e0 rendre ses sites internet, intranet, extranet et ses progiciels accessibles (et ses applications mobiles et mobilier urbain num\u00e9rique) conform\u00e9ment \u00e0 l\u2019article 47 de la loi n\u00b02005-102 du 11 f\u00e9vrier 2005. \u00c0 cette fin, elle met en \u0153uvre la strat\u00e9gie et les\u2026","rel":"","context":"Article similaire","block_context":{"text":"Article similaire","link":""},"img":{"alt_text":"","src":"","width":0,"height":0},"classes":[]},{"id":3831,"url":"https:\/\/puycapel.fr\/index.php\/webcam-chez-lili\/","url_meta":{"origin":8264,"position":4},"title":"Webcam \u00ab\u00a0Chez Lili\u00a0\u00bb &#8211; g\u00eete de France","author":"Antoine Puech","date":"14 avril 2021","format":false,"excerpt":"Le G\u00eete Chez Lili est ouvert 7 jours sur 7. Pour tout renseignement, contactez nous au 06 28 01 25 10 ou par mail 15340chezlili@gmail.com Lien vers le site Web du gite \"chez Lili\" Lien vers le site Web du gite \"chez Lili\"","rel":"","context":"Article similaire","block_context":{"text":"Article similaire","link":""},"img":{"alt_text":"","src":"","width":0,"height":0},"classes":[]},{"id":2324,"url":"https:\/\/puycapel.fr\/index.php\/ou-dormir\/","url_meta":{"origin":8264,"position":5},"title":"O\u00f9 dormir?","author":"Mairie Puycapel","date":"2 avril 2020","format":false,"excerpt":"Retrouvez ci-dessous quelques adresses d'h\u00e9bergements touristiques \u00e0 Calvinet et Mourjou Cette m\u00eame liste d'h\u00e9bergement est disponible sous forme de tableau synth\u00e8tique en suivant ce lien Chambres d'h\u00e9bergement et chambres d'h\u00f4tes Auberge de Mourjou: 4 chambres d'h\u00f4tes -dont 1 pour personnes \u00e0 mobilit\u00e9 r\u00e9duite et 1 familiale. Renseignements au 04 71\u2026","rel":"","context":"Article similaire","block_context":{"text":"Article similaire","link":""},"img":{"alt_text":"","src":"https:\/\/i0.wp.com\/puycapel.fr\/wp-content\/uploads\/2022\/01\/maison-MC-GAZAL-1-scaled.jpg?resize=350%2C200&ssl=1","width":350,"height":200,"srcset":"https:\/\/i0.wp.com\/puycapel.fr\/wp-content\/uploads\/2022\/01\/maison-MC-GAZAL-1-scaled.jpg?resize=350%2C200&ssl=1 1x, https:\/\/i0.wp.com\/puycapel.fr\/wp-content\/uploads\/2022\/01\/maison-MC-GAZAL-1-scaled.jpg?resize=525%2C300&ssl=1 1.5x, https:\/\/i0.wp.com\/puycapel.fr\/wp-content\/uploads\/2022\/01\/maison-MC-GAZAL-1-scaled.jpg?resize=700%2C400&ssl=1 2x, https:\/\/i0.wp.com\/puycapel.fr\/wp-content\/uploads\/2022\/01\/maison-MC-GAZAL-1-scaled.jpg?resize=1050%2C600&ssl=1 3x, https:\/\/i0.wp.com\/puycapel.fr\/wp-content\/uploads\/2022\/01\/maison-MC-GAZAL-1-scaled.jpg?resize=1400%2C800&ssl=1 4x"},"classes":[]}],"_links":{"self":[{"href":"https:\/\/puycapel.fr\/index.php\/wp-json\/wp\/v2\/pages\/8264","targetHints":{"allow":["GET"]}}],"collection":[{"href":"https:\/\/puycapel.fr\/index.php\/wp-json\/wp\/v2\/pages"}],"about":[{"href":"https:\/\/puycapel.fr\/index.php\/wp-json\/wp\/v2\/types\/page"}],"author":[{"embeddable":true,"href":"https:\/\/puycapel.fr\/index.php\/wp-json\/wp\/v2\/users\/3"}],"replies":[{"embeddable":true,"href":"https:\/\/puycapel.fr\/index.php\/wp-json\/wp\/v2\/comments?post=8264"}],"version-history":[{"count":2,"href":"https:\/\/puycapel.fr\/index.php\/wp-json\/wp\/v2\/pages\/8264\/revisions"}],"predecessor-version":[{"id":8278,"href":"https:\/\/puycapel.fr\/index.php\/wp-json\/wp\/v2\/pages\/8264\/revisions\/8278"}],"wp:attachment":[{"href":"https:\/\/puycapel.fr\/index.php\/wp-json\/wp\/v2\/media?parent=8264"}],"curies":[{"name":"wp","href":"https:\/\/api.w.org\/{rel}","templated":true}]}}